{"id":7623,"date":"2021-09-24T15:13:44","date_gmt":"2021-09-24T13:13:44","guid":{"rendered":"https:\/\/www.montagnicimes.com\/st-jean-de-maurienne\/marches\/"},"modified":"2021-11-29T11:45:08","modified_gmt":"2021-11-29T10:45:08","slug":"marches","status":"publish","type":"page","link":"https:\/\/www.montagnicimes.com\/st-jean-de-maurienne\/l-agenda\/marches\/","title":{"rendered":"March\u00e9s"},"content":{"rendered":"\n<p class=\"is-style-excerpt\">Go\u00fbtez l\u2019authenticit\u00e9 de nos march\u00e9s artisanaux. Tous nos march\u00e9s de Maurienne vous proposent de d\u00e9couvrir les sp\u00e9cialit\u00e9s locales du territoire et de passer un bon moment autour de d\u00e9gustation et de rencontre avec nos producteurs.<\/p>\n\n\n\n<div class=\"wp-block wp-block-related-post clear alignfull\">\n\n    <div class=\"article\">\n        \n            <\/div>\n\n    <div class=\"container\">\n        <div class=\"wp-block-related-post-inner\">\n            <div data-id=\"wpiris-related-post\" data-slides-per-view=\"2\">\n                <div data-id=\"wpiris-related-post-wrapper\">\n                                            \n<div class=\"postItem swiper-slide\" data-trigger=\"wpiris-click\" >\n    <a href=\"https:\/\/www.montagnicimes.com\/st-jean-de-maurienne\/agenda\/marche-de-saint-jean-de-maurienne\/\" nofancybox class=\"postItemThumbnail\">\n        <img data-src=\"https:\/\/www.montagnicimes.com\/st-jean-de-maurienne\/wp-content\/uploads\/sites\/4\/wpiris-images\/14342\/35122846-diaporama-590x440-c.jpg\" alt=\"March\u00e9 de Saint-Jean-de-Maurienne\">\n    <\/a>\n    <div class=\"postItemContent\">\n\n        <div class=\"postItemContentHeading\">\n                                    <h3 class=\"postItemContentTitle\" >\n                <a href=\"https:\/\/www.montagnicimes.com\/st-jean-de-maurienne\/agenda\/marche-de-saint-jean-de-maurienne\/\">March\u00e9 de Saint-Jean-de-Maurienne<\/a>\n            <\/h3>                    <\/div>\n        \n<div class=\"postItemContentExcerpt\">\n    Au c\u0153ur du centre-ville, retrouvez toutes les semaines un grand march\u00e9 o\u00f9 les producteurs et artisans de la vall\u00e9e se r\u00e9unissent : fruits et l\u00e9gumes, fromages, pain, p\u00e2tisseries, viandes dont poulets r\u00f4tis, \u0153ufs, cuisine du monde, bi\u00e8res et artisanat\u2026<\/div>\n    <\/div>\n<\/div>\n                                            \n<div class=\"postItem swiper-slide\" data-trigger=\"wpiris-click\" >\n    <a href=\"https:\/\/www.montagnicimes.com\/st-jean-de-maurienne\/agenda\/petit-marche-de-saint-jean-de-maurienne\/\" nofancybox class=\"postItemThumbnail\">\n        <img data-src=\"https:\/\/www.montagnicimes.com\/st-jean-de-maurienne\/wp-content\/uploads\/sites\/4\/wpiris-images\/14347\/35122854-diaporama-590x440-c.jpg\" alt=\"Petit March\u00e9 de Saint-Jean-de-Maurienne\">\n    <\/a>\n    <div class=\"postItemContent\">\n\n        <div class=\"postItemContentHeading\">\n                                    <h3 class=\"postItemContentTitle\" >\n                <a href=\"https:\/\/www.montagnicimes.com\/st-jean-de-maurienne\/agenda\/petit-marche-de-saint-jean-de-maurienne\/\">Petit March\u00e9 de Saint-Jean-de-Maurienne<\/a>\n            <\/h3>                    <\/div>\n        \n<div class=\"postItemContentExcerpt\">\n    En milieu de semaine, une petite poign\u00e9e de commer\u00e7ants vous proposent de vous approvisionner en fruits et l\u00e9gumes dans le centre-ville de Saint-Jean-de-Maurienne.<\/div>\n    <\/div>\n<\/div>\n                                    <\/div>\n            <\/div>\n        <\/div>\n    <\/div>\n\n    <div class=\"article\">\n            <\/div>\n<\/div>","protected":false},"excerpt":{"rendered":"<p>Go\u00fbtez l\u2019authenticit\u00e9 de nos march\u00e9s artisanaux. Tous nos march\u00e9s de Maurienne vous proposent de d\u00e9couvrir les sp\u00e9cialit\u00e9s locales du territoire et de passer un bon moment autour de d\u00e9gustation et de rencontre avec nos producteurs.<\/p>\n","protected":false},"author":1,"featured_media":8013,"parent":7622,"menu_order":1,"comment_status":"closed","ping_status":"closed","template":"","meta":{"_relevanssi_hide_post":"","_relevanssi_pin_for_all":"","_relevanssi_pin_keywords":"","_relevanssi_unpin_keywords":"","_relevanssi_related_keywords":"","_relevanssi_related_include_ids":"","_relevanssi_related_exclude_ids":"","_relevanssi_related_no_append":"","_relevanssi_related_not_related":"","_relevanssi_related_posts":"493,491,489","_relevanssi_noindex_reason":""},"post_tag":[],"acf":[],"yoast_head":"<!-- This site is optimized with the Yoast SEO plugin v17.6 - https:\/\/yoast.com\/wordpress\/plugins\/seo\/ -->\n<meta name=\"description\" content=\"Go\u00fbtez l\u2019authenticit\u00e9 de nos march\u00e9s artisanaux. Tous nos march\u00e9s de Maurienne vous proposent de d\u00e9couvrir les sp\u00e9cialit\u00e9s locales du territoire et de\" \/>\n<meta name=\"robots\" content=\"index, follow, max-snippet:-1, max-image-preview:large, max-video-preview:-1\" \/>\n<link rel=\"canonical\" href=\"https:\/\/www.montagnicimes.com\/st-jean-de-maurienne\/l-agenda\/marches\/\" \/>\n<meta property=\"og:locale\" content=\"fr_FR\" \/>\n<meta property=\"og:type\" content=\"article\" \/>\n<meta property=\"og:title\" content=\"March\u00e9s \u00e0 Saint-Jean-de-Maurienne - St-Jean-de-Maurienne\" \/>\n<meta property=\"og:description\" content=\"Go\u00fbtez l\u2019authenticit\u00e9 de nos march\u00e9s artisanaux. Tous nos march\u00e9s de Maurienne vous proposent de d\u00e9couvrir les sp\u00e9cialit\u00e9s locales du territoire et de\" \/>\n<meta property=\"og:url\" content=\"https:\/\/www.montagnicimes.com\/st-jean-de-maurienne\/l-agenda\/marches\/\" \/>\n<meta property=\"og:site_name\" content=\"St-Jean-de-Maurienne\" \/>\n<meta property=\"article:modified_time\" content=\"2021-11-29T10:45:08+00:00\" \/>\n<meta property=\"og:image\" content=\"https:\/\/www.montagnicimes.com\/st-jean-de-maurienne\/wp-content\/uploads\/sites\/4\/2021\/10\/Marche-saint-jean.jpg\" \/>\n\t<meta property=\"og:image:width\" content=\"1338\" \/>\n\t<meta property=\"og:image:height\" content=\"1920\" \/>\n<meta name=\"twitter:card\" content=\"summary_large_image\" \/>\n<meta name=\"twitter:label1\" content=\"Dur\u00e9e de lecture estim\u00e9e\" \/>\n\t<meta name=\"twitter:data1\" content=\"1 minute\" \/>\n<script type=\"application\/ld+json\" class=\"yoast-schema-graph\">{\"@context\":\"https:\/\/schema.org\",\"@graph\":[{\"@type\":\"WebSite\",\"@id\":\"https:\/\/www.montagnicimes.com\/st-jean-de-maurienne\/#website\",\"url\":\"https:\/\/www.montagnicimes.com\/st-jean-de-maurienne\/\",\"name\":\"St-Jean-de-Maurienne\",\"description\":\"Office de tourisme Montagnicimes - Saint-Jean-de-Maurienne\",\"potentialAction\":[{\"@type\":\"SearchAction\",\"target\":{\"@type\":\"EntryPoint\",\"urlTemplate\":\"https:\/\/www.montagnicimes.com\/st-jean-de-maurienne\/?s={search_term_string}\"},\"query-input\":\"required name=search_term_string\"}],\"inLanguage\":\"fr-FR\"},{\"@type\":\"ImageObject\",\"@id\":\"https:\/\/www.montagnicimes.com\/st-jean-de-maurienne\/l-agenda\/marches\/#primaryimage\",\"inLanguage\":\"fr-FR\",\"url\":\"https:\/\/www.montagnicimes.com\/st-jean-de-maurienne\/wp-content\/uploads\/sites\/4\/2021\/10\/Marche-saint-jean.jpg\",\"contentUrl\":\"https:\/\/www.montagnicimes.com\/st-jean-de-maurienne\/wp-content\/uploads\/sites\/4\/2021\/10\/Marche-saint-jean.jpg\",\"width\":1338,\"height\":1920,\"caption\":\"March\\u00e9 saint-jean\"},{\"@type\":\"WebPage\",\"@id\":\"https:\/\/www.montagnicimes.com\/st-jean-de-maurienne\/l-agenda\/marches\/#webpage\",\"url\":\"https:\/\/www.montagnicimes.com\/st-jean-de-maurienne\/l-agenda\/marches\/\",\"name\":\"March\\u00e9s \\u00e0 Saint-Jean-de-Maurienne - St-Jean-de-Maurienne\",\"isPartOf\":{\"@id\":\"https:\/\/www.montagnicimes.com\/st-jean-de-maurienne\/#website\"},\"primaryImageOfPage\":{\"@id\":\"https:\/\/www.montagnicimes.com\/st-jean-de-maurienne\/l-agenda\/marches\/#primaryimage\"},\"datePublished\":\"2021-09-24T13:13:44+00:00\",\"dateModified\":\"2021-11-29T10:45:08+00:00\",\"description\":\"Go\\u00fbtez l\\u2019authenticit\\u00e9 de nos march\\u00e9s artisanaux. Tous nos march\\u00e9s de Maurienne vous proposent de d\\u00e9couvrir les sp\\u00e9cialit\\u00e9s locales du territoire et de\",\"breadcrumb\":{\"@id\":\"https:\/\/www.montagnicimes.com\/st-jean-de-maurienne\/l-agenda\/marches\/#breadcrumb\"},\"inLanguage\":\"fr-FR\",\"potentialAction\":[{\"@type\":\"ReadAction\",\"target\":[\"https:\/\/www.montagnicimes.com\/st-jean-de-maurienne\/l-agenda\/marches\/\"]}]},{\"@type\":\"BreadcrumbList\",\"@id\":\"https:\/\/www.montagnicimes.com\/st-jean-de-maurienne\/l-agenda\/marches\/#breadcrumb\",\"itemListElement\":[{\"@type\":\"ListItem\",\"position\":1,\"name\":\"Accueil\",\"item\":\"https:\/\/www.montagnicimes.com\/st-jean-de-maurienne\/\"},{\"@type\":\"ListItem\",\"position\":2,\"name\":\"L&rsquo;Agenda\",\"item\":\"https:\/\/www.montagnicimes.com\/st-jean-de-maurienne\/l-agenda\/\"},{\"@type\":\"ListItem\",\"position\":3,\"name\":\"March\\u00e9s\"}]}]}<\/script>\n<!-- \/ Yoast SEO plugin. -->","yoast_head_json":{"description":"Go\u00fbtez l\u2019authenticit\u00e9 de nos march\u00e9s artisanaux. Tous nos march\u00e9s de Maurienne vous proposent de d\u00e9couvrir les sp\u00e9cialit\u00e9s locales du territoire et de","robots":{"index":"index","follow":"follow","max-snippet":"max-snippet:-1","max-image-preview":"max-image-preview:large","max-video-preview":"max-video-preview:-1"},"canonical":"https:\/\/www.montagnicimes.com\/st-jean-de-maurienne\/l-agenda\/marches\/","og_locale":"fr_FR","og_type":"article","og_title":"March\u00e9s \u00e0 Saint-Jean-de-Maurienne - St-Jean-de-Maurienne","og_description":"Go\u00fbtez l\u2019authenticit\u00e9 de nos march\u00e9s artisanaux. Tous nos march\u00e9s de Maurienne vous proposent de d\u00e9couvrir les sp\u00e9cialit\u00e9s locales du territoire et de","og_url":"https:\/\/www.montagnicimes.com\/st-jean-de-maurienne\/l-agenda\/marches\/","og_site_name":"St-Jean-de-Maurienne","article_modified_time":"2021-11-29T10:45:08+00:00","og_image":[{"width":1338,"height":1920,"url":"https:\/\/www.montagnicimes.com\/st-jean-de-maurienne\/wp-content\/uploads\/sites\/4\/2021\/10\/Marche-saint-jean.jpg","type":"image\/jpeg"}],"twitter_card":"summary_large_image","twitter_misc":{"Dur\u00e9e de lecture estim\u00e9e":"1 minute"},"schema":{"@context":"https:\/\/schema.org","@graph":[{"@type":"WebSite","@id":"https:\/\/www.montagnicimes.com\/st-jean-de-maurienne\/#website","url":"https:\/\/www.montagnicimes.com\/st-jean-de-maurienne\/","name":"St-Jean-de-Maurienne","description":"Office de tourisme Montagnicimes - Saint-Jean-de-Maurienne","potentialAction":[{"@type":"SearchAction","target":{"@type":"EntryPoint","urlTemplate":"https:\/\/www.montagnicimes.com\/st-jean-de-maurienne\/?s={search_term_string}"},"query-input":"required name=search_term_string"}],"inLanguage":"fr-FR"},{"@type":"ImageObject","@id":"https:\/\/www.montagnicimes.com\/st-jean-de-maurienne\/l-agenda\/marches\/#primaryimage","inLanguage":"fr-FR","url":"https:\/\/www.montagnicimes.com\/st-jean-de-maurienne\/wp-content\/uploads\/sites\/4\/2021\/10\/Marche-saint-jean.jpg","contentUrl":"https:\/\/www.montagnicimes.com\/st-jean-de-maurienne\/wp-content\/uploads\/sites\/4\/2021\/10\/Marche-saint-jean.jpg","width":1338,"height":1920,"caption":"March\u00e9 saint-jean"},{"@type":"WebPage","@id":"https:\/\/www.montagnicimes.com\/st-jean-de-maurienne\/l-agenda\/marches\/#webpage","url":"https:\/\/www.montagnicimes.com\/st-jean-de-maurienne\/l-agenda\/marches\/","name":"March\u00e9s \u00e0 Saint-Jean-de-Maurienne - St-Jean-de-Maurienne","isPartOf":{"@id":"https:\/\/www.montagnicimes.com\/st-jean-de-maurienne\/#website"},"primaryImageOfPage":{"@id":"https:\/\/www.montagnicimes.com\/st-jean-de-maurienne\/l-agenda\/marches\/#primaryimage"},"datePublished":"2021-09-24T13:13:44+00:00","dateModified":"2021-11-29T10:45:08+00:00","description":"Go\u00fbtez l\u2019authenticit\u00e9 de nos march\u00e9s artisanaux. Tous nos march\u00e9s de Maurienne vous proposent de d\u00e9couvrir les sp\u00e9cialit\u00e9s locales du territoire et de","breadcrumb":{"@id":"https:\/\/www.montagnicimes.com\/st-jean-de-maurienne\/l-agenda\/marches\/#breadcrumb"},"inLanguage":"fr-FR","potentialAction":[{"@type":"ReadAction","target":["https:\/\/www.montagnicimes.com\/st-jean-de-maurienne\/l-agenda\/marches\/"]}]},{"@type":"BreadcrumbList","@id":"https:\/\/www.montagnicimes.com\/st-jean-de-maurienne\/l-agenda\/marches\/#breadcrumb","itemListElement":[{"@type":"ListItem","position":1,"name":"Accueil","item":"https:\/\/www.montagnicimes.com\/st-jean-de-maurienne\/"},{"@type":"ListItem","position":2,"name":"L&rsquo;Agenda","item":"https:\/\/www.montagnicimes.com\/st-jean-de-maurienne\/l-agenda\/"},{"@type":"ListItem","position":3,"name":"March\u00e9s"}]}]}},"_links":{"self":[{"href":"https:\/\/www.montagnicimes.com\/st-jean-de-maurienne\/wp-json\/wp\/v2\/pages\/7623"}],"collection":[{"href":"https:\/\/www.montagnicimes.com\/st-jean-de-maurienne\/wp-json\/wp\/v2\/pages"}],"about":[{"href":"https:\/\/www.montagnicimes.com\/st-jean-de-maurienne\/wp-json\/wp\/v2\/types\/page"}],"author":[{"embeddable":true,"href":"https:\/\/www.montagnicimes.com\/st-jean-de-maurienne\/wp-json\/wp\/v2\/users\/1"}],"replies":[{"embeddable":true,"href":"https:\/\/www.montagnicimes.com\/st-jean-de-maurienne\/wp-json\/wp\/v2\/comments?post=7623"}],"version-history":[{"count":6,"href":"https:\/\/www.montagnicimes.com\/st-jean-de-maurienne\/wp-json\/wp\/v2\/pages\/7623\/revisions"}],"predecessor-version":[{"id":9321,"href":"https:\/\/www.montagnicimes.com\/st-jean-de-maurienne\/wp-json\/wp\/v2\/pages\/7623\/revisions\/9321"}],"up":[{"embeddable":true,"href":"https:\/\/www.montagnicimes.com\/st-jean-de-maurienne\/wp-json\/wp\/v2\/pages\/7622"}],"wp:featuredmedia":[{"embeddable":true,"href":"https:\/\/www.montagnicimes.com\/st-jean-de-maurienne\/wp-json\/wp\/v2\/media\/8013"}],"wp:attachment":[{"href":"https:\/\/www.montagnicimes.com\/st-jean-de-maurienne\/wp-json\/wp\/v2\/media?parent=7623"}],"wp:term":[{"taxonomy":"post_tag","embeddable":true,"href":"https:\/\/www.montagnicimes.com\/st-jean-de-maurienne\/wp-json\/wp\/v2\/post_tag?post=7623"}],"curies":[{"name":"wp","href":"https:\/\/api.w.org\/{rel}","templated":true}]}}