{"id":7622,"date":"2021-09-24T15:13:43","date_gmt":"2021-09-24T13:13:43","guid":{"rendered":"https:\/\/www.montagnicimes.com\/st-jean-de-maurienne\/lagenda\/"},"modified":"2024-09-02T09:40:46","modified_gmt":"2024-09-02T07:40:46","slug":"l-agenda","status":"publish","type":"page","link":"https:\/\/www.montagnicimes.com\/st-jean-de-maurienne\/l-agenda\/","title":{"rendered":"L&rsquo;Agenda"},"content":{"rendered":"\n<p class=\"is-style-excerpt\">Chaque semaine, l\u2019Office de Tourisme Montagnicimes vous propose un agenda sur les activit\u00e9s et \u00e9v\u00e8nements du moment. Ici, vous avez le choix entre expositions, \u00e9v\u00e8nements sportifs, visite du patrimoine, saison culturelle du th\u00e9\u00e2tre ou encore petit concert. Il y en a pour tous les go\u00fbts.<\/p>\n\n\n\n<div class=\"wp-block wp-block-child-post alignwide clear\">\n    \n<div class=\"entityItem \" data-trigger=\"wpiris-click\" >\n    <a href=\"https:\/\/www.montagnicimes.com\/st-jean-de-maurienne\/l-agenda\/agenda\/\" nofancybox class=\"entityItemThumbnail\">\n        <img data-src=\"https:\/\/www.montagnicimes.com\/st-jean-de-maurienne\/wp-content\/uploads\/sites\/4\/wpiris-images\/12734\/MESSE-FETE-DU-PAIN-2023-EVENEMENTS-SAINT-JEAN-DE-MAURIENNE-8-min-380x400-c.jpg\" alt=\"Agenda\">\n    <\/a>\n    <div class=\"entityItemContent\">\n\n        <div class=\"entityItemContentHeading\">\n                                    <h2 class=\"entityItemContentTitle\" >\n                <a href=\"https:\/\/www.montagnicimes.com\/st-jean-de-maurienne\/l-agenda\/agenda\/\">Agenda<\/a>\n            <\/h2>                    <\/div>\n            <\/div>\n<\/div>\n\n<div class=\"entityItem \" data-trigger=\"wpiris-click\" >\n    <a href=\"https:\/\/www.montagnicimes.com\/st-jean-de-maurienne\/l-agenda\/marches\/\" nofancybox class=\"entityItemThumbnail\">\n        <img data-src=\"https:\/\/www.montagnicimes.com\/st-jean-de-maurienne\/wp-content\/uploads\/sites\/4\/wpiris-images\/8013\/Marche-saint-jean-380x400-c.jpg\" alt=\"March\u00e9s\">\n    <\/a>\n    <div class=\"entityItemContent\">\n\n        <div class=\"entityItemContentHeading\">\n                                    <h2 class=\"entityItemContentTitle\" >\n                <a href=\"https:\/\/www.montagnicimes.com\/st-jean-de-maurienne\/l-agenda\/marches\/\">March\u00e9s<\/a>\n            <\/h2>                    <\/div>\n            <\/div>\n<\/div>\n\n<div class=\"entityItem \" data-trigger=\"wpiris-click\" >\n    <a href=\"https:\/\/www.montagnicimes.com\/st-jean-de-maurienne\/l-agenda\/cinema\/\" nofancybox class=\"entityItemThumbnail\">\n        <img data-src=\"https:\/\/www.montagnicimes.com\/st-jean-de-maurienne\/wp-content\/uploads\/sites\/4\/wpiris-images\/9175\/cinema-380x400-c.jpg\" alt=\"Cin\u00e9ma\">\n    <\/a>\n    <div class=\"entityItemContent\">\n\n        <div class=\"entityItemContentHeading\">\n                                    <h2 class=\"entityItemContentTitle\" >\n                <a href=\"https:\/\/www.montagnicimes.com\/st-jean-de-maurienne\/l-agenda\/cinema\/\">Cin\u00e9ma<\/a>\n            <\/h2>                    <\/div>\n            <\/div>\n<\/div>\n\n<div class=\"entityItem \" data-trigger=\"wpiris-click\" >\n    <a href=\"https:\/\/www.montagnicimes.com\/st-jean-de-maurienne\/l-agenda\/theatre\/\" nofancybox class=\"entityItemThumbnail\">\n        <img data-src=\"https:\/\/www.montagnicimes.com\/st-jean-de-maurienne\/wp-content\/uploads\/sites\/4\/wpiris-images\/8027\/RockCab-theatre-2_GCosnefroy_2021-380x400-c.jpg\" alt=\"Th\u00e9\u00e2tre\">\n    <\/a>\n    <div class=\"entityItemContent\">\n\n        <div class=\"entityItemContentHeading\">\n                                    <h2 class=\"entityItemContentTitle\" >\n                <a href=\"https:\/\/www.montagnicimes.com\/st-jean-de-maurienne\/l-agenda\/theatre\/\">Th\u00e9\u00e2tre<\/a>\n            <\/h2>                    <\/div>\n            <\/div>\n<\/div>\n    <\/div>","protected":false},"excerpt":{"rendered":"<p>Chaque semaine, l\u2019Office de Tourisme Montagnicimes vous propose un agenda sur les activit\u00e9s et \u00e9v\u00e8nements du moment. Ici, vous avez le choix entre expositions, \u00e9v\u00e8nements sportifs, visite du patrimoine, saison culturelle du th\u00e9\u00e2tre ou encore petit concert. Il y en a pour tous les go\u00fbts.<\/p>\n","protected":false},"author":1,"featured_media":12734,"parent":0,"menu_order":4,"comment_status":"closed","ping_status":"closed","template":"","meta":{"_relevanssi_hide_post":"","_relevanssi_pin_for_all":"","_relevanssi_pin_keywords":"","_relevanssi_unpin_keywords":"","_relevanssi_related_keywords":"","_relevanssi_related_include_ids":"","_relevanssi_related_exclude_ids":"","_relevanssi_related_no_append":"","_relevanssi_related_not_related":"","_relevanssi_related_posts":"493,491,489","_relevanssi_noindex_reason":""},"post_tag":[],"acf":[],"yoast_head":"<!-- This site is optimized with the Yoast SEO plugin v17.6 - https:\/\/yoast.com\/wordpress\/plugins\/seo\/ -->\n<meta name=\"description\" content=\"Chaque semaine, l\u2019Office de Tourisme Montagnicimes vous propose un agenda sur les activit\u00e9s et \u00e9v\u00e8nements du moment. Ici, vous avez le choix entre\" \/>\n<meta name=\"robots\" content=\"index, follow, max-snippet:-1, max-image-preview:large, max-video-preview:-1\" \/>\n<link rel=\"canonical\" href=\"https:\/\/www.montagnicimes.com\/st-jean-de-maurienne\/l-agenda\/\" \/>\n<meta property=\"og:locale\" content=\"fr_FR\" \/>\n<meta property=\"og:type\" content=\"article\" \/>\n<meta property=\"og:title\" content=\"L&#039;Agenda des activit\u00e9s et \u00e9v\u00e9nements \u00e0 Saint-Jean-de-Maurienne\" \/>\n<meta property=\"og:description\" content=\"Chaque semaine, l\u2019Office de Tourisme Montagnicimes vous propose un agenda sur les activit\u00e9s et \u00e9v\u00e8nements du moment. Ici, vous avez le choix entre\" \/>\n<meta property=\"og:url\" content=\"https:\/\/www.montagnicimes.com\/st-jean-de-maurienne\/l-agenda\/\" \/>\n<meta property=\"og:site_name\" content=\"St-Jean-de-Maurienne\" \/>\n<meta property=\"article:modified_time\" content=\"2024-09-02T07:40:46+00:00\" \/>\n<meta property=\"og:image\" content=\"https:\/\/www.montagnicimes.com\/st-jean-de-maurienne\/wp-content\/uploads\/sites\/4\/2024\/07\/MESSE-FETE-DU-PAIN-2023-EVENEMENTS-SAINT-JEAN-DE-MAURIENNE-8-min.jpg\" \/>\n\t<meta property=\"og:image:width\" content=\"1920\" \/>\n\t<meta property=\"og:image:height\" content=\"1280\" \/>\n<meta name=\"twitter:card\" content=\"summary_large_image\" \/>\n<meta name=\"twitter:label1\" content=\"Dur\u00e9e de lecture estim\u00e9e\" \/>\n\t<meta name=\"twitter:data1\" content=\"1 minute\" \/>\n<script type=\"application\/ld+json\" class=\"yoast-schema-graph\">{\"@context\":\"https:\/\/schema.org\",\"@graph\":[{\"@type\":\"WebSite\",\"@id\":\"https:\/\/www.montagnicimes.com\/st-jean-de-maurienne\/#website\",\"url\":\"https:\/\/www.montagnicimes.com\/st-jean-de-maurienne\/\",\"name\":\"St-Jean-de-Maurienne\",\"description\":\"Office de tourisme Montagnicimes - Saint-Jean-de-Maurienne\",\"potentialAction\":[{\"@type\":\"SearchAction\",\"target\":{\"@type\":\"EntryPoint\",\"urlTemplate\":\"https:\/\/www.montagnicimes.com\/st-jean-de-maurienne\/?s={search_term_string}\"},\"query-input\":\"required name=search_term_string\"}],\"inLanguage\":\"fr-FR\"},{\"@type\":\"ImageObject\",\"@id\":\"https:\/\/www.montagnicimes.com\/st-jean-de-maurienne\/l-agenda\/#primaryimage\",\"inLanguage\":\"fr-FR\",\"url\":\"https:\/\/www.montagnicimes.com\/st-jean-de-maurienne\/wp-content\/uploads\/sites\/4\/2024\/07\/MESSE-FETE-DU-PAIN-2023-EVENEMENTS-SAINT-JEAN-DE-MAURIENNE-8-min.jpg\",\"contentUrl\":\"https:\/\/www.montagnicimes.com\/st-jean-de-maurienne\/wp-content\/uploads\/sites\/4\/2024\/07\/MESSE-FETE-DU-PAIN-2023-EVENEMENTS-SAINT-JEAN-DE-MAURIENNE-8-min.jpg\",\"width\":1920,\"height\":1280,\"caption\":\"fete du pain sjm\"},{\"@type\":\"WebPage\",\"@id\":\"https:\/\/www.montagnicimes.com\/st-jean-de-maurienne\/l-agenda\/#webpage\",\"url\":\"https:\/\/www.montagnicimes.com\/st-jean-de-maurienne\/l-agenda\/\",\"name\":\"L'Agenda des activit\\u00e9s et \\u00e9v\\u00e9nements \\u00e0 Saint-Jean-de-Maurienne\",\"isPartOf\":{\"@id\":\"https:\/\/www.montagnicimes.com\/st-jean-de-maurienne\/#website\"},\"primaryImageOfPage\":{\"@id\":\"https:\/\/www.montagnicimes.com\/st-jean-de-maurienne\/l-agenda\/#primaryimage\"},\"datePublished\":\"2021-09-24T13:13:43+00:00\",\"dateModified\":\"2024-09-02T07:40:46+00:00\",\"description\":\"Chaque semaine, l\\u2019Office de Tourisme Montagnicimes vous propose un agenda sur les activit\\u00e9s et \\u00e9v\\u00e8nements du moment. Ici, vous avez le choix entre\",\"breadcrumb\":{\"@id\":\"https:\/\/www.montagnicimes.com\/st-jean-de-maurienne\/l-agenda\/#breadcrumb\"},\"inLanguage\":\"fr-FR\",\"potentialAction\":[{\"@type\":\"ReadAction\",\"target\":[\"https:\/\/www.montagnicimes.com\/st-jean-de-maurienne\/l-agenda\/\"]}]},{\"@type\":\"BreadcrumbList\",\"@id\":\"https:\/\/www.montagnicimes.com\/st-jean-de-maurienne\/l-agenda\/#breadcrumb\",\"itemListElement\":[{\"@type\":\"ListItem\",\"position\":1,\"name\":\"Accueil\",\"item\":\"https:\/\/www.montagnicimes.com\/st-jean-de-maurienne\/\"},{\"@type\":\"ListItem\",\"position\":2,\"name\":\"L&rsquo;Agenda\"}]}]}<\/script>\n<!-- \/ Yoast SEO plugin. -->","yoast_head_json":{"description":"Chaque semaine, l\u2019Office de Tourisme Montagnicimes vous propose un agenda sur les activit\u00e9s et \u00e9v\u00e8nements du moment. Ici, vous avez le choix entre","robots":{"index":"index","follow":"follow","max-snippet":"max-snippet:-1","max-image-preview":"max-image-preview:large","max-video-preview":"max-video-preview:-1"},"canonical":"https:\/\/www.montagnicimes.com\/st-jean-de-maurienne\/l-agenda\/","og_locale":"fr_FR","og_type":"article","og_title":"L'Agenda des activit\u00e9s et \u00e9v\u00e9nements \u00e0 Saint-Jean-de-Maurienne","og_description":"Chaque semaine, l\u2019Office de Tourisme Montagnicimes vous propose un agenda sur les activit\u00e9s et \u00e9v\u00e8nements du moment. Ici, vous avez le choix entre","og_url":"https:\/\/www.montagnicimes.com\/st-jean-de-maurienne\/l-agenda\/","og_site_name":"St-Jean-de-Maurienne","article_modified_time":"2024-09-02T07:40:46+00:00","og_image":[{"width":1920,"height":1280,"url":"https:\/\/www.montagnicimes.com\/st-jean-de-maurienne\/wp-content\/uploads\/sites\/4\/2024\/07\/MESSE-FETE-DU-PAIN-2023-EVENEMENTS-SAINT-JEAN-DE-MAURIENNE-8-min.jpg","type":"image\/jpeg"}],"twitter_card":"summary_large_image","twitter_misc":{"Dur\u00e9e de lecture estim\u00e9e":"1 minute"},"schema":{"@context":"https:\/\/schema.org","@graph":[{"@type":"WebSite","@id":"https:\/\/www.montagnicimes.com\/st-jean-de-maurienne\/#website","url":"https:\/\/www.montagnicimes.com\/st-jean-de-maurienne\/","name":"St-Jean-de-Maurienne","description":"Office de tourisme Montagnicimes - Saint-Jean-de-Maurienne","potentialAction":[{"@type":"SearchAction","target":{"@type":"EntryPoint","urlTemplate":"https:\/\/www.montagnicimes.com\/st-jean-de-maurienne\/?s={search_term_string}"},"query-input":"required name=search_term_string"}],"inLanguage":"fr-FR"},{"@type":"ImageObject","@id":"https:\/\/www.montagnicimes.com\/st-jean-de-maurienne\/l-agenda\/#primaryimage","inLanguage":"fr-FR","url":"https:\/\/www.montagnicimes.com\/st-jean-de-maurienne\/wp-content\/uploads\/sites\/4\/2024\/07\/MESSE-FETE-DU-PAIN-2023-EVENEMENTS-SAINT-JEAN-DE-MAURIENNE-8-min.jpg","contentUrl":"https:\/\/www.montagnicimes.com\/st-jean-de-maurienne\/wp-content\/uploads\/sites\/4\/2024\/07\/MESSE-FETE-DU-PAIN-2023-EVENEMENTS-SAINT-JEAN-DE-MAURIENNE-8-min.jpg","width":1920,"height":1280,"caption":"fete du pain sjm"},{"@type":"WebPage","@id":"https:\/\/www.montagnicimes.com\/st-jean-de-maurienne\/l-agenda\/#webpage","url":"https:\/\/www.montagnicimes.com\/st-jean-de-maurienne\/l-agenda\/","name":"L'Agenda des activit\u00e9s et \u00e9v\u00e9nements \u00e0 Saint-Jean-de-Maurienne","isPartOf":{"@id":"https:\/\/www.montagnicimes.com\/st-jean-de-maurienne\/#website"},"primaryImageOfPage":{"@id":"https:\/\/www.montagnicimes.com\/st-jean-de-maurienne\/l-agenda\/#primaryimage"},"datePublished":"2021-09-24T13:13:43+00:00","dateModified":"2024-09-02T07:40:46+00:00","description":"Chaque semaine, l\u2019Office de Tourisme Montagnicimes vous propose un agenda sur les activit\u00e9s et \u00e9v\u00e8nements du moment. Ici, vous avez le choix entre","breadcrumb":{"@id":"https:\/\/www.montagnicimes.com\/st-jean-de-maurienne\/l-agenda\/#breadcrumb"},"inLanguage":"fr-FR","potentialAction":[{"@type":"ReadAction","target":["https:\/\/www.montagnicimes.com\/st-jean-de-maurienne\/l-agenda\/"]}]},{"@type":"BreadcrumbList","@id":"https:\/\/www.montagnicimes.com\/st-jean-de-maurienne\/l-agenda\/#breadcrumb","itemListElement":[{"@type":"ListItem","position":1,"name":"Accueil","item":"https:\/\/www.montagnicimes.com\/st-jean-de-maurienne\/"},{"@type":"ListItem","position":2,"name":"L&rsquo;Agenda"}]}]}},"_links":{"self":[{"href":"https:\/\/www.montagnicimes.com\/st-jean-de-maurienne\/wp-json\/wp\/v2\/pages\/7622"}],"collection":[{"href":"https:\/\/www.montagnicimes.com\/st-jean-de-maurienne\/wp-json\/wp\/v2\/pages"}],"about":[{"href":"https:\/\/www.montagnicimes.com\/st-jean-de-maurienne\/wp-json\/wp\/v2\/types\/page"}],"author":[{"embeddable":true,"href":"https:\/\/www.montagnicimes.com\/st-jean-de-maurienne\/wp-json\/wp\/v2\/users\/1"}],"replies":[{"embeddable":true,"href":"https:\/\/www.montagnicimes.com\/st-jean-de-maurienne\/wp-json\/wp\/v2\/comments?post=7622"}],"version-history":[{"count":16,"href":"https:\/\/www.montagnicimes.com\/st-jean-de-maurienne\/wp-json\/wp\/v2\/pages\/7622\/revisions"}],"predecessor-version":[{"id":12873,"href":"https:\/\/www.montagnicimes.com\/st-jean-de-maurienne\/wp-json\/wp\/v2\/pages\/7622\/revisions\/12873"}],"wp:featuredmedia":[{"embeddable":true,"href":"https:\/\/www.montagnicimes.com\/st-jean-de-maurienne\/wp-json\/wp\/v2\/media\/12734"}],"wp:attachment":[{"href":"https:\/\/www.montagnicimes.com\/st-jean-de-maurienne\/wp-json\/wp\/v2\/media?parent=7622"}],"wp:term":[{"taxonomy":"post_tag","embeddable":true,"href":"https:\/\/www.montagnicimes.com\/st-jean-de-maurienne\/wp-json\/wp\/v2\/post_tag?post=7622"}],"curies":[{"name":"wp","href":"https:\/\/api.w.org\/{rel}","templated":true}]}}