{"id":7593,"date":"2021-09-24T15:13:16","date_gmt":"2021-09-24T13:13:16","guid":{"rendered":"https:\/\/www.montagnicimes.com\/st-jean-de-maurienne\/ski\/"},"modified":"2023-10-26T16:13:35","modified_gmt":"2023-10-26T14:13:35","slug":"ski","status":"publish","type":"page","link":"https:\/\/www.montagnicimes.com\/st-jean-de-maurienne\/se-divertir\/ski\/","title":{"rendered":"Ski"},"content":{"rendered":"\n<p class=\"is-style-excerpt\">Capitale de la vall\u00e9e de la Maurienne, la ville de Saint-Jean-de-Maurienne est un passage oblig\u00e9 pour monter dans vos stations de ski pr\u00e9f\u00e9r\u00e9es. Que ce soit pour vous rendre \u00e0 Albiez, Les Karellis ou dans l\u2019une des stations des Sybelles\u00ae, Saint-Jean-de-Maurienne sera le point de d\u00e9part de votre ascension.<\/p>\n\n\n\n<div class=\"wp-block wp-block-related-post clear alignfull\">\n\n    <div class=\"article\">\n                    <h2 class=\"wp-block-related-post-title\">O\u00f9 skier en partant de Saint-Jean-de-Maurienne ?<\/h2>\n        \n            <\/div>\n\n    <div class=\"container\">\n        <div class=\"wp-block-related-post-inner\">\n            <div data-id=\"wpiris-related-post\" data-slides-per-view=\"2\">\n                <div data-id=\"wpiris-related-post-wrapper\">\n                                            \n<div class=\"postItem swiper-slide\" data-trigger=\"wpiris-click\" >\n    <a href=\"https:\/\/www.montagnicimes.com\/st-jean-de-maurienne\/ski\/espace-nordique-du-grand-coin\/\" nofancybox class=\"postItemThumbnail\">\n        <img data-src=\"https:\/\/www.montagnicimes.com\/st-jean-de-maurienne\/wp-content\/uploads\/sites\/4\/wpiris-images\/11988\/19615555-diaporama-590x440-c.jpg\" alt=\"Espace Nordique du Grand Coin\">\n    <\/a>\n    <div class=\"postItemContent\">\n\n        <div class=\"postItemContentHeading\">\n                                    <h3 class=\"postItemContentTitle\" >\n                <a href=\"https:\/\/www.montagnicimes.com\/st-jean-de-maurienne\/ski\/espace-nordique-du-grand-coin\/\">Espace Nordique du Grand Coin<\/a>\n            <\/h3>                    <\/div>\n        \n<div class=\"postItemContentExcerpt\">\n    En parcourant l&rsquo;Espace Nordique du Grand Coin sur ses 12 pistes de ski de fond (70 km) ou sur ses 10 itin\u00e9raires de raquettes (60 km), vous pourrez serpenter au milieu des sapins et d\u00e9couvrir un secteur naturel pr\u00e9serv\u00e9 et des points de vue exceptionnels.<\/div>\n    <\/div>\n<\/div>\n                                            \n<div class=\"postItem swiper-slide\" data-trigger=\"wpiris-click\" >\n    <a href=\"https:\/\/www.montagnicimes.com\/st-jean-de-maurienne\/ski\/les-bottieres\/\" nofancybox class=\"postItemThumbnail\">\n        <img data-src=\"https:\/\/www.montagnicimes.com\/st-jean-de-maurienne\/wp-content\/uploads\/sites\/4\/wpiris-images\/11834\/18987704-diaporama-590x440-c.jpg\" alt=\"Les Botti\u00e8res\">\n    <\/a>\n    <div class=\"postItemContent\">\n\n        <div class=\"postItemContentHeading\">\n                                    <h3 class=\"postItemContentTitle\" >\n                <a href=\"https:\/\/www.montagnicimes.com\/st-jean-de-maurienne\/ski\/les-bottieres\/\">Les Botti\u00e8res<\/a>\n            <\/h3>                    <\/div>\n        \n<div class=\"postItemContentExcerpt\">\n    Situ\u00e9e \u00e0 1300 m d&rsquo;altitude, la station des Botti\u00e8res est la porte d&rsquo;entr\u00e9e nature du domaine des Sybelles\u00ae. Un cadre naturel calme et sauvage id\u00e9al pour pratiquer le ski alpin, de randonn\u00e9e, la balade en raquettes, loin de l&rsquo;agitation des grandes stations<\/div>\n    <\/div>\n<\/div>\n                                            \n<div class=\"postItem swiper-slide\" data-trigger=\"wpiris-click\" >\n    <a href=\"https:\/\/www.montagnicimes.com\/st-jean-de-maurienne\/ski\/albiez\/\" nofancybox class=\"postItemThumbnail\">\n        <img data-src=\"https:\/\/www.montagnicimes.com\/st-jean-de-maurienne\/wp-content\/uploads\/sites\/4\/wpiris-images\/14204\/34164359-diaporama-590x440-c.jpg\" alt=\"Albiez\">\n    <\/a>\n    <div class=\"postItemContent\">\n\n        <div class=\"postItemContentHeading\">\n                                    <h3 class=\"postItemContentTitle\" >\n                <a href=\"https:\/\/www.montagnicimes.com\/st-jean-de-maurienne\/ski\/albiez\/\">Albiez<\/a>\n            <\/h3>                    <\/div>\n        \n<div class=\"postItemContentExcerpt\">\n    Sous le soleil du sud de la Savoie, au c\u0153ur de la Maurienne et face aux Aiguilles d&rsquo;Arves, le domaine skiable d&rsquo;Albiez, situ\u00e9 entre 1500 et 2100 m d&rsquo;altitude, vous offre un cadre de ski et de balades incroyable. Un domaine charmant \u00e0 taille humaine !<\/div>\n    <\/div>\n<\/div>\n                                            \n<div class=\"postItem swiper-slide\" data-trigger=\"wpiris-click\" >\n    <a href=\"https:\/\/www.montagnicimes.com\/st-jean-de-maurienne\/ski\/domaine-les-sybelles\/\" nofancybox class=\"postItemThumbnail\">\n        <img data-src=\"https:\/\/www.montagnicimes.com\/st-jean-de-maurienne\/wp-content\/uploads\/sites\/4\/wpiris-images\/14082\/33280342-diaporama-590x440-c.jpg\" alt=\"Domaine Les Sybelles\u00ae\">\n    <\/a>\n    <div class=\"postItemContent\">\n\n        <div class=\"postItemContentHeading\">\n                                    <h3 class=\"postItemContentTitle\" >\n                <a href=\"https:\/\/www.montagnicimes.com\/st-jean-de-maurienne\/ski\/domaine-les-sybelles\/\">Domaine Les Sybelles\u00ae<\/a>\n            <\/h3>                    <\/div>\n        \n<div class=\"postItemContentExcerpt\">\n    Le domaine skiable des Sybelles\u00ae se compose des stations reli\u00e9es de Saint Sorlin d&rsquo;Arves, Saint Jean d&rsquo;Arves, Le Corbier, La Toussuire et Les Botti\u00e8res, nich\u00e9es entre 1100 \u00e0 2620m d&rsquo;altitude.<\/div>\n    <\/div>\n<\/div>\n                                    <\/div>\n            <\/div>\n        <\/div>\n    <\/div>\n\n    <div class=\"article\">\n            <\/div>\n<\/div>\n\n\n<div class=\"wp-block wp-block-related-post clear alignfull\">\n\n    <div class=\"article\">\n                    <h2 class=\"wp-block-related-post-title\">Comment se rendre jusqu&rsquo;\u00e0 nos stations ? <\/h2>\n        \n            <\/div>\n\n    <div class=\"container\">\n        <div class=\"wp-block-related-post-inner\">\n            <div data-id=\"wpiris-related-post\" data-slides-per-view=\"2\">\n                <div data-id=\"wpiris-related-post-wrapper\">\n                                            \n<div class=\"postItem swiper-slide\" data-trigger=\"wpiris-click\" >\n    <a href=\"https:\/\/www.montagnicimes.com\/st-jean-de-maurienne\/commerce-service\/a-s-taxis-73\/\" nofancybox class=\"postItemThumbnail\">\n        <img data-src=\"https:\/\/www.montagnicimes.com\/st-jean-de-maurienne\/wp-content\/uploads\/sites\/4\/wpiris-images\/14405\/35564721-diaporama-590x440-c.jpg\" alt=\"A-S Taxis 73\">\n    <\/a>\n    <div class=\"postItemContent\">\n\n        <div class=\"postItemContentHeading\">\n                                    <h3 class=\"postItemContentTitle\" >\n                <a href=\"https:\/\/www.montagnicimes.com\/st-jean-de-maurienne\/commerce-service\/a-s-taxis-73\/\">A-S Taxis 73<\/a>\n            <\/h3>                    <\/div>\n        \n<div class=\"postItemContentExcerpt\">\n    Service de taxi pour 4 personnes pouvant effectuer tous types de trajets pour les habitants et vacanciers (gare-stations, m\u00e9dical\u2026). Conventionn\u00e9 CPAM.<\/div>\n    <\/div>\n<\/div>\n                                            \n<div class=\"postItem swiper-slide\" data-trigger=\"wpiris-click\" >\n    <a href=\"https:\/\/www.montagnicimes.com\/st-jean-de-maurienne\/commerce-service\/navette-s34-saint-jean-de-maurienne-les-karellis\/\" nofancybox class=\"postItemThumbnail\">\n        <img data-src=\"https:\/\/www.montagnicimes.com\/st-jean-de-maurienne\/wp-content\/uploads\/sites\/4\/wpiris-images\/13784\/31755589-diaporama-590x440-c.jpg\" alt=\"Navette S34 Saint-Jean-de-Maurienne &lt;-&gt; Les Karellis\">\n    <\/a>\n    <div class=\"postItemContent\">\n\n        <div class=\"postItemContentHeading\">\n                                    <h3 class=\"postItemContentTitle\" >\n                <a href=\"https:\/\/www.montagnicimes.com\/st-jean-de-maurienne\/commerce-service\/navette-s34-saint-jean-de-maurienne-les-karellis\/\">Navette S34 Saint-Jean-de-Maurienne <-> Les Karellis<\/a>\n            <\/h3>                    <\/div>\n        \n<div class=\"postItemContentExcerpt\">\n    La ligne r\u00e9guli\u00e8re S34 permet de rejoindre la station des Karellis depuis la gare SNCF de Saint-Jean-de-Maurienne durant les saisons d&rsquo;hiver et d&rsquo;\u00e9t\u00e9. Des navettes circulent de deux \u00e0 sept fois par jour. R\u00e9servation obligatoire 48h \u00e0 l&rsquo;avance.<\/div>\n    <\/div>\n<\/div>\n                                            \n<div class=\"postItem swiper-slide\" data-trigger=\"wpiris-click\" >\n    <a href=\"https:\/\/www.montagnicimes.com\/st-jean-de-maurienne\/commerce-service\/navette-saint-jean-de-maurienne-le-corbier-s31\/\" nofancybox class=\"postItemThumbnail\">\n        <img data-src=\"https:\/\/www.montagnicimes.com\/st-jean-de-maurienne\/wp-content\/uploads\/sites\/4\/wpiris-images\/10687\/15440144-diaporama-590x440-c.jpg\" alt=\"Navette Saint-Jean-de-Maurienne &#8211; Le Corbier (S31)\">\n    <\/a>\n    <div class=\"postItemContent\">\n\n        <div class=\"postItemContentHeading\">\n                                    <h3 class=\"postItemContentTitle\" >\n                <a href=\"https:\/\/www.montagnicimes.com\/st-jean-de-maurienne\/commerce-service\/navette-saint-jean-de-maurienne-le-corbier-s31\/\">Navette Saint-Jean-de-Maurienne &#8211; Le Corbier (S31)<\/a>\n            <\/h3>                    <\/div>\n        \n<div class=\"postItemContentExcerpt\">\n    Ligne S31 reliant la gare de Saint-Jean-de-Maurienne au Corbier et \u00e0 La Toussuire, avec plusieurs rotations en hiver et en \u00e9t\u00e9 sur r\u00e9servation.<\/div>\n    <\/div>\n<\/div>\n                                            \n<div class=\"postItem swiper-slide\" data-trigger=\"wpiris-click\" >\n    <a href=\"https:\/\/www.montagnicimes.com\/st-jean-de-maurienne\/commerce-service\/borne-de-recharge-vae-col-du-mollard\/\" nofancybox class=\"postItemThumbnail\">\n        <img data-src=\"https:\/\/www.montagnicimes.com\/st-jean-de-maurienne\/wp-content\/uploads\/sites\/4\/wpiris-images\/11570\/18175971-diaporama-590x440-c.jpg\" alt=\"Borne de recharge VAE &#8211; Col du Mollard\">\n    <\/a>\n    <div class=\"postItemContent\">\n\n        <div class=\"postItemContentHeading\">\n                                    <h3 class=\"postItemContentTitle\" >\n                <a href=\"https:\/\/www.montagnicimes.com\/st-jean-de-maurienne\/commerce-service\/borne-de-recharge-vae-col-du-mollard\/\">Borne de recharge VAE &#8211; Col du Mollard<\/a>\n            <\/h3>                    <\/div>\n        \n<div class=\"postItemContentExcerpt\">\n    Le magasin SHERPA propose une borne de recharge gratuite Bosch pour les v\u00e9los \u00e0 assistance \u00e9lectrique (VAE). Vous serez pr\u00eats \u00e0 partir rouler dans les alpages !<\/div>\n    <\/div>\n<\/div>\n                                            \n<div class=\"postItem swiper-slide\" data-trigger=\"wpiris-click\" >\n    <a href=\"https:\/\/www.montagnicimes.com\/st-jean-de-maurienne\/commerce-service\/navette-s33-ete-saint-jean-de-maurienne-albiez-montrond\/\" nofancybox class=\"postItemThumbnail\">\n        <img data-src=\"https:\/\/www.montagnicimes.com\/st-jean-de-maurienne\/wp-content\/uploads\/sites\/4\/wpiris-images\/13783\/31755493-diaporama-590x440-c.jpg\" alt=\"Navette S33 \u00e9t\u00e9 Saint-Jean-de-Maurienne &lt;-&gt; Albiez-Montrond\">\n    <\/a>\n    <div class=\"postItemContent\">\n\n        <div class=\"postItemContentHeading\">\n                                    <h3 class=\"postItemContentTitle\" >\n                <a href=\"https:\/\/www.montagnicimes.com\/st-jean-de-maurienne\/commerce-service\/navette-s33-ete-saint-jean-de-maurienne-albiez-montrond\/\">Navette S33 \u00e9t\u00e9 Saint-Jean-de-Maurienne <-> Albiez-Montrond<\/a>\n            <\/h3>                    <\/div>\n        \n<div class=\"postItemContentExcerpt\">\n    La ligne r\u00e9guli\u00e8re S33 permet de relier la gare routi\u00e8re de Saint-Jean-de-Maurienne au village d&rsquo;Albiez-Montrond. Deux d\u00e9parts depuis la gare tous les samedis de l&rsquo;\u00e9t\u00e9 \u00e0 12h et \u00e0 18h40.\nR\u00e9servation obligatoire 48h \u00e0 l&rsquo;avance.<\/div>\n    <\/div>\n<\/div>\n                                    <\/div>\n            <\/div>\n        <\/div>\n    <\/div>\n\n    <div class=\"article\">\n                    <div class=\"wp-block-related-post-permalink\">\n                <a class=\"button\" href=\"https:\/\/www.montagnicimes.com\/st-jean-de-maurienne\/sinformer\/navettes-et-mobilite\/nos-transports\/\" title='Comment se rendre jusqu'\u00e0 nos stations ? '>Tout voir<\/a>\n            <\/div>\n            <\/div>\n<\/div>\n\n\n<div class=\"wp-block wp-block-related-post clear alignfull\">\n    \n    <div class=\"article\">\n                \n            <\/div>\n\n    <div class=\"container\">\n        <div class=\"wp-block-related-post-inner\">\n            <div  data-slides-per-view=\"2\">\n                <div class=\"wp-block-related-post-list wp-block-related-post-list-1\">\n                                            \n<div class=\"postItem swiper-slide\" data-trigger=\"wpiris-click\" >\n    <a href=\"https:\/\/www.montagnicimes.com\/st-jean-de-maurienne\/sinformer\/navettes-et-mobilite\/\" nofancybox class=\"postItemThumbnail\">\n        <img data-src=\"https:\/\/www.montagnicimes.com\/st-jean-de-maurienne\/wp-content\/uploads\/sites\/4\/wpiris-images\/8390\/2962445-diaporama-590x440-c.jpg\" alt=\"Navettes et Mobilit\u00e9\">\n    <\/a>\n    <div class=\"postItemContent\">\n\n        <div class=\"postItemContentHeading\">\n            \n<div class=\"postItemContentHeadingOntitle\">\n    S&rsquo;informer<\/div>\n                        <h3 class=\"postItemContentTitle\" >\n                <a href=\"https:\/\/www.montagnicimes.com\/st-jean-de-maurienne\/sinformer\/navettes-et-mobilite\/\">Navettes et Mobilit\u00e9<\/a>\n            <\/h3>                    <\/div>\n        \n<div class=\"postItemContentExcerpt\">\n    Envie de bouger et de voyager \u00e0 travers notre territoire&nbsp;? Des navettes et autres moyens de transports sont l\u00e0 pour vous. Venez d\u00e9couvrir la vall\u00e9e de la Maurienne en toute facilit\u00e9. Les Navettes gare &gt; stations Vous venez en vacances en Maurienne et vous n\u2019avez pas de v\u00e9hicule pour vous rendre en station de ski&nbsp;? [&hellip;]<\/div>\n    <\/div>\n<\/div>\n                                    <\/div>\n            <\/div>\n        <\/div>\n    <\/div>\n<\/div>\n\n\n<div class=\"wp-block-columns\">\n<div class=\"wp-block-column\">\n<div class=\"wp-block-buttons is-content-justification-center is-vertical\">\n<div class=\"wp-block-button\"><a class=\"wp-block-button__link\" href=\"https:\/\/www.montagnicimes.com\/albiez\/sinformer\/comment-venir\/\">Aller \u00e0 la station charme d&rsquo;albiez<\/a><\/div>\n<\/div>\n<\/div>\n\n\n\n<div class=\"wp-block-column\">\n<div class=\"wp-block-buttons is-content-justification-center is-vertical\">\n<div class=\"wp-block-button\"><a class=\"wp-block-button__link\" href=\"https:\/\/www.montagnicimes.com\/les-bottieres\/sinformer\/comment-venir\/\">Aller aux botti\u00e8res et sybelles\u00ae<\/a><\/div>\n<\/div>\n<\/div>\n\n\n\n<div class=\"wp-block-column\">\n<div class=\"wp-block-buttons is-content-justification-center is-vertical\">\n<div class=\"wp-block-button\"><a class=\"wp-block-button__link\" href=\"https:\/\/www.montagnicimes.com\/le-grand-coin\/sinformer\/comment-venir\/\">aller \u00e0 l&rsquo;espace nordique du grand-coin<\/a><\/div>\n<\/div>\n<\/div>\n<\/div>\n","protected":false},"excerpt":{"rendered":"<p>Capitale de la vall\u00e9e de la Maurienne, la ville de Saint-Jean-de-Maurienne est un passage oblig\u00e9 pour monter dans vos stations de ski pr\u00e9f\u00e9r\u00e9es. Que ce soit pour vous rendre \u00e0 Albiez, Les Karellis ou dans l\u2019une des stations des Sybelles\u00ae, Saint-Jean-de-Maurienne sera le point de d\u00e9part de votre ascension.<\/p>\n","protected":false},"author":1,"featured_media":8028,"parent":7590,"menu_order":5,"comment_status":"closed","ping_status":"closed","template":"","meta":{"_relevanssi_hide_post":"","_relevanssi_pin_for_all":"","_relevanssi_pin_keywords":"","_relevanssi_unpin_keywords":"","_relevanssi_related_keywords":"","_relevanssi_related_include_ids":"","_relevanssi_related_exclude_ids":"","_relevanssi_related_no_append":"","_relevanssi_related_not_related":"","_relevanssi_related_posts":"493,491,489","_relevanssi_noindex_reason":""},"post_tag":[],"acf":[],"yoast_head":"<!-- This site is optimized with the Yoast SEO plugin v17.6 - https:\/\/yoast.com\/wordpress\/plugins\/seo\/ -->\n<meta name=\"description\" content=\"Capitale de la vall\u00e9e de la Maurienne, la ville de Saint-Jean-de-Maurienne est un passage oblig\u00e9 pour monter dans vos stations de ski pr\u00e9f\u00e9r\u00e9es. Que ce\" \/>\n<meta name=\"robots\" content=\"index, follow, max-snippet:-1, max-image-preview:large, max-video-preview:-1\" \/>\n<link rel=\"canonical\" href=\"https:\/\/www.montagnicimes.com\/st-jean-de-maurienne\/se-divertir\/ski\/\" \/>\n<meta property=\"og:locale\" content=\"fr_FR\" \/>\n<meta property=\"og:type\" content=\"article\" \/>\n<meta property=\"og:title\" content=\"Ski autour de Saint-Jean-de-Maurienne - St-Jean-de-Maurienne\" \/>\n<meta property=\"og:description\" content=\"Capitale de la vall\u00e9e de la Maurienne, la ville de Saint-Jean-de-Maurienne est un passage oblig\u00e9 pour monter dans vos stations de ski pr\u00e9f\u00e9r\u00e9es. Que ce\" \/>\n<meta property=\"og:url\" content=\"https:\/\/www.montagnicimes.com\/st-jean-de-maurienne\/se-divertir\/ski\/\" \/>\n<meta property=\"og:site_name\" content=\"St-Jean-de-Maurienne\" \/>\n<meta property=\"article:modified_time\" content=\"2023-10-26T14:13:35+00:00\" \/>\n<meta property=\"og:image\" content=\"https:\/\/www.montagnicimes.com\/st-jean-de-maurienne\/wp-content\/uploads\/sites\/4\/2021\/10\/station-albiez-\u00a9OTIMontagnicimes.jpg\" \/>\n\t<meta property=\"og:image:width\" content=\"1920\" \/>\n\t<meta property=\"og:image:height\" content=\"1440\" \/>\n<meta name=\"twitter:card\" content=\"summary_large_image\" \/>\n<meta name=\"twitter:label1\" content=\"Dur\u00e9e de lecture estim\u00e9e\" \/>\n\t<meta name=\"twitter:data1\" content=\"1 minute\" \/>\n<script type=\"application\/ld+json\" class=\"yoast-schema-graph\">{\"@context\":\"https:\/\/schema.org\",\"@graph\":[{\"@type\":\"WebSite\",\"@id\":\"https:\/\/www.montagnicimes.com\/st-jean-de-maurienne\/#website\",\"url\":\"https:\/\/www.montagnicimes.com\/st-jean-de-maurienne\/\",\"name\":\"St-Jean-de-Maurienne\",\"description\":\"Office de tourisme Montagnicimes - Saint-Jean-de-Maurienne\",\"potentialAction\":[{\"@type\":\"SearchAction\",\"target\":{\"@type\":\"EntryPoint\",\"urlTemplate\":\"https:\/\/www.montagnicimes.com\/st-jean-de-maurienne\/?s={search_term_string}\"},\"query-input\":\"required name=search_term_string\"}],\"inLanguage\":\"fr-FR\"},{\"@type\":\"ImageObject\",\"@id\":\"https:\/\/www.montagnicimes.com\/st-jean-de-maurienne\/se-divertir\/ski\/#primaryimage\",\"inLanguage\":\"fr-FR\",\"url\":\"https:\/\/www.montagnicimes.com\/st-jean-de-maurienne\/wp-content\/uploads\/sites\/4\/2021\/10\/station-albiez-\\u00a9OTIMontagnicimes.jpg\",\"contentUrl\":\"https:\/\/www.montagnicimes.com\/st-jean-de-maurienne\/wp-content\/uploads\/sites\/4\/2021\/10\/station-albiez-\\u00a9OTIMontagnicimes.jpg\",\"width\":1920,\"height\":1440,\"caption\":\"station albiez\"},{\"@type\":\"WebPage\",\"@id\":\"https:\/\/www.montagnicimes.com\/st-jean-de-maurienne\/se-divertir\/ski\/#webpage\",\"url\":\"https:\/\/www.montagnicimes.com\/st-jean-de-maurienne\/se-divertir\/ski\/\",\"name\":\"Ski autour de Saint-Jean-de-Maurienne - St-Jean-de-Maurienne\",\"isPartOf\":{\"@id\":\"https:\/\/www.montagnicimes.com\/st-jean-de-maurienne\/#website\"},\"primaryImageOfPage\":{\"@id\":\"https:\/\/www.montagnicimes.com\/st-jean-de-maurienne\/se-divertir\/ski\/#primaryimage\"},\"datePublished\":\"2021-09-24T13:13:16+00:00\",\"dateModified\":\"2023-10-26T14:13:35+00:00\",\"description\":\"Capitale de la vall\\u00e9e de la Maurienne, la ville de Saint-Jean-de-Maurienne est un passage oblig\\u00e9 pour monter dans vos stations de ski pr\\u00e9f\\u00e9r\\u00e9es. Que ce\",\"breadcrumb\":{\"@id\":\"https:\/\/www.montagnicimes.com\/st-jean-de-maurienne\/se-divertir\/ski\/#breadcrumb\"},\"inLanguage\":\"fr-FR\",\"potentialAction\":[{\"@type\":\"ReadAction\",\"target\":[\"https:\/\/www.montagnicimes.com\/st-jean-de-maurienne\/se-divertir\/ski\/\"]}]},{\"@type\":\"BreadcrumbList\",\"@id\":\"https:\/\/www.montagnicimes.com\/st-jean-de-maurienne\/se-divertir\/ski\/#breadcrumb\",\"itemListElement\":[{\"@type\":\"ListItem\",\"position\":1,\"name\":\"Accueil\",\"item\":\"https:\/\/www.montagnicimes.com\/st-jean-de-maurienne\/\"},{\"@type\":\"ListItem\",\"position\":2,\"name\":\"Activit\\u00e9s\",\"item\":\"https:\/\/www.montagnicimes.com\/st-jean-de-maurienne\/se-divertir\/\"},{\"@type\":\"ListItem\",\"position\":3,\"name\":\"Ski\"}]}]}<\/script>\n<!-- \/ Yoast SEO plugin. -->","yoast_head_json":{"description":"Capitale de la vall\u00e9e de la Maurienne, la ville de Saint-Jean-de-Maurienne est un passage oblig\u00e9 pour monter dans vos stations de ski pr\u00e9f\u00e9r\u00e9es. Que ce","robots":{"index":"index","follow":"follow","max-snippet":"max-snippet:-1","max-image-preview":"max-image-preview:large","max-video-preview":"max-video-preview:-1"},"canonical":"https:\/\/www.montagnicimes.com\/st-jean-de-maurienne\/se-divertir\/ski\/","og_locale":"fr_FR","og_type":"article","og_title":"Ski autour de Saint-Jean-de-Maurienne - St-Jean-de-Maurienne","og_description":"Capitale de la vall\u00e9e de la Maurienne, la ville de Saint-Jean-de-Maurienne est un passage oblig\u00e9 pour monter dans vos stations de ski pr\u00e9f\u00e9r\u00e9es. Que ce","og_url":"https:\/\/www.montagnicimes.com\/st-jean-de-maurienne\/se-divertir\/ski\/","og_site_name":"St-Jean-de-Maurienne","article_modified_time":"2023-10-26T14:13:35+00:00","og_image":[{"width":1920,"height":1440,"url":"https:\/\/www.montagnicimes.com\/st-jean-de-maurienne\/wp-content\/uploads\/sites\/4\/2021\/10\/station-albiez-\u00a9OTIMontagnicimes.jpg","type":"image\/jpeg"}],"twitter_card":"summary_large_image","twitter_misc":{"Dur\u00e9e de lecture estim\u00e9e":"1 minute"},"schema":{"@context":"https:\/\/schema.org","@graph":[{"@type":"WebSite","@id":"https:\/\/www.montagnicimes.com\/st-jean-de-maurienne\/#website","url":"https:\/\/www.montagnicimes.com\/st-jean-de-maurienne\/","name":"St-Jean-de-Maurienne","description":"Office de tourisme Montagnicimes - Saint-Jean-de-Maurienne","potentialAction":[{"@type":"SearchAction","target":{"@type":"EntryPoint","urlTemplate":"https:\/\/www.montagnicimes.com\/st-jean-de-maurienne\/?s={search_term_string}"},"query-input":"required name=search_term_string"}],"inLanguage":"fr-FR"},{"@type":"ImageObject","@id":"https:\/\/www.montagnicimes.com\/st-jean-de-maurienne\/se-divertir\/ski\/#primaryimage","inLanguage":"fr-FR","url":"https:\/\/www.montagnicimes.com\/st-jean-de-maurienne\/wp-content\/uploads\/sites\/4\/2021\/10\/station-albiez-\u00a9OTIMontagnicimes.jpg","contentUrl":"https:\/\/www.montagnicimes.com\/st-jean-de-maurienne\/wp-content\/uploads\/sites\/4\/2021\/10\/station-albiez-\u00a9OTIMontagnicimes.jpg","width":1920,"height":1440,"caption":"station albiez"},{"@type":"WebPage","@id":"https:\/\/www.montagnicimes.com\/st-jean-de-maurienne\/se-divertir\/ski\/#webpage","url":"https:\/\/www.montagnicimes.com\/st-jean-de-maurienne\/se-divertir\/ski\/","name":"Ski autour de Saint-Jean-de-Maurienne - St-Jean-de-Maurienne","isPartOf":{"@id":"https:\/\/www.montagnicimes.com\/st-jean-de-maurienne\/#website"},"primaryImageOfPage":{"@id":"https:\/\/www.montagnicimes.com\/st-jean-de-maurienne\/se-divertir\/ski\/#primaryimage"},"datePublished":"2021-09-24T13:13:16+00:00","dateModified":"2023-10-26T14:13:35+00:00","description":"Capitale de la vall\u00e9e de la Maurienne, la ville de Saint-Jean-de-Maurienne est un passage oblig\u00e9 pour monter dans vos stations de ski pr\u00e9f\u00e9r\u00e9es. Que ce","breadcrumb":{"@id":"https:\/\/www.montagnicimes.com\/st-jean-de-maurienne\/se-divertir\/ski\/#breadcrumb"},"inLanguage":"fr-FR","potentialAction":[{"@type":"ReadAction","target":["https:\/\/www.montagnicimes.com\/st-jean-de-maurienne\/se-divertir\/ski\/"]}]},{"@type":"BreadcrumbList","@id":"https:\/\/www.montagnicimes.com\/st-jean-de-maurienne\/se-divertir\/ski\/#breadcrumb","itemListElement":[{"@type":"ListItem","position":1,"name":"Accueil","item":"https:\/\/www.montagnicimes.com\/st-jean-de-maurienne\/"},{"@type":"ListItem","position":2,"name":"Activit\u00e9s","item":"https:\/\/www.montagnicimes.com\/st-jean-de-maurienne\/se-divertir\/"},{"@type":"ListItem","position":3,"name":"Ski"}]}]}},"_links":{"self":[{"href":"https:\/\/www.montagnicimes.com\/st-jean-de-maurienne\/wp-json\/wp\/v2\/pages\/7593"}],"collection":[{"href":"https:\/\/www.montagnicimes.com\/st-jean-de-maurienne\/wp-json\/wp\/v2\/pages"}],"about":[{"href":"https:\/\/www.montagnicimes.com\/st-jean-de-maurienne\/wp-json\/wp\/v2\/types\/page"}],"author":[{"embeddable":true,"href":"https:\/\/www.montagnicimes.com\/st-jean-de-maurienne\/wp-json\/wp\/v2\/users\/1"}],"replies":[{"embeddable":true,"href":"https:\/\/www.montagnicimes.com\/st-jean-de-maurienne\/wp-json\/wp\/v2\/comments?post=7593"}],"version-history":[{"count":10,"href":"https:\/\/www.montagnicimes.com\/st-jean-de-maurienne\/wp-json\/wp\/v2\/pages\/7593\/revisions"}],"predecessor-version":[{"id":9600,"href":"https:\/\/www.montagnicimes.com\/st-jean-de-maurienne\/wp-json\/wp\/v2\/pages\/7593\/revisions\/9600"}],"up":[{"embeddable":true,"href":"https:\/\/www.montagnicimes.com\/st-jean-de-maurienne\/wp-json\/wp\/v2\/pages\/7590"}],"wp:featuredmedia":[{"embeddable":true,"href":"https:\/\/www.montagnicimes.com\/st-jean-de-maurienne\/wp-json\/wp\/v2\/media\/8028"}],"wp:attachment":[{"href":"https:\/\/www.montagnicimes.com\/st-jean-de-maurienne\/wp-json\/wp\/v2\/media?parent=7593"}],"wp:term":[{"taxonomy":"post_tag","embeddable":true,"href":"https:\/\/www.montagnicimes.com\/st-jean-de-maurienne\/wp-json\/wp\/v2\/post_tag?post=7593"}],"curies":[{"name":"wp","href":"https:\/\/api.w.org\/{rel}","templated":true}]}}