{"id":7586,"date":"2021-09-24T15:13:12","date_gmt":"2021-09-24T13:13:09","guid":{"rendered":"https:\/\/www.montagnicimes.com\/st-jean-de-maurienne\/notre-terrritoire\/"},"modified":"2023-11-06T11:31:58","modified_gmt":"2023-11-06T10:31:58","slug":"notre-ville","status":"publish","type":"page","link":"https:\/\/www.montagnicimes.com\/st-jean-de-maurienne\/decouvrir\/notre-ville\/","title":{"rendered":"Saint-Jean-de-Maurienne"},"content":{"rendered":"\n<p class=\"is-style-excerpt\">Saint-Jean-de-Maurienne est une commune situ\u00e9e au c\u0153ur de la vall\u00e9e de la Maurienne, la plus m\u00e9ridionale des grandes vall\u00e9es transversales de la Savoie.<\/p>\n\n\n\n<h2>D\u00e9couvrez<\/h2>\n\n\n\n<h3>Riche en histoire et avec une g\u00e9ographie id\u00e9ale, <a href=\"https:\/\/drone-de-regard.fr\/VR\/MCM\/Saint-Jean_Grand-Clocher\/index.htm\" target=\"_blank\" rel=\"noreferrer noopener\">d\u00e9couvrez la ville de Saint-Jean-de-Maurienne.<\/a><\/h3>\n\n\n\n<p>Bien avant que la grande industrie ne fasse de la vall\u00e9e l\u2019un des hauts lieux de la production d\u2019aluminium, on y trouve une foule de petits m\u00e9tiers. Joseph Opinel y cr\u00e9e le c\u00e9l\u00e8bre couteau aujourd\u2019hui connu \u00e0 l\u2019\u00e9chelle mondiale.<\/p>\n\n\n\n<p>Passage oblig\u00e9 entre la France et l\u2019Italie, au pied des plus grands cols alpins, du domaine des Sybelles\u00ae et du parc national de la Vanoise, Saint-Jean-de-Maurienne poss\u00e8de plus d\u2019un atout pour s\u00e9duire les amateurs de nature et de sport. C\u2019est un point de d\u00e9part privil\u00e9gi\u00e9 pour rejoindre les cols de la Croix-de-Fer, du T\u00e9l\u00e9graphe, du Galibier, du Glandon et de la Madeleine.<\/p>\n\n\n\n<p>Capitale historique de la vall\u00e9e, elle en est aussi la capitale \u00e9conomique avec l\u2019usine Trimet un centre important de production d\u2019aluminium, des industries de m\u00e9canique, de transformation de m\u00e9taux, de bois, etc. Saint-Jean-de-Maurienne est \u00e9galement le si\u00e8ge de la Sous-pr\u00e9fecture et dispose de nombreux \u00e9quipements publics.<\/p>\n\n\n\n<p>Plus de 100 commerces sont en activit\u00e9s et chaque samedi matin, un grand march\u00e9 se met en place.<\/p>\n\n\n\n<div class=\"wp-block-strate-full alignfull\">\n\n    <div class=\"wp-block-strate-full-thumbnail\">\n        <img data-src=\"\" alt=\"\">\n    <\/div>\n\n\t\n        <div class=\"wp-block-strate-full-content wp-block-strate-full-content-left\">\n\t\t\t                <p class=\"wp-block-strate-full-content-excerpt\"> La rue Saint-Antoine, \u00e0 Saint-Jean-de-Maurienne. <\/p>\n\t\t\t        <\/div>\n\n\t\n<\/div>\n\n\n\n<h2>Explorez, admirez, fl\u00e2nez<\/h2>\n\n\n\n<h3>D\u00e9couvrez la richesse de la ville de Saint-Jean-de-Maurienne \u00e0 travers ses mus\u00e9es et son patrimoine.&nbsp;<\/h3>\n\n\n\n<div class=\"wp-block wp-block-related-post clear alignfull\">\n    \n    <div class=\"article\">\n                \n            <\/div>\n\n    <div class=\"container\">\n        <div class=\"wp-block-related-post-inner\">\n            <div  data-slides-per-view=\"2\">\n                <div class=\"wp-block-related-post-list wp-block-related-post-list-1\">\n                                            \n<div class=\"postItem swiper-slide\" data-trigger=\"wpiris-click\" >\n    <a href=\"https:\/\/www.montagnicimes.com\/st-jean-de-maurienne\/decouvrir\/notre-patrimoine\/\" nofancybox class=\"postItemThumbnail\">\n        <img data-src=\"https:\/\/www.montagnicimes.com\/st-jean-de-maurienne\/wp-content\/uploads\/sites\/4\/wpiris-images\/9050\/musee-des-cosutumes-salle-objet-\u00a9G.Cosnefroy-590x440-c.jpg\" alt=\"Notre patrimoine\">\n    <\/a>\n    <div class=\"postItemContent\">\n\n        <div class=\"postItemContentHeading\">\n            \n<div class=\"postItemContentHeadingOntitle\">\n    D\u00e9couvrir<\/div>\n                        <h3 class=\"postItemContentTitle\" >\n                <a href=\"https:\/\/www.montagnicimes.com\/st-jean-de-maurienne\/decouvrir\/notre-patrimoine\/\">Notre patrimoine<\/a>\n            <\/h3>                    <\/div>\n        \n<div class=\"postItemContentExcerpt\">\n    La ville de Saint-Jean-de-Maurienne, nich\u00e9e au c\u0153ur d&rsquo;un riche patrimoine culturel, vous invite \u00e0 explorer ses tr\u00e9sors les plus fascinants. \u00c0 travers des mus\u00e9es captivants et des visites guid\u00e9es passionnantes, laissez-vous emporter \u00e0 la d\u00e9couverte de tout ce que cette charmante cit\u00e9 a \u00e0 vous offrir. Parmi les exp\u00e9riences inoubliables \u00e0 vivre ici, ne manquez [&hellip;]<\/div>\n    <\/div>\n<\/div>\n                                    <\/div>\n            <\/div>\n        <\/div>\n    <\/div>\n<\/div>\n\n\n<h4>Nos mus\u00e9es<\/h4>\n\n\n\n<p>La ville de Saint-Jean-de-Maurienne vous propose des mus\u00e9es et \u00e9comus\u00e9es tr\u00e8s diversifi\u00e9s&nbsp;! Venez les visiter&nbsp;!<\/p>\n\n\n\n<p>Le Mus\u00e9e des Costumes, Arts et Traditions Populaires, le Mus\u00e9e OPINEL, l\u2019\u00e9comus\u00e9e du Moulin \u00e0 Jarrier et l\u2019\u00e9comus\u00e9e Le Temps d\u2019Antan \u00e0 Albiez-Montrond vous ouvrent leurs portes.<\/p>\n\n\n\n<p>Gardiens du patrimoine savoyard et mauriennais, nos mus\u00e9es et \u00e9comus\u00e9es vous feront d\u00e9couvrir le territoire, son histoire et ses secrets.<\/p>\n\n\n\n<figure class=\"wp-block-image size-large\"><img loading=\"lazy\" width=\"1200\" height=\"800\" data-src=\"https:\/\/www.montagnicimes.com\/st-jean-de-maurienne\/wp-content\/uploads\/sites\/4\/2021\/11\/Exposition-grande-salle-ancien-ecevhe-\u00a9G.Cosnefroy-1200x800.jpg\" alt=\"Exposition grande salle ancien eveche \u00a9G.Cosnefroy\" class=\"wp-image-8998\" data-srcset=\"https:\/\/www.montagnicimes.com\/st-jean-de-maurienne\/wp-content\/uploads\/sites\/4\/2021\/11\/Exposition-grande-salle-ancien-ecevhe-\u00a9G.Cosnefroy-1200x800.jpg 1200w, https:\/\/www.montagnicimes.com\/st-jean-de-maurienne\/wp-content\/uploads\/sites\/4\/2021\/11\/Exposition-grande-salle-ancien-ecevhe-\u00a9G.Cosnefroy-600x400.jpg 600w, https:\/\/www.montagnicimes.com\/st-jean-de-maurienne\/wp-content\/uploads\/sites\/4\/2021\/11\/Exposition-grande-salle-ancien-ecevhe-\u00a9G.Cosnefroy-768x512.jpg 768w, https:\/\/www.montagnicimes.com\/st-jean-de-maurienne\/wp-content\/uploads\/sites\/4\/2021\/11\/Exposition-grande-salle-ancien-ecevhe-\u00a9G.Cosnefroy-1536x1024.jpg 1536w, https:\/\/www.montagnicimes.com\/st-jean-de-maurienne\/wp-content\/uploads\/sites\/4\/2021\/11\/Exposition-grande-salle-ancien-ecevhe-\u00a9G.Cosnefroy-200x133.jpg 200w, https:\/\/www.montagnicimes.com\/st-jean-de-maurienne\/wp-content\/uploads\/sites\/4\/2021\/11\/Exposition-grande-salle-ancien-ecevhe-\u00a9G.Cosnefroy.jpg 1920w\" sizes=\"(max-width: 1200px) 100vw, 1200px\" \/><figcaption>\u00a9OTIMontagnicmes<\/figcaption><\/figure>\n\n\n\n<h4>Le patrimoine culturel<\/h4>\n\n\n\n<p>D\u00e9couvrez Saint-Jean-de-Maurienne, capitale \u00e9piscopale depuis 15 si\u00e8cle et ses 8 villages. Petit patrimoine, \u00e9glises, cath\u00e9drales, etc&#8230; la destination a su conserver et mettre en valeur toutes les richesses de ce patrimoine.<\/p>\n\n\n\n<p>Au c\u0153ur de la ville, venez visiter la Cath\u00e9drale Saint-Jean-Baptiste. Edifi\u00e9e au VI\u00e8me si\u00e8cle, reconstruite au XI\u00e8me, elle rec\u00e8le dans ses murs quelques \u00e9l\u00e9ments de sculpture de l\u2019\u00e9difice primitif. Son porche n\u00e9o-classique fut ajout\u00e9 en 1771 pour abriter le tombeau de trois des premiers princes de la Maison de Savoie : Humbert aux Blanches Mains (le fondateur), Am\u00e9d\u00e9e \u00ab la Queue \u00bb et Boniface \u00ab le Roland \u00bb.<\/p>\n\n\n\n<p>Faites aussi un arr\u00eat au clo\u00eetre, vous ne regretterez pas ce d\u00e9tour. Edifi\u00e9 en 1450 entre le r\u00e9fectoire des chanoines et la cath\u00e9drale, il est un bel exemple d\u2019art gothique. Depuis sa trav\u00e9e sud, on peut acc\u00e9der \u00e0 une crypte qui s\u2019\u00e9tend sous le ch\u0153ur de la cath\u00e9drale.<br><\/p>\n\n\n\n<div class=\"wp-block-strate-full alignfull\">\n\n    <div class=\"wp-block-strate-full-thumbnail\">\n        <img data-src=\"https:\/\/www.montagnicimes.com\/st-jean-de-maurienne\/wp-content\/uploads\/sites\/4\/wpiris-images\/8999\/fontaine-deau-du-cloitre-1600x900-c.jpg\" alt=\"fontaine d&rsquo;eau du cloitre \u00a9OTIMontagnicimes\">\n    <\/div>\n\n\t\n        <div class=\"wp-block-strate-full-content wp-block-strate-full-content-left\">\n\t\t\t                <p class=\"wp-block-strate-full-content-excerpt\"> L\u2019\u00e9t\u00e9, son magnifique jardin rec\u00e8le de merveilleuses roses rouges et la tranquillit\u00e9 qui y r\u00e8gne en fait un lieu id\u00e9al pour le repos ou la lecture. <\/p>\n\t\t\t        <\/div>\n\n\t\n<\/div>\n\n\n\n<h4>Visite d\u00e9couverte<\/h4>\n\n\n\n<h5>Sur les traces des 3 doigts de Saint Jean-Baptiste<\/h5>\n\n\n\n<p>Sa r\u00e9putation n\u2019est pas toujours bonne et pourtant laissez-vous aiguiller vers ses ruelles typiques et color\u00e9es, ses places bord\u00e9es de portiques et de soleil, dans un paysage de montagne.<\/p>\n\n\n\n<p>Ce n\u2019est pas la capitale de la vall\u00e9e pour rien ! D\u00e9couvrez la ville en fl\u00e2nant ou en suivant notre parcours de d\u00e9couverte (en t\u00e9l\u00e9chargement ou \u00e0 r\u00e9cup\u00e9rer \u00e0 l\u2019office de tourisme).<\/p>\n\n\n\n<p>Sous forme ludique, n\u2019h\u00e9sitez pas \u00e0 revenir \u00e0 l\u2019office de tourisme apr\u00e8s votre parcours pour une petite surprise offerte aux plus observateurs.<\/p>\n\n\n\n<div class=\"wp-block-buttons\">\n<div class=\"wp-block-button\"><a class=\"wp-block-button__link\" href=\"https:\/\/www.montagnicimes.com\/st-jean-de-maurienne\/wp-content\/uploads\/sites\/4\/2021\/09\/200510-Guide_Parcours_Decouverte_V2021.pdf\" target=\"_blank\" rel=\"noreferrer noopener\">t\u00e9l\u00e9chargez le parcours d\u00e9couverte<\/a><\/div>\n<\/div>\n\n\n\n<h2>H\u00e9bergements, restaurations et loisirs<\/h2>\n\n\n\n<p>Si apr\u00e8s de longues heures de trajets en voiture, moto ou encore en v\u00e9lo la fatigue vous gagne, un petit arr\u00eat dans nos charmants h\u00f4tels ou campings ne pourra pas vous faire de mal. Ici, comme le territoire ou les habitants, nos logements ont du caract\u00e8re.<\/p>\n\n\n\n<p>Suite \u00e0 une petite randonn\u00e9e ou apr\u00e8s avoir visit\u00e9 notre patrimoine, venez vous ressourcer, en famille ou entre amis dans l\u2019un des lieux de restaurations au sein du c\u0153ur historique de la ville.<\/p>\n\n\n\n<div class=\"wp-block wp-block-related-post clear alignfull\">\n    \n    <div class=\"article\">\n                \n            <\/div>\n\n    <div class=\"container\">\n        <div class=\"wp-block-related-post-inner\">\n            <div data-id=\"wpiris-related-post\" data-slides-per-view=\"2\">\n                <div data-id=\"wpiris-related-post-wrapper\">\n                                            \n<div class=\"postItem swiper-slide\" data-trigger=\"wpiris-click\" >\n    <a href=\"https:\/\/www.montagnicimes.com\/st-jean-de-maurienne\/sorganiser\/hebergements\/hotels\/\" nofancybox class=\"postItemThumbnail\">\n        <img data-src=\"https:\/\/www.montagnicimes.com\/st-jean-de-maurienne\/wp-content\/uploads\/sites\/4\/wpiris-images\/11983\/LOBBY-1-590x440-c.jpg\" alt=\"H\u00f4tels\">\n    <\/a>\n    <div class=\"postItemContent\">\n\n        <div class=\"postItemContentHeading\">\n            \n<div class=\"postItemContentHeadingOntitle\">\n    H\u00e9bergements<\/div>\n                        <h3 class=\"postItemContentTitle\" >\n                <a href=\"https:\/\/www.montagnicimes.com\/st-jean-de-maurienne\/sorganiser\/hebergements\/hotels\/\">H\u00f4tels<\/a>\n            <\/h3>                    <\/div>\n        \n<div class=\"postItemContentExcerpt\">\n    Vous souhaitez passer un s\u00e9jour en toute simplicit\u00e9 dans nos h\u00f4tels de centre-ville, vous trouverez votre bonheur.<\/div>\n    <\/div>\n<\/div>\n                                            \n<div class=\"postItem swiper-slide\" data-trigger=\"wpiris-click\" >\n    <a href=\"https:\/\/www.montagnicimes.com\/st-jean-de-maurienne\/sorganiser\/hebergements\/gites-et-chambres-dhotes\/\" nofancybox class=\"postItemThumbnail\">\n        <img data-src=\"https:\/\/www.montagnicimes.com\/st-jean-de-maurienne\/wp-content\/uploads\/sites\/4\/wpiris-images\/11985\/16136748-diaporama-590x440-c.jpg\" alt=\"G\u00eetes et Chambres d&rsquo;h\u00f4tes\">\n    <\/a>\n    <div class=\"postItemContent\">\n\n        <div class=\"postItemContentHeading\">\n            \n<div class=\"postItemContentHeadingOntitle\">\n    H\u00e9bergements<\/div>\n                        <h3 class=\"postItemContentTitle\" >\n                <a href=\"https:\/\/www.montagnicimes.com\/st-jean-de-maurienne\/sorganiser\/hebergements\/gites-et-chambres-dhotes\/\">G\u00eetes et Chambres d&rsquo;h\u00f4tes<\/a>\n            <\/h3>                    <\/div>\n        \n<div class=\"postItemContentExcerpt\">\n    Du cocon douillet de la chambre d&rsquo;h\u00f4te au g\u00eete vous serez s\u00e9duit par nos h\u00e9bergements.<\/div>\n    <\/div>\n<\/div>\n                                    <\/div>\n            <\/div>\n        <\/div>\n    <\/div>\n<\/div>\n\n\n<div class=\"wp-block wp-block-related-post clear alignfull\">\n\n    <div class=\"article\">\n                    <h2 class=\"wp-block-related-post-title\">Nos restaurants<\/h2>\n        \n            <\/div>\n\n    <div class=\"container\">\n        <div class=\"wp-block-related-post-inner\">\n            <div data-id=\"wpiris-related-post\" data-slides-per-view=\"2\">\n                <div data-id=\"wpiris-related-post-wrapper\">\n                                            \n<div class=\"postItem swiper-slide\" data-trigger=\"wpiris-click\" >\n    <a href=\"https:\/\/www.montagnicimes.com\/st-jean-de-maurienne\/restaurant\/chez-deniz\/\" nofancybox class=\"postItemThumbnail\">\n        <img data-src=\"https:\/\/www.montagnicimes.com\/st-jean-de-maurienne\/wp-content\/uploads\/sites\/4\/wpiris-images\/14495\/36545097-diaporama-590x440-c.jpg\" alt=\"Chez Deniz\">\n    <\/a>\n    <div class=\"postItemContent\">\n\n        <div class=\"postItemContentHeading\">\n                                    <h3 class=\"postItemContentTitle\" >\n                <a href=\"https:\/\/www.montagnicimes.com\/st-jean-de-maurienne\/restaurant\/chez-deniz\/\">Chez Deniz<\/a>\n            <\/h3>                    <\/div>\n        \n<div class=\"postItemContentExcerpt\">\n    Chez Deniz vous invite \u00e0 une pause gourmande dans une ambiance chaleureuse et conviviale.\nUne cuisine g\u00e9n\u00e9reuse et vari\u00e9e : pizzas, salades fra\u00eeches, p\u00e2tes, bruschettas, ainsi que d\u2019autres plats pr\u00e9par\u00e9s avec soin pour satisfaire toutes les envies.<\/div>\n    <\/div>\n<\/div>\n                                            \n<div class=\"postItem swiper-slide\" data-trigger=\"wpiris-click\" >\n    <a href=\"https:\/\/www.montagnicimes.com\/st-jean-de-maurienne\/restaurant\/letoile-de-breizh\/\" nofancybox class=\"postItemThumbnail\">\n        <img data-src=\"https:\/\/www.montagnicimes.com\/st-jean-de-maurienne\/wp-content\/uploads\/sites\/4\/wpiris-images\/14484\/36310199-diaporama-590x440-c.png\" alt=\"L&rsquo;Etoile de Breizh\">\n    <\/a>\n    <div class=\"postItemContent\">\n\n        <div class=\"postItemContentHeading\">\n                                    <h3 class=\"postItemContentTitle\" >\n                <a href=\"https:\/\/www.montagnicimes.com\/st-jean-de-maurienne\/restaurant\/letoile-de-breizh\/\">L&rsquo;Etoile de Breizh<\/a>\n            <\/h3>                    <\/div>\n        \n<div class=\"postItemContentExcerpt\">\n    Galettes de bl\u00e9 noir (sarrasin) et cr\u00eapes de froment, pr\u00e9par\u00e9es sur place avec des ingr\u00e9dients locaux. La cr\u00eaperie L\u2019Etoile de Breizh vous invite \u00e0 savourer une v\u00e9ritable parenth\u00e8se bretonne !<\/div>\n    <\/div>\n<\/div>\n                                            \n<div class=\"postItem swiper-slide\" data-trigger=\"wpiris-click\" >\n    <a href=\"https:\/\/www.montagnicimes.com\/st-jean-de-maurienne\/restaurant\/la-table-et-lardoise-restaurant-de-lhotel-coeur-de-maurienne-by-best-western\/\" nofancybox class=\"postItemThumbnail\">\n        <img data-src=\"https:\/\/www.montagnicimes.com\/st-jean-de-maurienne\/wp-content\/uploads\/sites\/4\/wpiris-images\/14901\/40025839-diaporama-590x440-c.jpg\" alt=\"La table et l&rsquo;ardoise &#8211; Restaurant de l&rsquo;h\u00f4tel C\u0153ur de Maurienne by Best Western\">\n    <\/a>\n    <div class=\"postItemContent\">\n\n        <div class=\"postItemContentHeading\">\n                                    <h3 class=\"postItemContentTitle\" >\n                <a href=\"https:\/\/www.montagnicimes.com\/st-jean-de-maurienne\/restaurant\/la-table-et-lardoise-restaurant-de-lhotel-coeur-de-maurienne-by-best-western\/\">La table et l&rsquo;ardoise &#8211; Restaurant de l&rsquo;h\u00f4tel C\u0153ur de Maurienne by Best Western<\/a>\n            <\/h3>                    <\/div>\n        \n<div class=\"postItemContentExcerpt\">\n    L&rsquo;h\u00f4tel C\u0153ur de Maurienne by Best Western vous ouvre les portes de son restaurant bistronomique. D\u00e9couvrez sa cuisine \u00e0 base de produits frais provenant de circuits courts, valorisant le travail des producteurs, leurs savoirs et leurs valeurs.<\/div>\n    <\/div>\n<\/div>\n                                    <\/div>\n            <\/div>\n        <\/div>\n    <\/div>\n\n    <div class=\"article\">\n                    <div class=\"wp-block-related-post-permalink\">\n                <a class=\"button\" href=\"https:\/\/www.montagnicimes.com\/st-jean-de-maurienne\/sorganiser\/restaurants\/\" title='Nos restaurants'>Tout voir<\/a>\n            <\/div>\n            <\/div>\n<\/div>\n\n\n<h2>Instant culture<\/h2>\n\n\n\n<p>Pour vous divertir, la ville de Saint-Jean-de-Maurienne propose aussi des lieux culturels tels qu\u2019un cin\u00e9ma, un th\u00e9\u00e2tre et une m\u00e9diath\u00e8que. Pour de plus amples informations, nous vous invitons \u00e0 contacter l\u2019Office de Tourisme Montagnicimes ou l\u2019\u00e9tablissement en question directement.<\/p>\n\n\n\n<div class=\"wp-block wp-block-related-post clear alignfull\">\n    \n    <div class=\"article\">\n                \n            <\/div>\n\n    <div class=\"container\">\n        <div class=\"wp-block-related-post-inner\">\n            <div data-id=\"wpiris-related-post\" data-slides-per-view=\"2\">\n                <div data-id=\"wpiris-related-post-wrapper\">\n                                            \n<div class=\"postItem swiper-slide\" data-trigger=\"wpiris-click\" >\n    <a href=\"https:\/\/www.montagnicimes.com\/st-jean-de-maurienne\/l-agenda\/cinema\/\" nofancybox class=\"postItemThumbnail\">\n        <img data-src=\"https:\/\/www.montagnicimes.com\/st-jean-de-maurienne\/wp-content\/uploads\/sites\/4\/wpiris-images\/9175\/cinema-590x440-c.jpg\" alt=\"Cin\u00e9ma\">\n    <\/a>\n    <div class=\"postItemContent\">\n\n        <div class=\"postItemContentHeading\">\n            \n<div class=\"postItemContentHeadingOntitle\">\n    L&rsquo;Agenda<\/div>\n                        <h3 class=\"postItemContentTitle\" >\n                <a href=\"https:\/\/www.montagnicimes.com\/st-jean-de-maurienne\/l-agenda\/cinema\/\">Cin\u00e9ma<\/a>\n            <\/h3>                    <\/div>\n        \n<div class=\"postItemContentExcerpt\">\n    Vivez une exp\u00e9rience cin\u00e9matographique avec Montagnicimes. Seul ou accompagn\u00e9, profitez d\u2019un moment unique dans un de nos cin\u00e9mas. Rendez-vous \u00e0 Saint-Jean-de-Maurienne au cin\u00e9ma Star.<\/div>\n    <\/div>\n<\/div>\n                                            \n<div class=\"postItem swiper-slide\" data-trigger=\"wpiris-click\" >\n    <a href=\"https:\/\/www.montagnicimes.com\/st-jean-de-maurienne\/l-agenda\/theatre\/\" nofancybox class=\"postItemThumbnail\">\n        <img data-src=\"https:\/\/www.montagnicimes.com\/st-jean-de-maurienne\/wp-content\/uploads\/sites\/4\/wpiris-images\/8027\/RockCab-theatre-2_GCosnefroy_2021-590x440-c.jpg\" alt=\"Th\u00e9\u00e2tre\">\n    <\/a>\n    <div class=\"postItemContent\">\n\n        <div class=\"postItemContentHeading\">\n            \n<div class=\"postItemContentHeadingOntitle\">\n    L&rsquo;Agenda<\/div>\n                        <h3 class=\"postItemContentTitle\" >\n                <a href=\"https:\/\/www.montagnicimes.com\/st-jean-de-maurienne\/l-agenda\/theatre\/\">Th\u00e9\u00e2tre<\/a>\n            <\/h3>                    <\/div>\n        \n<div class=\"postItemContentExcerpt\">\n    Le th\u00e9\u00e2tre G\u00e9rard Philipe vous ouvre ses portes. Situ\u00e9 sur l\u2019Esplanade Giaveno, Place de la Cath\u00e9drale \u00e0 Saint-Jean-de-Maurienne. En plein c\u0153ur de la vall\u00e9e de la Maurienne en Savoie, il a \u00e9t\u00e9 r\u00e9nov\u00e9 en 2014. Ce th\u00e9\u00e2tre est un lieu o\u00f9 la culture rayonne entre spectacles, galas et concerts. Depuis plusieurs ann\u00e9es, il s\u2019ouvre aussi [&hellip;]<\/div>\n    <\/div>\n<\/div>\n                                            \n<div class=\"postItem swiper-slide\" data-trigger=\"wpiris-click\" >\n    <a href=\"https:\/\/www.montagnicimes.com\/st-jean-de-maurienne\/equipement\/mediatheque-louise-de-savoie\/\" nofancybox class=\"postItemThumbnail\">\n        <img data-src=\"https:\/\/www.montagnicimes.com\/st-jean-de-maurienne\/wp-content\/uploads\/sites\/4\/wpiris-images\/11413\/17893499-diaporama-590x440-c.jpg\" alt=\"M\u00e9diath\u00e8que Louise de Savoie\">\n    <\/a>\n    <div class=\"postItemContent\">\n\n        <div class=\"postItemContentHeading\">\n                                    <h3 class=\"postItemContentTitle\" >\n                <a href=\"https:\/\/www.montagnicimes.com\/st-jean-de-maurienne\/equipement\/mediatheque-louise-de-savoie\/\">M\u00e9diath\u00e8que Louise de Savoie<\/a>\n            <\/h3>                    <\/div>\n        \n<div class=\"postItemContentExcerpt\">\n    L\u2019Espace culturel de Saint-Jean-de-Maurienne regroupe la m\u00e9diath\u00e8que Louise de Savoie et les services d&rsquo;archives municipaux.\nLa m\u00e9diath\u00e8que, en plus de ses rayons Jeunesse, Adulte et Image et son, dispose de 8 ordinateurs et d&rsquo;un acc\u00e8s WIFI.<\/div>\n    <\/div>\n<\/div>\n                                    <\/div>\n            <\/div>\n        <\/div>\n    <\/div>\n<\/div>","protected":false},"excerpt":{"rendered":"<p>Saint-Jean-de-Maurienne est une commune situ\u00e9e au c\u0153ur de la vall\u00e9e de la Maurienne, la plus m\u00e9ridionale des grandes vall\u00e9es transversales de la Savoie. D\u00e9couvrez Riche en histoire et avec une g\u00e9ographie id\u00e9ale, d\u00e9couvrez la ville de Saint-Jean-de-Maurienne. Bien avant que la grande industrie ne fasse de la vall\u00e9e l\u2019un des hauts lieux de la production [&hellip;]<\/p>\n","protected":false},"author":1,"featured_media":11439,"parent":7571,"menu_order":1,"comment_status":"closed","ping_status":"closed","template":"","meta":{"_relevanssi_hide_post":"","_relevanssi_pin_for_all":"","_relevanssi_pin_keywords":"","_relevanssi_unpin_keywords":"","_relevanssi_related_keywords":"","_relevanssi_related_include_ids":"","_relevanssi_related_exclude_ids":"","_relevanssi_related_no_append":"","_relevanssi_related_not_related":"","_relevanssi_related_posts":"493,491,489","_relevanssi_noindex_reason":""},"post_tag":[],"acf":[],"yoast_head":"<!-- This site is optimized with the Yoast SEO plugin v17.6 - https:\/\/yoast.com\/wordpress\/plugins\/seo\/ -->\n<meta name=\"description\" content=\"Saint-Jean-de-Maurienne est une commune situ\u00e9e au c\u0153ur de la vall\u00e9e de la Maurienne, la plus m\u00e9ridionale des grandes vall\u00e9es transversales de la Savoie.\" \/>\n<meta name=\"robots\" content=\"index, follow, max-snippet:-1, max-image-preview:large, max-video-preview:-1\" \/>\n<link rel=\"canonical\" href=\"https:\/\/www.montagnicimes.com\/st-jean-de-maurienne\/decouvrir\/notre-ville\/\" \/>\n<meta property=\"og:locale\" content=\"fr_FR\" \/>\n<meta property=\"og:type\" content=\"article\" \/>\n<meta property=\"og:title\" content=\"La ville de Saint-Jean-de-Mauriennen histoire et patrimoine\" \/>\n<meta property=\"og:description\" content=\"Saint-Jean-de-Maurienne est une commune situ\u00e9e au c\u0153ur de la vall\u00e9e de la Maurienne, la plus m\u00e9ridionale des grandes vall\u00e9es transversales de la Savoie.\" \/>\n<meta property=\"og:url\" content=\"https:\/\/www.montagnicimes.com\/st-jean-de-maurienne\/decouvrir\/notre-ville\/\" \/>\n<meta property=\"og:site_name\" content=\"St-Jean-de-Maurienne\" \/>\n<meta property=\"article:modified_time\" content=\"2023-11-06T10:31:58+00:00\" \/>\n<meta property=\"og:image\" content=\"https:\/\/www.montagnicimes.com\/st-jean-de-maurienne\/wp-content\/uploads\/sites\/4\/2023\/06\/LES-ARCADES-PATRIMOINE-SAINT-JEAN-DE-MAURIENNE-1.jpg\" \/>\n\t<meta property=\"og:image:width\" content=\"1920\" \/>\n\t<meta property=\"og:image:height\" content=\"1280\" \/>\n<meta name=\"twitter:card\" content=\"summary_large_image\" \/>\n<meta name=\"twitter:label1\" content=\"Dur\u00e9e de lecture estim\u00e9e\" \/>\n\t<meta name=\"twitter:data1\" content=\"4 minutes\" \/>\n<script type=\"application\/ld+json\" class=\"yoast-schema-graph\">{\"@context\":\"https:\/\/schema.org\",\"@graph\":[{\"@type\":\"WebSite\",\"@id\":\"https:\/\/www.montagnicimes.com\/st-jean-de-maurienne\/#website\",\"url\":\"https:\/\/www.montagnicimes.com\/st-jean-de-maurienne\/\",\"name\":\"St-Jean-de-Maurienne\",\"description\":\"Office de tourisme Montagnicimes - Saint-Jean-de-Maurienne\",\"potentialAction\":[{\"@type\":\"SearchAction\",\"target\":{\"@type\":\"EntryPoint\",\"urlTemplate\":\"https:\/\/www.montagnicimes.com\/st-jean-de-maurienne\/?s={search_term_string}\"},\"query-input\":\"required name=search_term_string\"}],\"inLanguage\":\"fr-FR\"},{\"@type\":\"ImageObject\",\"@id\":\"https:\/\/www.montagnicimes.com\/st-jean-de-maurienne\/decouvrir\/notre-ville\/#primaryimage\",\"inLanguage\":\"fr-FR\",\"url\":\"https:\/\/www.montagnicimes.com\/st-jean-de-maurienne\/wp-content\/uploads\/sites\/4\/2023\/06\/LES-ARCADES-PATRIMOINE-SAINT-JEAN-DE-MAURIENNE-1.jpg\",\"contentUrl\":\"https:\/\/www.montagnicimes.com\/st-jean-de-maurienne\/wp-content\/uploads\/sites\/4\/2023\/06\/LES-ARCADES-PATRIMOINE-SAINT-JEAN-DE-MAURIENNE-1.jpg\",\"width\":1920,\"height\":1280,\"caption\":\"LES ARCADES - PATRIMOINE - SAINT-JEAN-DE-MAURIENNE (1)\"},{\"@type\":\"WebPage\",\"@id\":\"https:\/\/www.montagnicimes.com\/st-jean-de-maurienne\/decouvrir\/notre-ville\/#webpage\",\"url\":\"https:\/\/www.montagnicimes.com\/st-jean-de-maurienne\/decouvrir\/notre-ville\/\",\"name\":\"La ville de Saint-Jean-de-Mauriennen histoire et patrimoine\",\"isPartOf\":{\"@id\":\"https:\/\/www.montagnicimes.com\/st-jean-de-maurienne\/#website\"},\"primaryImageOfPage\":{\"@id\":\"https:\/\/www.montagnicimes.com\/st-jean-de-maurienne\/decouvrir\/notre-ville\/#primaryimage\"},\"datePublished\":\"2021-09-24T13:13:09+00:00\",\"dateModified\":\"2023-11-06T10:31:58+00:00\",\"description\":\"Saint-Jean-de-Maurienne est une commune situ\\u00e9e au c\\u0153ur de la vall\\u00e9e de la Maurienne, la plus m\\u00e9ridionale des grandes vall\\u00e9es transversales de la Savoie.\",\"breadcrumb\":{\"@id\":\"https:\/\/www.montagnicimes.com\/st-jean-de-maurienne\/decouvrir\/notre-ville\/#breadcrumb\"},\"inLanguage\":\"fr-FR\",\"potentialAction\":[{\"@type\":\"ReadAction\",\"target\":[\"https:\/\/www.montagnicimes.com\/st-jean-de-maurienne\/decouvrir\/notre-ville\/\"]}]},{\"@type\":\"BreadcrumbList\",\"@id\":\"https:\/\/www.montagnicimes.com\/st-jean-de-maurienne\/decouvrir\/notre-ville\/#breadcrumb\",\"itemListElement\":[{\"@type\":\"ListItem\",\"position\":1,\"name\":\"Accueil\",\"item\":\"https:\/\/www.montagnicimes.com\/st-jean-de-maurienne\/\"},{\"@type\":\"ListItem\",\"position\":2,\"name\":\"D\\u00e9couvrir\",\"item\":\"https:\/\/www.montagnicimes.com\/st-jean-de-maurienne\/decouvrir\/\"},{\"@type\":\"ListItem\",\"position\":3,\"name\":\"Saint-Jean-de-Maurienne\"}]}]}<\/script>\n<!-- \/ Yoast SEO plugin. -->","yoast_head_json":{"description":"Saint-Jean-de-Maurienne est une commune situ\u00e9e au c\u0153ur de la vall\u00e9e de la Maurienne, la plus m\u00e9ridionale des grandes vall\u00e9es transversales de la Savoie.","robots":{"index":"index","follow":"follow","max-snippet":"max-snippet:-1","max-image-preview":"max-image-preview:large","max-video-preview":"max-video-preview:-1"},"canonical":"https:\/\/www.montagnicimes.com\/st-jean-de-maurienne\/decouvrir\/notre-ville\/","og_locale":"fr_FR","og_type":"article","og_title":"La ville de Saint-Jean-de-Mauriennen histoire et patrimoine","og_description":"Saint-Jean-de-Maurienne est une commune situ\u00e9e au c\u0153ur de la vall\u00e9e de la Maurienne, la plus m\u00e9ridionale des grandes vall\u00e9es transversales de la Savoie.","og_url":"https:\/\/www.montagnicimes.com\/st-jean-de-maurienne\/decouvrir\/notre-ville\/","og_site_name":"St-Jean-de-Maurienne","article_modified_time":"2023-11-06T10:31:58+00:00","og_image":[{"width":1920,"height":1280,"url":"https:\/\/www.montagnicimes.com\/st-jean-de-maurienne\/wp-content\/uploads\/sites\/4\/2023\/06\/LES-ARCADES-PATRIMOINE-SAINT-JEAN-DE-MAURIENNE-1.jpg","type":"image\/jpeg"}],"twitter_card":"summary_large_image","twitter_misc":{"Dur\u00e9e de lecture estim\u00e9e":"4 minutes"},"schema":{"@context":"https:\/\/schema.org","@graph":[{"@type":"WebSite","@id":"https:\/\/www.montagnicimes.com\/st-jean-de-maurienne\/#website","url":"https:\/\/www.montagnicimes.com\/st-jean-de-maurienne\/","name":"St-Jean-de-Maurienne","description":"Office de tourisme Montagnicimes - Saint-Jean-de-Maurienne","potentialAction":[{"@type":"SearchAction","target":{"@type":"EntryPoint","urlTemplate":"https:\/\/www.montagnicimes.com\/st-jean-de-maurienne\/?s={search_term_string}"},"query-input":"required name=search_term_string"}],"inLanguage":"fr-FR"},{"@type":"ImageObject","@id":"https:\/\/www.montagnicimes.com\/st-jean-de-maurienne\/decouvrir\/notre-ville\/#primaryimage","inLanguage":"fr-FR","url":"https:\/\/www.montagnicimes.com\/st-jean-de-maurienne\/wp-content\/uploads\/sites\/4\/2023\/06\/LES-ARCADES-PATRIMOINE-SAINT-JEAN-DE-MAURIENNE-1.jpg","contentUrl":"https:\/\/www.montagnicimes.com\/st-jean-de-maurienne\/wp-content\/uploads\/sites\/4\/2023\/06\/LES-ARCADES-PATRIMOINE-SAINT-JEAN-DE-MAURIENNE-1.jpg","width":1920,"height":1280,"caption":"LES ARCADES - PATRIMOINE - SAINT-JEAN-DE-MAURIENNE (1)"},{"@type":"WebPage","@id":"https:\/\/www.montagnicimes.com\/st-jean-de-maurienne\/decouvrir\/notre-ville\/#webpage","url":"https:\/\/www.montagnicimes.com\/st-jean-de-maurienne\/decouvrir\/notre-ville\/","name":"La ville de Saint-Jean-de-Mauriennen histoire et patrimoine","isPartOf":{"@id":"https:\/\/www.montagnicimes.com\/st-jean-de-maurienne\/#website"},"primaryImageOfPage":{"@id":"https:\/\/www.montagnicimes.com\/st-jean-de-maurienne\/decouvrir\/notre-ville\/#primaryimage"},"datePublished":"2021-09-24T13:13:09+00:00","dateModified":"2023-11-06T10:31:58+00:00","description":"Saint-Jean-de-Maurienne est une commune situ\u00e9e au c\u0153ur de la vall\u00e9e de la Maurienne, la plus m\u00e9ridionale des grandes vall\u00e9es transversales de la Savoie.","breadcrumb":{"@id":"https:\/\/www.montagnicimes.com\/st-jean-de-maurienne\/decouvrir\/notre-ville\/#breadcrumb"},"inLanguage":"fr-FR","potentialAction":[{"@type":"ReadAction","target":["https:\/\/www.montagnicimes.com\/st-jean-de-maurienne\/decouvrir\/notre-ville\/"]}]},{"@type":"BreadcrumbList","@id":"https:\/\/www.montagnicimes.com\/st-jean-de-maurienne\/decouvrir\/notre-ville\/#breadcrumb","itemListElement":[{"@type":"ListItem","position":1,"name":"Accueil","item":"https:\/\/www.montagnicimes.com\/st-jean-de-maurienne\/"},{"@type":"ListItem","position":2,"name":"D\u00e9couvrir","item":"https:\/\/www.montagnicimes.com\/st-jean-de-maurienne\/decouvrir\/"},{"@type":"ListItem","position":3,"name":"Saint-Jean-de-Maurienne"}]}]}},"_links":{"self":[{"href":"https:\/\/www.montagnicimes.com\/st-jean-de-maurienne\/wp-json\/wp\/v2\/pages\/7586"}],"collection":[{"href":"https:\/\/www.montagnicimes.com\/st-jean-de-maurienne\/wp-json\/wp\/v2\/pages"}],"about":[{"href":"https:\/\/www.montagnicimes.com\/st-jean-de-maurienne\/wp-json\/wp\/v2\/types\/page"}],"author":[{"embeddable":true,"href":"https:\/\/www.montagnicimes.com\/st-jean-de-maurienne\/wp-json\/wp\/v2\/users\/1"}],"replies":[{"embeddable":true,"href":"https:\/\/www.montagnicimes.com\/st-jean-de-maurienne\/wp-json\/wp\/v2\/comments?post=7586"}],"version-history":[{"count":20,"href":"https:\/\/www.montagnicimes.com\/st-jean-de-maurienne\/wp-json\/wp\/v2\/pages\/7586\/revisions"}],"predecessor-version":[{"id":12875,"href":"https:\/\/www.montagnicimes.com\/st-jean-de-maurienne\/wp-json\/wp\/v2\/pages\/7586\/revisions\/12875"}],"up":[{"embeddable":true,"href":"https:\/\/www.montagnicimes.com\/st-jean-de-maurienne\/wp-json\/wp\/v2\/pages\/7571"}],"wp:featuredmedia":[{"embeddable":true,"href":"https:\/\/www.montagnicimes.com\/st-jean-de-maurienne\/wp-json\/wp\/v2\/media\/11439"}],"wp:attachment":[{"href":"https:\/\/www.montagnicimes.com\/st-jean-de-maurienne\/wp-json\/wp\/v2\/media?parent=7586"}],"wp:term":[{"taxonomy":"post_tag","embeddable":true,"href":"https:\/\/www.montagnicimes.com\/st-jean-de-maurienne\/wp-json\/wp\/v2\/post_tag?post=7586"}],"curies":[{"name":"wp","href":"https:\/\/api.w.org\/{rel}","templated":true}]}}