{"id":7580,"date":"2021-09-24T15:13:03","date_gmt":"2021-09-24T13:13:03","guid":{"rendered":"https:\/\/www.montagnicimes.com\/st-jean-de-maurienne\/lhistoire-de-lopinel\/"},"modified":"2023-10-27T14:24:33","modified_gmt":"2023-10-27T12:24:33","slug":"lhistoire-de-lopinel","status":"publish","type":"page","link":"https:\/\/www.montagnicimes.com\/st-jean-de-maurienne\/decouvrir\/incontournables\/lopinel\/lhistoire-de-lopinel\/","title":{"rendered":"L&rsquo;histoire de l&rsquo;Opinel"},"content":{"rendered":"\n<p class=\"is-style-excerpt\">D\u00e9couvrez comment le petit couteau de poche a vu le jour dans le petit hameau de G\u00e9voudaz \u00e0 Albiez. Le couteau Opinel une v\u00e9ritable histoire de famille !<\/p>\n\n\n\n<h2><strong>Il \u00e9tait une fois une famille de taillandiers\u2026<\/strong><\/h2>\n\n\n\n<p>En 1872, Joseph Opinel nait \u00e0 Gevoudaz, un petit hameau d\u2019Albiez-le-Vieux. Lieu-dit aux conditions rudes \u00e0 l\u2019\u00e9poque, mais situ\u00e9 au bord d\u2019une rivi\u00e8re, endroit parfait pour en faire un atelier. C\u2019est ici que Victor-Am\u00e9d\u00e9e, son anc\u00eatre, s\u2019est install\u00e9 pour exercer sa profession de forgeron en 1800. A la t\u00eate d\u2019un atelier \u00e0 pr\u00e9sent familial, son petit-fils deviendra un taillandier renomm\u00e9. Vous l\u2019aurez devin\u00e9, c\u2019est lui, Joseph Opinel qui cr\u00e9era le fameux couteau pliable. Il s\u2019int\u00e9resse aussi aux nouvelles techniques de son \u00e9poque qui le passionnent. Il alliera les apprentissages de son p\u00e8re avec la modernit\u00e9 pour cr\u00e9er le fameux couteau de poche. Un manche ergonomique en bois, une lame effil\u00e9e pliable dans son manche&nbsp;: un objet pratique au design d\u00e9j\u00e0 avanc\u00e9. L\u2019opinel est n\u00e9.<\/p>\n\n\n\n<p>Comme tous les ma\u00eetres couteliers depuis 1565, il cr\u00e9e son embl\u00e8me sur ses fabrications. Joseph Opinel choisit une main couronn\u00e9e&nbsp;: r\u00e9f\u00e9rence \u00e0&nbsp;<strong>l\u2019histoire de la ville de Saint-Jean-de-Maurienne<\/strong>. Les 3 doigts lev\u00e9s sont une main b\u00e9nissant, r\u00e9f\u00e9rence aux reliques de St Jean-Baptiste, ramen\u00e9es par Ste Th\u00e8cle au VI\u00e8me si\u00e8cle et conserv\u00e9es dans la cath\u00e9drale. La couronne fait r\u00e9f\u00e9rence au duch\u00e9 et \u00e0 la place de la vall\u00e9e dans l\u2019histoire de cette famille, la Maurienne, berceau de la Maison de Savoie et de son royaume.<\/p>\n\n\n\n<div class=\"wp-block-strate-full alignfull\">\n\n    <div class=\"wp-block-strate-full-thumbnail\">\n        <img data-src=\"https:\/\/www.montagnicimes.com\/st-jean-de-maurienne\/wp-content\/uploads\/sites\/4\/wpiris-images\/8312\/Atelier-du-pere-de-Joseph-Daniel-Opinel-a-Gevoudaz-@-Opinel-SAS-1600x900-c.jpg\" alt=\"Atelier du p\u00e8re de Joseph, Daniel Opinel, \u00e0 G\u00e9voudaz @ Opinel SAS\">\n    <\/div>\n\n\t\n        <div class=\"wp-block-strate-full-content wp-block-strate-full-content-left\">\n\t\t\t                <p class=\"wp-block-strate-full-content-excerpt\"> Atelier du p\u00e8re de Joseph, Daniel Opinel, \u00e0 G\u00e9voudaz. <\/p>\n\t\t\t        <\/div>\n\n\t\n<\/div>\n\n\n\n<h2><strong>Une expansion rapide<\/strong><\/h2>\n\n\n\n<p>Une des clefs de son succ\u00e8s, c\u2019est la d\u00e9clinaison de son couteau en 12 formats&nbsp;: du N\u00b01 au N\u00b012. Aujourd\u2019hui, le N\u00b01 et le N\u00b011 ne sont plus fabriqu\u00e9s. Le couteau N\u00b02 avec sa lame en inox de 3.5 cm est le plus petit de la gamme alors que le N\u00b013, cr\u00e9\u00e9 dans les ann\u00e9es 1970, est un g\u00e9ant qui mesure 50 cm ouvert.<\/p>\n\n\n\n<p>Les ventes s\u2019acc\u00e9l\u00e8rent et d\u00e8s 1901, on manque de place. &nbsp;L\u2019atelier familial devient alors une usine, construite au pont de Gevoudaz, au bord de la route.<\/p>\n\n\n\n<p>Joseph sait bien que pour se d\u00e9velopper, il va devoir quitter son hameau natal. Il s\u2019installera \u00e0 Cognin en 1915, un site se trouvant \u00e9galement au bord d\u2019une rivi\u00e8re, \u00e0 proximit\u00e9 de Chamb\u00e9ry. Joseph Opinel a quitt\u00e9 sa vall\u00e9e natale mais pas la Savoie.<\/p>\n\n\n\n<p>L\u2019usine est aujourd\u2019hui \u00e0 Chamb\u00e9ry, \u00e0 seulement quelques encablures de l\u2019usine de Cognin. Elle promeut toujours le Made in France.<\/p>\n\n\n\n<p>En 1909, Joseph Opinel d\u00e9pose son nom et la main couronn\u00e9e.&nbsp;La forme du couteau est aussi d\u00e9pos\u00e9e et l\u2019entreprise m\u00e8ne une lutte importante contre la contrefa\u00e7on.<\/p>\n\n\n\n<p>L\u2019entreprise, toujours dirig\u00e9e par les descendants de Joseph (d\u00e9c\u00e9d\u00e9 en 1 960) a continu\u00e9 ses innovations, dont le syst\u00e8me Virobloc invent\u00e9 en 1955, par Marcel Opinel. Une bague de s\u00e9curit\u00e9 tournante qui en coulissant sur la virole fixe, peut fermer la fente et ainsi bloquer la lame pli\u00e9e ou ouverte.&nbsp;Une id\u00e9e simple qui fera le succ\u00e8s du couteau de poche.<\/p>\n\n\n\n<div class=\"wp-block-strate-full alignfull\">\n\n    <div class=\"wp-block-strate-full-thumbnail\">\n        <img data-src=\"https:\/\/www.montagnicimes.com\/st-jean-de-maurienne\/wp-content\/uploads\/sites\/4\/wpiris-images\/8313\/Lancienne-usine-a-Cognin-1928-@-Opinel-SAS-2-1100x550px-1600x900-c.jpg\" alt=\"L&rsquo;ancienne usine \u00e0 Cognin (1928) @ Opinel SAS-2 1100x550px\">\n    <\/div>\n\n\t\n        <div class=\"wp-block-strate-full-content wp-block-strate-full-content-left\">\n\t\t\t                <p class=\"wp-block-strate-full-content-excerpt\">  L\u2019ancienne usine \u00e0 Cognin (1928)  <\/p>\n\t\t\t        <\/div>\n\n\t\n<\/div>\n\n\n\n<h2><strong>Le tournant du XXI\u00e8me si\u00e8cle<\/strong><\/h2>\n\n\n\n<div class=\"wp-block-media-text alignwide is-stacked-on-mobile\" style=\"grid-template-columns:30% auto\"><figure class=\"wp-block-media-text__media\"><img loading=\"lazy\" width=\"725\" height=\"1200\" data-src=\"https:\/\/www.montagnicimes.com\/st-jean-de-maurienne\/wp-content\/uploads\/sites\/4\/2021\/10\/Joseph-Opinel-1929-@-Opinel-SAS-725x1200.jpg\" alt=\"Joseph Opinel\" class=\"wp-image-8314 size-full\" data-srcset=\"https:\/\/www.montagnicimes.com\/st-jean-de-maurienne\/wp-content\/uploads\/sites\/4\/2021\/10\/Joseph-Opinel-1929-@-Opinel-SAS-725x1200.jpg 725w, https:\/\/www.montagnicimes.com\/st-jean-de-maurienne\/wp-content\/uploads\/sites\/4\/2021\/10\/Joseph-Opinel-1929-@-Opinel-SAS-363x600.jpg 363w, https:\/\/www.montagnicimes.com\/st-jean-de-maurienne\/wp-content\/uploads\/sites\/4\/2021\/10\/Joseph-Opinel-1929-@-Opinel-SAS-768x1271.jpg 768w, https:\/\/www.montagnicimes.com\/st-jean-de-maurienne\/wp-content\/uploads\/sites\/4\/2021\/10\/Joseph-Opinel-1929-@-Opinel-SAS-928x1536.jpg 928w, https:\/\/www.montagnicimes.com\/st-jean-de-maurienne\/wp-content\/uploads\/sites\/4\/2021\/10\/Joseph-Opinel-1929-@-Opinel-SAS-200x331.jpg 200w, https:\/\/www.montagnicimes.com\/st-jean-de-maurienne\/wp-content\/uploads\/sites\/4\/2021\/10\/Joseph-Opinel-1929-@-Opinel-SAS.jpg 978w\" sizes=\"(max-width: 725px) 100vw, 725px\" \/><\/figure><div class=\"wp-block-media-text__content\">\n<p>Aujourd\u2019hui, Opinel s\u2019adapte aux nouvelles demandes. L\u2019entreprise continue \u00e0 commercialiser sa gamme de pliables en bois mais propose aussi des mod\u00e8les \u00ab&nbsp;outdoors&nbsp;\u00bb avec sifflet de s\u00e9curit\u00e9, lame inoxydable et manche en polym\u00e8re.<\/p>\n\n\n\n<p>Mais le nouveau march\u00e9 conquis est surtout celui de l\u2019univers de la cuisine. Couteau d\u2019office, couteau crant\u00e9, \u00e9plucheur, couteau \u00e0 l\u00e9gumes\u2026 la gamme comprend autant des utilitaires, le c\u0153ur de leur m\u00e9tier, que des services \u00e9l\u00e9gants pour l\u2019art de la table. Les couteaux s\u2019invitent sur les tables \u00e9toil\u00e9es du monde entier et la soci\u00e9t\u00e9 se d\u00e9veloppe \u00e0 l\u2019international. 45% du chiffre d\u2019affaires sont issus de ventes r\u00e9alis\u00e9es \u00e0 l\u2019\u00e9tranger.<\/p>\n\n\n\n<p>En 2021, la soci\u00e9t\u00e9 est dirig\u00e9e par Fran\u00e7ois et Denis Opinel, descendants de Joseph Opinel. Elle emploie directement 130 personnes. A Chamb\u00e9ry sont fabriqu\u00e9s, environ 5.5 millions de couteaux par an. &nbsp;<\/p>\n\n\n\n<p>Pour tout savoir sur l\u2019Opinel, nous vous invitons \u00e0 d\u00e9couvrir le Mus\u00e9e Opinel. Une boutique fort bien achaland\u00e9e y est attenante. Ils sont sp\u00e9cialis\u00e9s dans le marquage, n\u2019h\u00e9sitez pas \u00e0 leur demander une personnalisation.<\/p>\n<\/div><\/div>\n\n\n\n<div class=\"wp-block-buttons is-content-justification-center\">\n<div class=\"wp-block-button\"><a class=\"wp-block-button__link\" href=\"https:\/\/www.opinel.com\/fr\/la-marque\/histoire\" target=\"_blank\" rel=\"noreferrer noopener\">D\u00e9COUVREZ LE MUS\u00e9E OPINEL<\/a><\/div>\n<\/div>\n\n\n\n<p><\/p>\n","protected":false},"excerpt":{"rendered":"<p>D\u00e9couvrez comment le petit couteau de poche a vu le jour dans le petit hameau de G\u00e9voudaz \u00e0 Albiez. Le couteau Opinel une v\u00e9ritable histoire de famille ! Il \u00e9tait une fois une famille de taillandiers\u2026 En 1872, Joseph Opinel nait \u00e0 Gevoudaz, un petit hameau d\u2019Albiez-le-Vieux. Lieu-dit aux conditions rudes \u00e0 l\u2019\u00e9poque, mais situ\u00e9 [&hellip;]<\/p>\n","protected":false},"author":1,"featured_media":8312,"parent":7574,"menu_order":2,"comment_status":"closed","ping_status":"closed","template":"","meta":{"_relevanssi_hide_post":"","_relevanssi_pin_for_all":"","_relevanssi_pin_keywords":"","_relevanssi_unpin_keywords":"","_relevanssi_related_keywords":"","_relevanssi_related_include_ids":"","_relevanssi_related_exclude_ids":"","_relevanssi_related_no_append":"","_relevanssi_related_not_related":"","_relevanssi_related_posts":"491,489,493","_relevanssi_noindex_reason":""},"post_tag":[],"acf":[],"yoast_head":"<!-- This site is optimized with the Yoast SEO plugin v17.6 - https:\/\/yoast.com\/wordpress\/plugins\/seo\/ -->\n<meta name=\"description\" content=\"D\u00e9couvrez comment le petit couteau de poche a vu le jour dans le petit hameau de G\u00e9voudaz \u00e0 Albiez. Le couteau Opinel une v\u00e9ritable histoire de famille !\" \/>\n<meta name=\"robots\" content=\"index, follow, max-snippet:-1, max-image-preview:large, max-video-preview:-1\" \/>\n<link rel=\"canonical\" href=\"https:\/\/www.montagnicimes.com\/decouvrir\/incontournables\/lopinel\/lhistoire-de-lopinel\/\" \/>\n<meta property=\"og:locale\" content=\"fr_FR\" \/>\n<meta property=\"og:type\" content=\"article\" \/>\n<meta property=\"og:title\" content=\"L&#039;histoire de l&#039;Opinel - St-Jean-de-Maurienne\" \/>\n<meta property=\"og:description\" content=\"D\u00e9couvrez comment le petit couteau de poche a vu le jour dans le petit hameau de G\u00e9voudaz \u00e0 Albiez. Le couteau Opinel une v\u00e9ritable histoire de famille !\" \/>\n<meta property=\"og:url\" content=\"https:\/\/www.montagnicimes.com\/decouvrir\/incontournables\/lopinel\/lhistoire-de-lopinel\/\" \/>\n<meta property=\"og:site_name\" content=\"St-Jean-de-Maurienne\" \/>\n<meta property=\"article:modified_time\" content=\"2023-10-27T12:24:33+00:00\" \/>\n<meta property=\"og:image\" content=\"https:\/\/www.montagnicimes.com\/st-jean-de-maurienne\/wp-content\/uploads\/sites\/4\/2021\/10\/Atelier-du-pere-de-Joseph-Daniel-Opinel-a-Gevoudaz-@-Opinel-SAS.jpg\" \/>\n\t<meta property=\"og:image:width\" content=\"1609\" \/>\n\t<meta property=\"og:image:height\" content=\"1029\" \/>\n<meta name=\"twitter:card\" content=\"summary_large_image\" \/>\n<meta name=\"twitter:label1\" content=\"Dur\u00e9e de lecture estim\u00e9e\" \/>\n\t<meta name=\"twitter:data1\" content=\"4 minutes\" \/>\n<script type=\"application\/ld+json\" class=\"yoast-schema-graph\">{\"@context\":\"https:\/\/schema.org\",\"@graph\":[{\"@type\":\"WebSite\",\"@id\":\"https:\/\/www.montagnicimes.com\/st-jean-de-maurienne\/#website\",\"url\":\"https:\/\/www.montagnicimes.com\/st-jean-de-maurienne\/\",\"name\":\"St-Jean-de-Maurienne\",\"description\":\"Office de tourisme Montagnicimes - Saint-Jean-de-Maurienne\",\"potentialAction\":[{\"@type\":\"SearchAction\",\"target\":{\"@type\":\"EntryPoint\",\"urlTemplate\":\"https:\/\/www.montagnicimes.com\/st-jean-de-maurienne\/?s={search_term_string}\"},\"query-input\":\"required name=search_term_string\"}],\"inLanguage\":\"fr-FR\"},{\"@type\":\"ImageObject\",\"@id\":\"https:\/\/www.montagnicimes.com\/decouvrir\/incontournables\/lopinel\/lhistoire-de-lopinel\/#primaryimage\",\"inLanguage\":\"fr-FR\",\"url\":\"https:\/\/www.montagnicimes.com\/st-jean-de-maurienne\/wp-content\/uploads\/sites\/4\/2021\/10\/Atelier-du-pere-de-Joseph-Daniel-Opinel-a-Gevoudaz-@-Opinel-SAS.jpg\",\"contentUrl\":\"https:\/\/www.montagnicimes.com\/st-jean-de-maurienne\/wp-content\/uploads\/sites\/4\/2021\/10\/Atelier-du-pere-de-Joseph-Daniel-Opinel-a-Gevoudaz-@-Opinel-SAS.jpg\",\"width\":1609,\"height\":1029,\"caption\":\"Atelier du p\\u00e8ere de Joseph opinel\"},{\"@type\":\"WebPage\",\"@id\":\"https:\/\/www.montagnicimes.com\/decouvrir\/incontournables\/lopinel\/lhistoire-de-lopinel\/#webpage\",\"url\":\"https:\/\/www.montagnicimes.com\/decouvrir\/incontournables\/lopinel\/lhistoire-de-lopinel\/\",\"name\":\"L'histoire de l'Opinel - St-Jean-de-Maurienne\",\"isPartOf\":{\"@id\":\"https:\/\/www.montagnicimes.com\/st-jean-de-maurienne\/#website\"},\"primaryImageOfPage\":{\"@id\":\"https:\/\/www.montagnicimes.com\/decouvrir\/incontournables\/lopinel\/lhistoire-de-lopinel\/#primaryimage\"},\"datePublished\":\"2021-09-24T13:13:03+00:00\",\"dateModified\":\"2023-10-27T12:24:33+00:00\",\"description\":\"D\\u00e9couvrez comment le petit couteau de poche a vu le jour dans le petit hameau de G\\u00e9voudaz \\u00e0 Albiez. Le couteau Opinel une v\\u00e9ritable histoire de famille !\",\"breadcrumb\":{\"@id\":\"https:\/\/www.montagnicimes.com\/decouvrir\/incontournables\/lopinel\/lhistoire-de-lopinel\/#breadcrumb\"},\"inLanguage\":\"fr-FR\",\"potentialAction\":[{\"@type\":\"ReadAction\",\"target\":[\"https:\/\/www.montagnicimes.com\/decouvrir\/incontournables\/lopinel\/lhistoire-de-lopinel\/\"]}]},{\"@type\":\"BreadcrumbList\",\"@id\":\"https:\/\/www.montagnicimes.com\/decouvrir\/incontournables\/lopinel\/lhistoire-de-lopinel\/#breadcrumb\",\"itemListElement\":[{\"@type\":\"ListItem\",\"position\":1,\"name\":\"Accueil\",\"item\":\"https:\/\/www.montagnicimes.com\/st-jean-de-maurienne\/\"},{\"@type\":\"ListItem\",\"position\":2,\"name\":\"D\\u00e9couvrir\",\"item\":\"https:\/\/www.montagnicimes.com\/st-jean-de-maurienne\/decouvrir\/\"},{\"@type\":\"ListItem\",\"position\":3,\"name\":\"Nos Incontournables\",\"item\":\"https:\/\/www.montagnicimes.com\/st-jean-de-maurienne\/decouvrir\/incontournables\/\"},{\"@type\":\"ListItem\",\"position\":4,\"name\":\"L&rsquo;Opinel\",\"item\":\"https:\/\/www.montagnicimes.com\/st-jean-de-maurienne\/decouvrir\/incontournables\/lopinel\/\"},{\"@type\":\"ListItem\",\"position\":5,\"name\":\"L&rsquo;histoire de l&rsquo;Opinel\"}]}]}<\/script>\n<!-- \/ Yoast SEO plugin. -->","yoast_head_json":{"description":"D\u00e9couvrez comment le petit couteau de poche a vu le jour dans le petit hameau de G\u00e9voudaz \u00e0 Albiez. Le couteau Opinel une v\u00e9ritable histoire de famille !","robots":{"index":"index","follow":"follow","max-snippet":"max-snippet:-1","max-image-preview":"max-image-preview:large","max-video-preview":"max-video-preview:-1"},"canonical":"https:\/\/www.montagnicimes.com\/decouvrir\/incontournables\/lopinel\/lhistoire-de-lopinel\/","og_locale":"fr_FR","og_type":"article","og_title":"L'histoire de l'Opinel - St-Jean-de-Maurienne","og_description":"D\u00e9couvrez comment le petit couteau de poche a vu le jour dans le petit hameau de G\u00e9voudaz \u00e0 Albiez. Le couteau Opinel une v\u00e9ritable histoire de famille !","og_url":"https:\/\/www.montagnicimes.com\/decouvrir\/incontournables\/lopinel\/lhistoire-de-lopinel\/","og_site_name":"St-Jean-de-Maurienne","article_modified_time":"2023-10-27T12:24:33+00:00","og_image":[{"width":1609,"height":1029,"url":"https:\/\/www.montagnicimes.com\/st-jean-de-maurienne\/wp-content\/uploads\/sites\/4\/2021\/10\/Atelier-du-pere-de-Joseph-Daniel-Opinel-a-Gevoudaz-@-Opinel-SAS.jpg","type":"image\/jpeg"}],"twitter_card":"summary_large_image","twitter_misc":{"Dur\u00e9e de lecture estim\u00e9e":"4 minutes"},"schema":{"@context":"https:\/\/schema.org","@graph":[{"@type":"WebSite","@id":"https:\/\/www.montagnicimes.com\/st-jean-de-maurienne\/#website","url":"https:\/\/www.montagnicimes.com\/st-jean-de-maurienne\/","name":"St-Jean-de-Maurienne","description":"Office de tourisme Montagnicimes - Saint-Jean-de-Maurienne","potentialAction":[{"@type":"SearchAction","target":{"@type":"EntryPoint","urlTemplate":"https:\/\/www.montagnicimes.com\/st-jean-de-maurienne\/?s={search_term_string}"},"query-input":"required name=search_term_string"}],"inLanguage":"fr-FR"},{"@type":"ImageObject","@id":"https:\/\/www.montagnicimes.com\/decouvrir\/incontournables\/lopinel\/lhistoire-de-lopinel\/#primaryimage","inLanguage":"fr-FR","url":"https:\/\/www.montagnicimes.com\/st-jean-de-maurienne\/wp-content\/uploads\/sites\/4\/2021\/10\/Atelier-du-pere-de-Joseph-Daniel-Opinel-a-Gevoudaz-@-Opinel-SAS.jpg","contentUrl":"https:\/\/www.montagnicimes.com\/st-jean-de-maurienne\/wp-content\/uploads\/sites\/4\/2021\/10\/Atelier-du-pere-de-Joseph-Daniel-Opinel-a-Gevoudaz-@-Opinel-SAS.jpg","width":1609,"height":1029,"caption":"Atelier du p\u00e8ere de Joseph opinel"},{"@type":"WebPage","@id":"https:\/\/www.montagnicimes.com\/decouvrir\/incontournables\/lopinel\/lhistoire-de-lopinel\/#webpage","url":"https:\/\/www.montagnicimes.com\/decouvrir\/incontournables\/lopinel\/lhistoire-de-lopinel\/","name":"L'histoire de l'Opinel - St-Jean-de-Maurienne","isPartOf":{"@id":"https:\/\/www.montagnicimes.com\/st-jean-de-maurienne\/#website"},"primaryImageOfPage":{"@id":"https:\/\/www.montagnicimes.com\/decouvrir\/incontournables\/lopinel\/lhistoire-de-lopinel\/#primaryimage"},"datePublished":"2021-09-24T13:13:03+00:00","dateModified":"2023-10-27T12:24:33+00:00","description":"D\u00e9couvrez comment le petit couteau de poche a vu le jour dans le petit hameau de G\u00e9voudaz \u00e0 Albiez. Le couteau Opinel une v\u00e9ritable histoire de famille !","breadcrumb":{"@id":"https:\/\/www.montagnicimes.com\/decouvrir\/incontournables\/lopinel\/lhistoire-de-lopinel\/#breadcrumb"},"inLanguage":"fr-FR","potentialAction":[{"@type":"ReadAction","target":["https:\/\/www.montagnicimes.com\/decouvrir\/incontournables\/lopinel\/lhistoire-de-lopinel\/"]}]},{"@type":"BreadcrumbList","@id":"https:\/\/www.montagnicimes.com\/decouvrir\/incontournables\/lopinel\/lhistoire-de-lopinel\/#breadcrumb","itemListElement":[{"@type":"ListItem","position":1,"name":"Accueil","item":"https:\/\/www.montagnicimes.com\/st-jean-de-maurienne\/"},{"@type":"ListItem","position":2,"name":"D\u00e9couvrir","item":"https:\/\/www.montagnicimes.com\/st-jean-de-maurienne\/decouvrir\/"},{"@type":"ListItem","position":3,"name":"Nos Incontournables","item":"https:\/\/www.montagnicimes.com\/st-jean-de-maurienne\/decouvrir\/incontournables\/"},{"@type":"ListItem","position":4,"name":"L&rsquo;Opinel","item":"https:\/\/www.montagnicimes.com\/st-jean-de-maurienne\/decouvrir\/incontournables\/lopinel\/"},{"@type":"ListItem","position":5,"name":"L&rsquo;histoire de l&rsquo;Opinel"}]}]}},"_links":{"self":[{"href":"https:\/\/www.montagnicimes.com\/st-jean-de-maurienne\/wp-json\/wp\/v2\/pages\/7580"}],"collection":[{"href":"https:\/\/www.montagnicimes.com\/st-jean-de-maurienne\/wp-json\/wp\/v2\/pages"}],"about":[{"href":"https:\/\/www.montagnicimes.com\/st-jean-de-maurienne\/wp-json\/wp\/v2\/types\/page"}],"author":[{"embeddable":true,"href":"https:\/\/www.montagnicimes.com\/st-jean-de-maurienne\/wp-json\/wp\/v2\/users\/1"}],"replies":[{"embeddable":true,"href":"https:\/\/www.montagnicimes.com\/st-jean-de-maurienne\/wp-json\/wp\/v2\/comments?post=7580"}],"version-history":[{"count":6,"href":"https:\/\/www.montagnicimes.com\/st-jean-de-maurienne\/wp-json\/wp\/v2\/pages\/7580\/revisions"}],"predecessor-version":[{"id":11976,"href":"https:\/\/www.montagnicimes.com\/st-jean-de-maurienne\/wp-json\/wp\/v2\/pages\/7580\/revisions\/11976"}],"up":[{"embeddable":true,"href":"https:\/\/www.montagnicimes.com\/st-jean-de-maurienne\/wp-json\/wp\/v2\/pages\/7574"}],"wp:featuredmedia":[{"embeddable":true,"href":"https:\/\/www.montagnicimes.com\/st-jean-de-maurienne\/wp-json\/wp\/v2\/media\/8312"}],"wp:attachment":[{"href":"https:\/\/www.montagnicimes.com\/st-jean-de-maurienne\/wp-json\/wp\/v2\/media?parent=7580"}],"wp:term":[{"taxonomy":"post_tag","embeddable":true,"href":"https:\/\/www.montagnicimes.com\/st-jean-de-maurienne\/wp-json\/wp\/v2\/post_tag?post=7580"}],"curies":[{"name":"wp","href":"https:\/\/api.w.org\/{rel}","templated":true}]}}