{"id":11106,"date":"2023-04-19T09:21:07","date_gmt":"2023-04-19T07:21:07","guid":{"rendered":"https:\/\/www.montagnicimes.com\/st-jean-de-maurienne\/?page_id=11106"},"modified":"2023-04-19T09:54:36","modified_gmt":"2023-04-19T07:54:36","slug":"envie-de-legumes-frais-et-de-saison","status":"publish","type":"page","link":"https:\/\/www.montagnicimes.com\/st-jean-de-maurienne\/sorganiser\/producteurs\/envie-de-legumes-frais-et-de-saison\/","title":{"rendered":"Envie de l\u00e9gumes frais et de saison ?"},"content":{"rendered":"\n<p class=\"is-style-excerpt\">\u00c0 proximit\u00e9 de Saint-Jean-de-Maurienne, sur la commune de Jarrier et sur la commune de Saint-Julien-Montdenis, <a href=\"https:\/\/www.montagnicimes.com\/st-jean-de-maurienne\/producteur\/ferme-de-la-fournache\/\" target=\"_blank\" rel=\"noreferrer noopener\">La Ferme de la Fournache<\/a> et <a href=\"https:\/\/www.montagnicimes.com\/st-jean-de-maurienne\/producteur\/les-jardins-de-st-julien\/\" target=\"_blank\" rel=\"noreferrer noopener\">Les Jardins de St Julien<\/a> cultivent des l\u00e9gumes diversifi\u00e9s en Agriculture Biologique. Compte tenu du climat savoyard o\u00f9 l\u2019hiver peut \u00eatre long, ils vendent leurs l\u00e9gumes d\u2019avril \u00e0 d\u00e9cembre.<\/p>\n\n\n\n<div class=\"wp-block-buttons is-content-justification-center\">\n<div class=\"wp-block-button\"><a class=\"wp-block-button__link\" href=\"https:\/\/www.montagnicimes.com\/wp-content\/uploads\/2023\/03\/Producteurs-Artisans-FINAL-Compresse-avec-compression.pdf\" target=\"_blank\" rel=\"noreferrer noopener\">t\u00e9l\u00e9chargez notre brochure producteurs &amp; artisans<\/a><\/div>\n<\/div>\n\n\n\n<div class=\"wp-block wp-block-related-post clear alignfull\">\n\n    <div class=\"article\">\n                    <h2 class=\"wp-block-related-post-title\">Nos producteurs<\/h2>\n        \n            <\/div>\n\n    <div class=\"container\">\n        <div class=\"wp-block-related-post-inner\">\n            <div data-id=\"wpiris-related-post\" data-slides-per-view=\"2\">\n                <div data-id=\"wpiris-related-post-wrapper\">\n                                            \n<div class=\"postItem swiper-slide\" data-trigger=\"wpiris-click\" >\n    <a href=\"https:\/\/www.montagnicimes.com\/st-jean-de-maurienne\/producteur\/la-ferme-de-la-fournache\/\" nofancybox class=\"postItemThumbnail\">\n        <img data-src=\"https:\/\/www.montagnicimes.com\/st-jean-de-maurienne\/wp-content\/uploads\/sites\/4\/wpiris-images\/8287\/4203367-diaporama-590x440-c.jpg\" alt=\"La Ferme de la Fournache\">\n    <\/a>\n    <div class=\"postItemContent\">\n\n        <div class=\"postItemContentHeading\">\n                                    <h3 class=\"postItemContentTitle\" >\n                <a href=\"https:\/\/www.montagnicimes.com\/st-jean-de-maurienne\/producteur\/la-ferme-de-la-fournache\/\">La Ferme de la Fournache<\/a>\n            <\/h3>                    <\/div>\n        \n<div class=\"postItemContentExcerpt\">\n    \u00c0 la Ferme de la Fournache, sur les hauteurs de Saint-Jean-de-Maurienne, No\u00e9lie et Thibaut cultivent sur une petite surface non m\u00e9canis\u00e9e, des l\u00e9gumes frais et diversifi\u00e9s en Agriculture Biologique.<\/div>\n    <\/div>\n<\/div>\n                                            \n<div class=\"postItem swiper-slide\" data-trigger=\"wpiris-click\" >\n    <a href=\"https:\/\/www.montagnicimes.com\/st-jean-de-maurienne\/producteur\/les-jardins-de-st-julien\/\" nofancybox class=\"postItemThumbnail\">\n        <img data-src=\"https:\/\/www.montagnicimes.com\/st-jean-de-maurienne\/wp-content\/uploads\/sites\/4\/wpiris-images\/10300\/13550218-diaporama-590x440-c.jpg\" alt=\"Les Jardins de St Julien\">\n    <\/a>\n    <div class=\"postItemContent\">\n\n        <div class=\"postItemContentHeading\">\n                                    <h3 class=\"postItemContentTitle\" >\n                <a href=\"https:\/\/www.montagnicimes.com\/st-jean-de-maurienne\/producteur\/les-jardins-de-st-julien\/\">Les Jardins de St Julien<\/a>\n            <\/h3>                    <\/div>\n        \n<div class=\"postItemContentExcerpt\">\n    Aux jardins de St Julien, on prend soin de la terre. Mara\u00eechage en Agriculture Biologique, production de l\u00e9gumes frais de saison et commercialisation en circuit-court.<\/div>\n    <\/div>\n<\/div>\n                                    <\/div>\n            <\/div>\n        <\/div>\n    <\/div>\n\n    <div class=\"article\">\n            <\/div>\n<\/div>\n\n<div class=\"wp-block wp-block-highlight\">\n            <h3 class=\"wp-block-highlight-item wp-block-highlight-title\">Le saviez-vous ? <\/h3>\n                <p class=\"wp-block-highlight-item wp-block-highlight-excerpt\"><strong>Que signifie le label \u00ab Agriculture Biologique \u00bb ?<\/strong><br>\u00ab Un produit est consid\u00e9r\u00e9 comme bio, uniquement s&rsquo;il est un produit agricole ou une denr\u00e9e alimentaire issu de l\u2019agriculture biologique et que de fait, il r\u00e9pond aux exigences de la l\u00e9gislation europ\u00e9enne, notamment :<br><br>&#8211; Aucune utilisation de produits chimiques de synth\u00e8se (pesticides, engrais, d\u00e9sherbants\u2026)<br>&#8211; Aucune utilisation d\u2019OGM<br>&#8211; Respect du bien-\u00eatre animal (transport, conditions d\u2019\u00e9levage, abattage\u2026)<br>&#8211; Pour les produits transform\u00e9s, une quantit\u00e9 de 95 % au moins des ingr\u00e9dients issus de l\u2019agriculture biologique \u00bb<br><br>Les exploitations agricoles qui adoptent ce label sont contr\u00f4l\u00e9es une fois par an par des organismes agr\u00e9\u00e9s.<\/p>\n    <\/div>\n\n\n<p>Source : <a href=\"https:\/\/www.economie.gouv.fr\/particuliers\/comprendre-labels-bios\">https:\/\/www.economie.gouv.fr\/particuliers\/comprendre-labels-bios<\/a><\/p>\n","protected":false},"excerpt":{"rendered":"<p>\u00c0 proximit\u00e9 de Saint-Jean-de-Maurienne, sur la commune de Jarrier et sur la commune de Saint-Julien-Montdenis, La Ferme de la Fournache et Les Jardins de St Julien cultivent des l\u00e9gumes diversifi\u00e9s en Agriculture Biologique. Compte tenu du climat savoyard o\u00f9 l\u2019hiver peut \u00eatre long, ils vendent leurs l\u00e9gumes d\u2019avril \u00e0 d\u00e9cembre. Source : https:\/\/www.economie.gouv.fr\/particuliers\/comprendre-labels-bios<\/p>\n","protected":false},"author":2,"featured_media":11109,"parent":7620,"menu_order":1,"comment_status":"closed","ping_status":"closed","template":"","meta":{"_relevanssi_hide_post":"","_relevanssi_pin_for_all":"","_relevanssi_pin_keywords":"","_relevanssi_unpin_keywords":"","_relevanssi_related_keywords":"","_relevanssi_related_include_ids":"","_relevanssi_related_exclude_ids":"","_relevanssi_related_no_append":"","_relevanssi_related_not_related":"","_relevanssi_related_posts":"10765","_relevanssi_noindex_reason":""},"post_tag":[],"acf":[],"yoast_head":"<!-- This site is optimized with the Yoast SEO plugin v17.6 - https:\/\/yoast.com\/wordpress\/plugins\/seo\/ -->\n<meta name=\"description\" content=\"\u00c0 proximit\u00e9 de Saint-Jean-de-Maurienne, sur la commune de Jarrier et sur la commune de Saint-Julien-Montdenis, La Ferme de la Fournache et Les Jardins de\" \/>\n<meta name=\"robots\" content=\"index, follow, max-snippet:-1, max-image-preview:large, max-video-preview:-1\" \/>\n<link rel=\"canonical\" href=\"https:\/\/www.montagnicimes.com\/st-jean-de-maurienne\/sorganiser\/producteurs\/envie-de-legumes-frais-et-de-saison\/\" \/>\n<meta property=\"og:locale\" content=\"fr_FR\" \/>\n<meta property=\"og:type\" content=\"article\" \/>\n<meta property=\"og:title\" content=\"Envie de l\u00e9gumes frais et de saison ? - St-Jean-de-Maurienne\" \/>\n<meta property=\"og:description\" content=\"\u00c0 proximit\u00e9 de Saint-Jean-de-Maurienne, sur la commune de Jarrier et sur la commune de Saint-Julien-Montdenis, La Ferme de la Fournache et Les Jardins de\" \/>\n<meta property=\"og:url\" content=\"https:\/\/www.montagnicimes.com\/st-jean-de-maurienne\/sorganiser\/producteurs\/envie-de-legumes-frais-et-de-saison\/\" \/>\n<meta property=\"og:site_name\" content=\"St-Jean-de-Maurienne\" \/>\n<meta property=\"article:modified_time\" content=\"2023-04-19T07:54:36+00:00\" \/>\n<meta property=\"og:image\" content=\"https:\/\/www.montagnicimes.com\/st-jean-de-maurienne\/wp-content\/uploads\/sites\/4\/2023\/04\/Jardins-de-st-ju.jpg\" \/>\n\t<meta property=\"og:image:width\" content=\"1200\" \/>\n\t<meta property=\"og:image:height\" content=\"800\" \/>\n<meta name=\"twitter:card\" content=\"summary_large_image\" \/>\n<meta name=\"twitter:label1\" content=\"Dur\u00e9e de lecture estim\u00e9e\" \/>\n\t<meta name=\"twitter:data1\" content=\"1 minute\" \/>\n<script type=\"application\/ld+json\" class=\"yoast-schema-graph\">{\"@context\":\"https:\/\/schema.org\",\"@graph\":[{\"@type\":\"WebSite\",\"@id\":\"https:\/\/www.montagnicimes.com\/st-jean-de-maurienne\/#website\",\"url\":\"https:\/\/www.montagnicimes.com\/st-jean-de-maurienne\/\",\"name\":\"St-Jean-de-Maurienne\",\"description\":\"Office de tourisme Montagnicimes - Saint-Jean-de-Maurienne\",\"potentialAction\":[{\"@type\":\"SearchAction\",\"target\":{\"@type\":\"EntryPoint\",\"urlTemplate\":\"https:\/\/www.montagnicimes.com\/st-jean-de-maurienne\/?s={search_term_string}\"},\"query-input\":\"required name=search_term_string\"}],\"inLanguage\":\"fr-FR\"},{\"@type\":\"ImageObject\",\"@id\":\"https:\/\/www.montagnicimes.com\/st-jean-de-maurienne\/sorganiser\/producteurs\/envie-de-legumes-frais-et-de-saison\/#primaryimage\",\"inLanguage\":\"fr-FR\",\"url\":\"https:\/\/www.montagnicimes.com\/st-jean-de-maurienne\/wp-content\/uploads\/sites\/4\/2023\/04\/Jardins-de-st-ju.jpg\",\"contentUrl\":\"https:\/\/www.montagnicimes.com\/st-jean-de-maurienne\/wp-content\/uploads\/sites\/4\/2023\/04\/Jardins-de-st-ju.jpg\",\"width\":1200,\"height\":800,\"caption\":\"Les jardins de st-julien\"},{\"@type\":\"WebPage\",\"@id\":\"https:\/\/www.montagnicimes.com\/st-jean-de-maurienne\/sorganiser\/producteurs\/envie-de-legumes-frais-et-de-saison\/#webpage\",\"url\":\"https:\/\/www.montagnicimes.com\/st-jean-de-maurienne\/sorganiser\/producteurs\/envie-de-legumes-frais-et-de-saison\/\",\"name\":\"Envie de l\\u00e9gumes frais et de saison ? - St-Jean-de-Maurienne\",\"isPartOf\":{\"@id\":\"https:\/\/www.montagnicimes.com\/st-jean-de-maurienne\/#website\"},\"primaryImageOfPage\":{\"@id\":\"https:\/\/www.montagnicimes.com\/st-jean-de-maurienne\/sorganiser\/producteurs\/envie-de-legumes-frais-et-de-saison\/#primaryimage\"},\"datePublished\":\"2023-04-19T07:21:07+00:00\",\"dateModified\":\"2023-04-19T07:54:36+00:00\",\"description\":\"\\u00c0 proximit\\u00e9 de Saint-Jean-de-Maurienne, sur la commune de Jarrier et sur la commune de Saint-Julien-Montdenis, La Ferme de la Fournache et Les Jardins de\",\"breadcrumb\":{\"@id\":\"https:\/\/www.montagnicimes.com\/st-jean-de-maurienne\/sorganiser\/producteurs\/envie-de-legumes-frais-et-de-saison\/#breadcrumb\"},\"inLanguage\":\"fr-FR\",\"potentialAction\":[{\"@type\":\"ReadAction\",\"target\":[\"https:\/\/www.montagnicimes.com\/st-jean-de-maurienne\/sorganiser\/producteurs\/envie-de-legumes-frais-et-de-saison\/\"]}]},{\"@type\":\"BreadcrumbList\",\"@id\":\"https:\/\/www.montagnicimes.com\/st-jean-de-maurienne\/sorganiser\/producteurs\/envie-de-legumes-frais-et-de-saison\/#breadcrumb\",\"itemListElement\":[{\"@type\":\"ListItem\",\"position\":1,\"name\":\"Accueil\",\"item\":\"https:\/\/www.montagnicimes.com\/st-jean-de-maurienne\/\"},{\"@type\":\"ListItem\",\"position\":2,\"name\":\"S&rsquo;organiser\",\"item\":\"https:\/\/www.montagnicimes.com\/st-jean-de-maurienne\/sorganiser\/\"},{\"@type\":\"ListItem\",\"position\":3,\"name\":\"Producteurs\",\"item\":\"https:\/\/www.montagnicimes.com\/st-jean-de-maurienne\/sorganiser\/producteurs\/\"},{\"@type\":\"ListItem\",\"position\":4,\"name\":\"Envie de l\\u00e9gumes frais et de saison ?\"}]}]}<\/script>\n<!-- \/ Yoast SEO plugin. -->","yoast_head_json":{"description":"\u00c0 proximit\u00e9 de Saint-Jean-de-Maurienne, sur la commune de Jarrier et sur la commune de Saint-Julien-Montdenis, La Ferme de la Fournache et Les Jardins de","robots":{"index":"index","follow":"follow","max-snippet":"max-snippet:-1","max-image-preview":"max-image-preview:large","max-video-preview":"max-video-preview:-1"},"canonical":"https:\/\/www.montagnicimes.com\/st-jean-de-maurienne\/sorganiser\/producteurs\/envie-de-legumes-frais-et-de-saison\/","og_locale":"fr_FR","og_type":"article","og_title":"Envie de l\u00e9gumes frais et de saison ? - St-Jean-de-Maurienne","og_description":"\u00c0 proximit\u00e9 de Saint-Jean-de-Maurienne, sur la commune de Jarrier et sur la commune de Saint-Julien-Montdenis, La Ferme de la Fournache et Les Jardins de","og_url":"https:\/\/www.montagnicimes.com\/st-jean-de-maurienne\/sorganiser\/producteurs\/envie-de-legumes-frais-et-de-saison\/","og_site_name":"St-Jean-de-Maurienne","article_modified_time":"2023-04-19T07:54:36+00:00","og_image":[{"width":1200,"height":800,"url":"https:\/\/www.montagnicimes.com\/st-jean-de-maurienne\/wp-content\/uploads\/sites\/4\/2023\/04\/Jardins-de-st-ju.jpg","type":"image\/jpeg"}],"twitter_card":"summary_large_image","twitter_misc":{"Dur\u00e9e de lecture estim\u00e9e":"1 minute"},"schema":{"@context":"https:\/\/schema.org","@graph":[{"@type":"WebSite","@id":"https:\/\/www.montagnicimes.com\/st-jean-de-maurienne\/#website","url":"https:\/\/www.montagnicimes.com\/st-jean-de-maurienne\/","name":"St-Jean-de-Maurienne","description":"Office de tourisme Montagnicimes - Saint-Jean-de-Maurienne","potentialAction":[{"@type":"SearchAction","target":{"@type":"EntryPoint","urlTemplate":"https:\/\/www.montagnicimes.com\/st-jean-de-maurienne\/?s={search_term_string}"},"query-input":"required name=search_term_string"}],"inLanguage":"fr-FR"},{"@type":"ImageObject","@id":"https:\/\/www.montagnicimes.com\/st-jean-de-maurienne\/sorganiser\/producteurs\/envie-de-legumes-frais-et-de-saison\/#primaryimage","inLanguage":"fr-FR","url":"https:\/\/www.montagnicimes.com\/st-jean-de-maurienne\/wp-content\/uploads\/sites\/4\/2023\/04\/Jardins-de-st-ju.jpg","contentUrl":"https:\/\/www.montagnicimes.com\/st-jean-de-maurienne\/wp-content\/uploads\/sites\/4\/2023\/04\/Jardins-de-st-ju.jpg","width":1200,"height":800,"caption":"Les jardins de st-julien"},{"@type":"WebPage","@id":"https:\/\/www.montagnicimes.com\/st-jean-de-maurienne\/sorganiser\/producteurs\/envie-de-legumes-frais-et-de-saison\/#webpage","url":"https:\/\/www.montagnicimes.com\/st-jean-de-maurienne\/sorganiser\/producteurs\/envie-de-legumes-frais-et-de-saison\/","name":"Envie de l\u00e9gumes frais et de saison ? - St-Jean-de-Maurienne","isPartOf":{"@id":"https:\/\/www.montagnicimes.com\/st-jean-de-maurienne\/#website"},"primaryImageOfPage":{"@id":"https:\/\/www.montagnicimes.com\/st-jean-de-maurienne\/sorganiser\/producteurs\/envie-de-legumes-frais-et-de-saison\/#primaryimage"},"datePublished":"2023-04-19T07:21:07+00:00","dateModified":"2023-04-19T07:54:36+00:00","description":"\u00c0 proximit\u00e9 de Saint-Jean-de-Maurienne, sur la commune de Jarrier et sur la commune de Saint-Julien-Montdenis, La Ferme de la Fournache et Les Jardins de","breadcrumb":{"@id":"https:\/\/www.montagnicimes.com\/st-jean-de-maurienne\/sorganiser\/producteurs\/envie-de-legumes-frais-et-de-saison\/#breadcrumb"},"inLanguage":"fr-FR","potentialAction":[{"@type":"ReadAction","target":["https:\/\/www.montagnicimes.com\/st-jean-de-maurienne\/sorganiser\/producteurs\/envie-de-legumes-frais-et-de-saison\/"]}]},{"@type":"BreadcrumbList","@id":"https:\/\/www.montagnicimes.com\/st-jean-de-maurienne\/sorganiser\/producteurs\/envie-de-legumes-frais-et-de-saison\/#breadcrumb","itemListElement":[{"@type":"ListItem","position":1,"name":"Accueil","item":"https:\/\/www.montagnicimes.com\/st-jean-de-maurienne\/"},{"@type":"ListItem","position":2,"name":"S&rsquo;organiser","item":"https:\/\/www.montagnicimes.com\/st-jean-de-maurienne\/sorganiser\/"},{"@type":"ListItem","position":3,"name":"Producteurs","item":"https:\/\/www.montagnicimes.com\/st-jean-de-maurienne\/sorganiser\/producteurs\/"},{"@type":"ListItem","position":4,"name":"Envie de l\u00e9gumes frais et de saison ?"}]}]}},"_links":{"self":[{"href":"https:\/\/www.montagnicimes.com\/st-jean-de-maurienne\/wp-json\/wp\/v2\/pages\/11106"}],"collection":[{"href":"https:\/\/www.montagnicimes.com\/st-jean-de-maurienne\/wp-json\/wp\/v2\/pages"}],"about":[{"href":"https:\/\/www.montagnicimes.com\/st-jean-de-maurienne\/wp-json\/wp\/v2\/types\/page"}],"author":[{"embeddable":true,"href":"https:\/\/www.montagnicimes.com\/st-jean-de-maurienne\/wp-json\/wp\/v2\/users\/2"}],"replies":[{"embeddable":true,"href":"https:\/\/www.montagnicimes.com\/st-jean-de-maurienne\/wp-json\/wp\/v2\/comments?post=11106"}],"version-history":[{"count":4,"href":"https:\/\/www.montagnicimes.com\/st-jean-de-maurienne\/wp-json\/wp\/v2\/pages\/11106\/revisions"}],"predecessor-version":[{"id":11118,"href":"https:\/\/www.montagnicimes.com\/st-jean-de-maurienne\/wp-json\/wp\/v2\/pages\/11106\/revisions\/11118"}],"up":[{"embeddable":true,"href":"https:\/\/www.montagnicimes.com\/st-jean-de-maurienne\/wp-json\/wp\/v2\/pages\/7620"}],"wp:featuredmedia":[{"embeddable":true,"href":"https:\/\/www.montagnicimes.com\/st-jean-de-maurienne\/wp-json\/wp\/v2\/media\/11109"}],"wp:attachment":[{"href":"https:\/\/www.montagnicimes.com\/st-jean-de-maurienne\/wp-json\/wp\/v2\/media?parent=11106"}],"wp:term":[{"taxonomy":"post_tag","embeddable":true,"href":"https:\/\/www.montagnicimes.com\/st-jean-de-maurienne\/wp-json\/wp\/v2\/post_tag?post=11106"}],"curies":[{"name":"wp","href":"https:\/\/api.w.org\/{rel}","templated":true}]}}