{"id":11071,"date":"2023-04-18T15:13:17","date_gmt":"2023-04-18T13:13:17","guid":{"rendered":"https:\/\/www.montagnicimes.com\/st-jean-de-maurienne\/?page_id=11071"},"modified":"2023-04-19T10:20:41","modified_gmt":"2023-04-19T08:20:41","slug":"envie-de-bieres-artisanales","status":"publish","type":"page","link":"https:\/\/www.montagnicimes.com\/st-jean-de-maurienne\/sorganiser\/producteurs\/envie-de-bieres-artisanales\/","title":{"rendered":"Envie de bi\u00e8res artisanales ?"},"content":{"rendered":"\n<p class=\"is-style-excerpt\">\u00c0 quelques kilom\u00e8tres de Saint-Jean-de-Maurienne, 2 brasseurs se sont install\u00e9s ! \u00c0 Saint-Julien-Montdenis, d\u00e9couvrez la <a href=\"https:\/\/www.montagnicimes.com\/st-jean-de-maurienne\/producteur\/brasserie-letendard\/\">Brasserie l\u2019\u00c9tendard<\/a> et au hameau \u00ab La Bise \u00bb \u00e0 Fontcouverte La Toussuire, la <a href=\"https:\/\/www.montagnicimes.com\/st-jean-de-maurienne\/producteur\/brasserie-jananka\/\" target=\"_blank\" rel=\"noreferrer noopener\">Brasserie Jananka<\/a>.<\/p>\n\n\n\n<p class=\"is-style-default\">Ils produisent de la bi\u00e8re artisanale avec une large gamme qui conviendra \u00e0 tous les go\u00fbts. Retrouvez leurs bi\u00e8res dans leurs brasseries o\u00f9 dans leurs points de vente.<\/p>\n\n\n\n<p class=\"is-style-default\">Si vous voulez en savoir plus sur leurs techniques de production, n\u2019h\u00e9sitez pas \u00e0 les rencontrer, c\u2019est possible !<\/p>\n\n\n\n<div class=\"wp-block-buttons is-content-justification-center\">\n<div class=\"wp-block-button\"><a class=\"wp-block-button__link\" href=\"https:\/\/www.montagnicimes.com\/wp-content\/uploads\/2023\/03\/Producteurs-Artisans-FINAL-Compresse-avec-compression.pdf\" target=\"_blank\" rel=\"noreferrer noopener\">t\u00e9l\u00e9chargez notre brochure producteurs &amp; artisans<\/a><\/div>\n<\/div>\n\n\n\n<div class=\"wp-block wp-block-related-post clear alignfull\">\n\n    <div class=\"article\">\n                    <h2 class=\"wp-block-related-post-title\">Nos producteurs<\/h2>\n        \n            <\/div>\n\n    <div class=\"container\">\n        <div class=\"wp-block-related-post-inner\">\n            <div data-id=\"wpiris-related-post\" data-slides-per-view=\"2\">\n                <div data-id=\"wpiris-related-post-wrapper\">\n                                            \n<div class=\"postItem swiper-slide\" data-trigger=\"wpiris-click\" >\n    <a href=\"https:\/\/www.montagnicimes.com\/st-jean-de-maurienne\/producteur\/la-brasserie-des-neiges\/\" nofancybox class=\"postItemThumbnail\">\n        <img data-src=\"https:\/\/www.montagnicimes.com\/st-jean-de-maurienne\/wp-content\/uploads\/sites\/4\/wpiris-images\/14565\/36851825-diaporama-590x440-c.jpg\" alt=\"La Brasserie des neiges\">\n    <\/a>\n    <div class=\"postItemContent\">\n\n        <div class=\"postItemContentHeading\">\n                                    <h3 class=\"postItemContentTitle\" >\n                <a href=\"https:\/\/www.montagnicimes.com\/st-jean-de-maurienne\/producteur\/la-brasserie-des-neiges\/\">La Brasserie des neiges<\/a>\n            <\/h3>                    <\/div>\n        \n<div class=\"postItemContentExcerpt\">\n    Depuis 2022, Yoann, associ\u00e9 en 2025 \u00e0 M\u00e9line, fabriquent une gamme de bi\u00e8res et de limonades fra\u00eechement brass\u00e9es \u00e0 l&rsquo;eau de nos montagnes. La Brasserie des Neiges, c\u2019est du local, du franc, du mousseux avec une bonne dose d&rsquo;altitude \u00e0 chaque gorg\u00e9e !<\/div>\n    <\/div>\n<\/div>\n                                            \n<div class=\"postItem swiper-slide\" data-trigger=\"wpiris-click\" >\n    <a href=\"https:\/\/www.montagnicimes.com\/st-jean-de-maurienne\/producteur\/brasserie-jananka\/\" nofancybox class=\"postItemThumbnail\">\n        <img data-src=\"https:\/\/www.montagnicimes.com\/st-jean-de-maurienne\/wp-content\/uploads\/sites\/4\/wpiris-images\/10738\/15323733-diaporama-590x440-c.jpg\" alt=\"Brasserie Jananka\">\n    <\/a>\n    <div class=\"postItemContent\">\n\n        <div class=\"postItemContentHeading\">\n                                    <h3 class=\"postItemContentTitle\" >\n                <a href=\"https:\/\/www.montagnicimes.com\/st-jean-de-maurienne\/producteur\/brasserie-jananka\/\">Brasserie Jananka<\/a>\n            <\/h3>                    <\/div>\n        \n<div class=\"postItemContentExcerpt\">\n    Depuis 2019, Anthony tient sa micro-brasserie \u00e0 La Bise, joli hameau de Fontcouverte La Toussuire, o\u00f9 il produit plusieurs sortes de bi\u00e8res : une blanche au poivre, une IPA, une ambr\u00e9e et une blonde l\u00e9g\u00e8re ! La boutique est ouverte sur rendez-vous !<\/div>\n    <\/div>\n<\/div>\n                                    <\/div>\n            <\/div>\n        <\/div>\n    <\/div>\n\n    <div class=\"article\">\n            <\/div>\n<\/div>\n\n<div class=\"wp-block wp-block-highlight\">\n            <h3 class=\"wp-block-highlight-item wp-block-highlight-title\">Le saviez-vous ? <\/h3>\n                <p class=\"wp-block-highlight-item wp-block-highlight-excerpt\">Le houblon est une liane grimpante pouvant atteindre 10 m\u00e8tres de hauteur ! Il est beaucoup cultiv\u00e9 dans le nord de la France, on appelle cela des \u00ab houblonni\u00e8res \u00bb. De plus, il existe un peu plus de 100 vari\u00e9t\u00e9s de houblons cultiv\u00e9es dans le monde ! Chaque vari\u00e9t\u00e9 a un go\u00fbt unique, c\u2019est ce go\u00fbt qui va aromatiser la bi\u00e8re et lui donner de l\u2019amertume.<br><br>Pensez que chaque artisan brasseur \u00e9labore avant tout ses recettes pour son propre plaisir gustatif ! C\u2019est pourquoi les \u00ab craft beer \u00bb ou bi\u00e8res artisanales ont des gammes tr\u00e8s larges : blondes, blanches, brunes, IPA\u2026 Et \u00e7a, c\u2019est une histoire de go\u00fbt !<br><br><em>L\u2019alcool \u00e9tant dangereux pour la sant\u00e9, \u00e0 consommer avec mod\u00e9ration bien s\u00fbr !<\/em><\/p>\n    <\/div>","protected":false},"excerpt":{"rendered":"<p>\u00c0 quelques kilom\u00e8tres de Saint-Jean-de-Maurienne, 2 brasseurs se sont install\u00e9s ! \u00c0 Saint-Julien-Montdenis, d\u00e9couvrez la Brasserie l\u2019\u00c9tendard et au hameau \u00ab La Bise \u00bb \u00e0 Fontcouverte La Toussuire, la Brasserie Jananka. Ils produisent de la bi\u00e8re artisanale avec une large gamme qui conviendra \u00e0 tous les go\u00fbts. Retrouvez leurs bi\u00e8res dans leurs brasseries o\u00f9 dans [&hellip;]<\/p>\n","protected":false},"author":2,"featured_media":11075,"parent":7620,"menu_order":0,"comment_status":"closed","ping_status":"closed","template":"","meta":{"_relevanssi_hide_post":"","_relevanssi_pin_for_all":"","_relevanssi_pin_keywords":"","_relevanssi_unpin_keywords":"","_relevanssi_related_keywords":"","_relevanssi_related_include_ids":"","_relevanssi_related_exclude_ids":"","_relevanssi_related_no_append":"","_relevanssi_related_not_related":"","_relevanssi_related_posts":"10765","_relevanssi_noindex_reason":""},"post_tag":[],"acf":[],"yoast_head":"<!-- This site is optimized with the Yoast SEO plugin v17.6 - https:\/\/yoast.com\/wordpress\/plugins\/seo\/ -->\n<meta name=\"description\" content=\"\u00c0 quelques kilom\u00e8tres de Saint-Jean-de-Maurienne, 2 brasseurs se sont install\u00e9s ! \u00c0 Saint-Julien-Montdenis, d\u00e9couvrez la Brasserie l\u2019\u00c9tendard et au hameau\" \/>\n<meta name=\"robots\" content=\"index, follow, max-snippet:-1, max-image-preview:large, max-video-preview:-1\" \/>\n<link rel=\"canonical\" href=\"https:\/\/www.montagnicimes.com\/st-jean-de-maurienne\/sorganiser\/producteurs\/envie-de-bieres-artisanales\/\" \/>\n<meta property=\"og:locale\" content=\"fr_FR\" \/>\n<meta property=\"og:type\" content=\"article\" \/>\n<meta property=\"og:title\" content=\"Envie de bi\u00e8res artisanales ? - St-Jean-de-Maurienne\" \/>\n<meta property=\"og:description\" content=\"\u00c0 quelques kilom\u00e8tres de Saint-Jean-de-Maurienne, 2 brasseurs se sont install\u00e9s ! \u00c0 Saint-Julien-Montdenis, d\u00e9couvrez la Brasserie l\u2019\u00c9tendard et au hameau\" \/>\n<meta property=\"og:url\" content=\"https:\/\/www.montagnicimes.com\/st-jean-de-maurienne\/sorganiser\/producteurs\/envie-de-bieres-artisanales\/\" \/>\n<meta property=\"og:site_name\" content=\"St-Jean-de-Maurienne\" \/>\n<meta property=\"article:modified_time\" content=\"2023-04-19T08:20:41+00:00\" \/>\n<meta property=\"og:image\" content=\"https:\/\/www.montagnicimes.com\/st-jean-de-maurienne\/wp-content\/uploads\/sites\/4\/2023\/04\/biere-brasserie-etendard.jpg\" \/>\n\t<meta property=\"og:image:width\" content=\"1200\" \/>\n\t<meta property=\"og:image:height\" content=\"800\" \/>\n<meta name=\"twitter:card\" content=\"summary_large_image\" \/>\n<meta name=\"twitter:label1\" content=\"Dur\u00e9e de lecture estim\u00e9e\" \/>\n\t<meta name=\"twitter:data1\" content=\"1 minute\" \/>\n<script type=\"application\/ld+json\" class=\"yoast-schema-graph\">{\"@context\":\"https:\/\/schema.org\",\"@graph\":[{\"@type\":\"WebSite\",\"@id\":\"https:\/\/www.montagnicimes.com\/st-jean-de-maurienne\/#website\",\"url\":\"https:\/\/www.montagnicimes.com\/st-jean-de-maurienne\/\",\"name\":\"St-Jean-de-Maurienne\",\"description\":\"Office de tourisme Montagnicimes - Saint-Jean-de-Maurienne\",\"potentialAction\":[{\"@type\":\"SearchAction\",\"target\":{\"@type\":\"EntryPoint\",\"urlTemplate\":\"https:\/\/www.montagnicimes.com\/st-jean-de-maurienne\/?s={search_term_string}\"},\"query-input\":\"required name=search_term_string\"}],\"inLanguage\":\"fr-FR\"},{\"@type\":\"ImageObject\",\"@id\":\"https:\/\/www.montagnicimes.com\/st-jean-de-maurienne\/sorganiser\/producteurs\/envie-de-bieres-artisanales\/#primaryimage\",\"inLanguage\":\"fr-FR\",\"url\":\"https:\/\/www.montagnicimes.com\/st-jean-de-maurienne\/wp-content\/uploads\/sites\/4\/2023\/04\/biere-brasserie-etendard.jpg\",\"contentUrl\":\"https:\/\/www.montagnicimes.com\/st-jean-de-maurienne\/wp-content\/uploads\/sites\/4\/2023\/04\/biere-brasserie-etendard.jpg\",\"width\":1200,\"height\":800,\"caption\":\"biere brasserie etendard\"},{\"@type\":\"WebPage\",\"@id\":\"https:\/\/www.montagnicimes.com\/st-jean-de-maurienne\/sorganiser\/producteurs\/envie-de-bieres-artisanales\/#webpage\",\"url\":\"https:\/\/www.montagnicimes.com\/st-jean-de-maurienne\/sorganiser\/producteurs\/envie-de-bieres-artisanales\/\",\"name\":\"Envie de bi\\u00e8res artisanales ? - St-Jean-de-Maurienne\",\"isPartOf\":{\"@id\":\"https:\/\/www.montagnicimes.com\/st-jean-de-maurienne\/#website\"},\"primaryImageOfPage\":{\"@id\":\"https:\/\/www.montagnicimes.com\/st-jean-de-maurienne\/sorganiser\/producteurs\/envie-de-bieres-artisanales\/#primaryimage\"},\"datePublished\":\"2023-04-18T13:13:17+00:00\",\"dateModified\":\"2023-04-19T08:20:41+00:00\",\"description\":\"\\u00c0 quelques kilom\\u00e8tres de Saint-Jean-de-Maurienne, 2 brasseurs se sont install\\u00e9s ! \\u00c0 Saint-Julien-Montdenis, d\\u00e9couvrez la Brasserie l\\u2019\\u00c9tendard et au hameau\",\"breadcrumb\":{\"@id\":\"https:\/\/www.montagnicimes.com\/st-jean-de-maurienne\/sorganiser\/producteurs\/envie-de-bieres-artisanales\/#breadcrumb\"},\"inLanguage\":\"fr-FR\",\"potentialAction\":[{\"@type\":\"ReadAction\",\"target\":[\"https:\/\/www.montagnicimes.com\/st-jean-de-maurienne\/sorganiser\/producteurs\/envie-de-bieres-artisanales\/\"]}]},{\"@type\":\"BreadcrumbList\",\"@id\":\"https:\/\/www.montagnicimes.com\/st-jean-de-maurienne\/sorganiser\/producteurs\/envie-de-bieres-artisanales\/#breadcrumb\",\"itemListElement\":[{\"@type\":\"ListItem\",\"position\":1,\"name\":\"Accueil\",\"item\":\"https:\/\/www.montagnicimes.com\/st-jean-de-maurienne\/\"},{\"@type\":\"ListItem\",\"position\":2,\"name\":\"S&rsquo;organiser\",\"item\":\"https:\/\/www.montagnicimes.com\/st-jean-de-maurienne\/sorganiser\/\"},{\"@type\":\"ListItem\",\"position\":3,\"name\":\"Producteurs\",\"item\":\"https:\/\/www.montagnicimes.com\/st-jean-de-maurienne\/sorganiser\/producteurs\/\"},{\"@type\":\"ListItem\",\"position\":4,\"name\":\"Envie de bi\\u00e8res artisanales ?\"}]}]}<\/script>\n<!-- \/ Yoast SEO plugin. -->","yoast_head_json":{"description":"\u00c0 quelques kilom\u00e8tres de Saint-Jean-de-Maurienne, 2 brasseurs se sont install\u00e9s ! \u00c0 Saint-Julien-Montdenis, d\u00e9couvrez la Brasserie l\u2019\u00c9tendard et au hameau","robots":{"index":"index","follow":"follow","max-snippet":"max-snippet:-1","max-image-preview":"max-image-preview:large","max-video-preview":"max-video-preview:-1"},"canonical":"https:\/\/www.montagnicimes.com\/st-jean-de-maurienne\/sorganiser\/producteurs\/envie-de-bieres-artisanales\/","og_locale":"fr_FR","og_type":"article","og_title":"Envie de bi\u00e8res artisanales ? - St-Jean-de-Maurienne","og_description":"\u00c0 quelques kilom\u00e8tres de Saint-Jean-de-Maurienne, 2 brasseurs se sont install\u00e9s ! \u00c0 Saint-Julien-Montdenis, d\u00e9couvrez la Brasserie l\u2019\u00c9tendard et au hameau","og_url":"https:\/\/www.montagnicimes.com\/st-jean-de-maurienne\/sorganiser\/producteurs\/envie-de-bieres-artisanales\/","og_site_name":"St-Jean-de-Maurienne","article_modified_time":"2023-04-19T08:20:41+00:00","og_image":[{"width":1200,"height":800,"url":"https:\/\/www.montagnicimes.com\/st-jean-de-maurienne\/wp-content\/uploads\/sites\/4\/2023\/04\/biere-brasserie-etendard.jpg","type":"image\/jpeg"}],"twitter_card":"summary_large_image","twitter_misc":{"Dur\u00e9e de lecture estim\u00e9e":"1 minute"},"schema":{"@context":"https:\/\/schema.org","@graph":[{"@type":"WebSite","@id":"https:\/\/www.montagnicimes.com\/st-jean-de-maurienne\/#website","url":"https:\/\/www.montagnicimes.com\/st-jean-de-maurienne\/","name":"St-Jean-de-Maurienne","description":"Office de tourisme Montagnicimes - Saint-Jean-de-Maurienne","potentialAction":[{"@type":"SearchAction","target":{"@type":"EntryPoint","urlTemplate":"https:\/\/www.montagnicimes.com\/st-jean-de-maurienne\/?s={search_term_string}"},"query-input":"required name=search_term_string"}],"inLanguage":"fr-FR"},{"@type":"ImageObject","@id":"https:\/\/www.montagnicimes.com\/st-jean-de-maurienne\/sorganiser\/producteurs\/envie-de-bieres-artisanales\/#primaryimage","inLanguage":"fr-FR","url":"https:\/\/www.montagnicimes.com\/st-jean-de-maurienne\/wp-content\/uploads\/sites\/4\/2023\/04\/biere-brasserie-etendard.jpg","contentUrl":"https:\/\/www.montagnicimes.com\/st-jean-de-maurienne\/wp-content\/uploads\/sites\/4\/2023\/04\/biere-brasserie-etendard.jpg","width":1200,"height":800,"caption":"biere brasserie etendard"},{"@type":"WebPage","@id":"https:\/\/www.montagnicimes.com\/st-jean-de-maurienne\/sorganiser\/producteurs\/envie-de-bieres-artisanales\/#webpage","url":"https:\/\/www.montagnicimes.com\/st-jean-de-maurienne\/sorganiser\/producteurs\/envie-de-bieres-artisanales\/","name":"Envie de bi\u00e8res artisanales ? - St-Jean-de-Maurienne","isPartOf":{"@id":"https:\/\/www.montagnicimes.com\/st-jean-de-maurienne\/#website"},"primaryImageOfPage":{"@id":"https:\/\/www.montagnicimes.com\/st-jean-de-maurienne\/sorganiser\/producteurs\/envie-de-bieres-artisanales\/#primaryimage"},"datePublished":"2023-04-18T13:13:17+00:00","dateModified":"2023-04-19T08:20:41+00:00","description":"\u00c0 quelques kilom\u00e8tres de Saint-Jean-de-Maurienne, 2 brasseurs se sont install\u00e9s ! \u00c0 Saint-Julien-Montdenis, d\u00e9couvrez la Brasserie l\u2019\u00c9tendard et au hameau","breadcrumb":{"@id":"https:\/\/www.montagnicimes.com\/st-jean-de-maurienne\/sorganiser\/producteurs\/envie-de-bieres-artisanales\/#breadcrumb"},"inLanguage":"fr-FR","potentialAction":[{"@type":"ReadAction","target":["https:\/\/www.montagnicimes.com\/st-jean-de-maurienne\/sorganiser\/producteurs\/envie-de-bieres-artisanales\/"]}]},{"@type":"BreadcrumbList","@id":"https:\/\/www.montagnicimes.com\/st-jean-de-maurienne\/sorganiser\/producteurs\/envie-de-bieres-artisanales\/#breadcrumb","itemListElement":[{"@type":"ListItem","position":1,"name":"Accueil","item":"https:\/\/www.montagnicimes.com\/st-jean-de-maurienne\/"},{"@type":"ListItem","position":2,"name":"S&rsquo;organiser","item":"https:\/\/www.montagnicimes.com\/st-jean-de-maurienne\/sorganiser\/"},{"@type":"ListItem","position":3,"name":"Producteurs","item":"https:\/\/www.montagnicimes.com\/st-jean-de-maurienne\/sorganiser\/producteurs\/"},{"@type":"ListItem","position":4,"name":"Envie de bi\u00e8res artisanales ?"}]}]}},"_links":{"self":[{"href":"https:\/\/www.montagnicimes.com\/st-jean-de-maurienne\/wp-json\/wp\/v2\/pages\/11071"}],"collection":[{"href":"https:\/\/www.montagnicimes.com\/st-jean-de-maurienne\/wp-json\/wp\/v2\/pages"}],"about":[{"href":"https:\/\/www.montagnicimes.com\/st-jean-de-maurienne\/wp-json\/wp\/v2\/types\/page"}],"author":[{"embeddable":true,"href":"https:\/\/www.montagnicimes.com\/st-jean-de-maurienne\/wp-json\/wp\/v2\/users\/2"}],"replies":[{"embeddable":true,"href":"https:\/\/www.montagnicimes.com\/st-jean-de-maurienne\/wp-json\/wp\/v2\/comments?post=11071"}],"version-history":[{"count":7,"href":"https:\/\/www.montagnicimes.com\/st-jean-de-maurienne\/wp-json\/wp\/v2\/pages\/11071\/revisions"}],"predecessor-version":[{"id":11124,"href":"https:\/\/www.montagnicimes.com\/st-jean-de-maurienne\/wp-json\/wp\/v2\/pages\/11071\/revisions\/11124"}],"up":[{"embeddable":true,"href":"https:\/\/www.montagnicimes.com\/st-jean-de-maurienne\/wp-json\/wp\/v2\/pages\/7620"}],"wp:featuredmedia":[{"embeddable":true,"href":"https:\/\/www.montagnicimes.com\/st-jean-de-maurienne\/wp-json\/wp\/v2\/media\/11075"}],"wp:attachment":[{"href":"https:\/\/www.montagnicimes.com\/st-jean-de-maurienne\/wp-json\/wp\/v2\/media?parent=11071"}],"wp:term":[{"taxonomy":"post_tag","embeddable":true,"href":"https:\/\/www.montagnicimes.com\/st-jean-de-maurienne\/wp-json\/wp\/v2\/post_tag?post=11071"}],"curies":[{"name":"wp","href":"https:\/\/api.w.org\/{rel}","templated":true}]}}