{"id":27051,"date":"2023-11-27T09:35:21","date_gmt":"2023-11-27T08:35:21","guid":{"rendered":"https:\/\/www.montagnicimes.com\/albiez\/?page_id=27051"},"modified":"2023-12-19T15:45:06","modified_gmt":"2023-12-19T14:45:06","slug":"itineraires-raquette","status":"publish","type":"page","link":"https:\/\/www.montagnicimes.com\/albiez\/se-divertir\/activites-hiver\/raquette\/itineraires-raquette\/","title":{"rendered":"Itin\u00e9raires raquette en libert\u00e9"},"content":{"rendered":"\n<p class=\"is-style-excerpt\">Nos itin\u00e9raires raquette soigneusement s\u00e9lectionn\u00e9s vous conduiront \u00e0 des panoramas \u00e0 couper le souffle, o\u00f9 la qui\u00e9tude de la nature rencontre la beaut\u00e9 brute des sommets alpins. Que vous soyez d\u00e9butant ou expert, nos circuits s&rsquo;adaptent \u00e0 tous les niveaux, offrant une exp\u00e9rience authentique de la montagne enneig\u00e9e.<\/p>\n\n\n\n    <div class=\"wp-block-wpet-aside alignfull\">\n        <div class=\"wpetList  clear\" id=\"wpetList\" data-id=\"wpet-list\" data-wpet-current-mode=\"mixte\">\n\n                        <div class=\"wpetListInfobar\">\n\n                <div class=\"wpetListNumber\">\n                    <span class=\"wpetListNumberValue\" data-id=\"wpet-list-total-offer\">9<\/span>\n                    <span class=\"wpetListNumberLabel\">r\u00e9sultat(s)<\/span>\n                <\/div>\n\n                                <div class=\"wpetListModes resultsListMode\">\n                    <ul>\n                                                    <li class=\"wpetListModesItem wpetListModesItem--filter\">\n                                <a href=\"#wpetListAside\" data-trigger=\"wpet-list-filters-button\">\n                                    <span>Filtres<\/span>\n                                <\/a>\n                            <\/li>\n                                                <li class=\"wpetListModesItem wpetListModesItem--list\">\n                            <a data-trigger=\"wpet-mode\" href=\"#wpetList\" data-wpet-switch-mode=\"list\">\n                                <span>Liste<\/span>\n                            <\/a>\n                        <\/li>\n                        <li class=\"wpetListModesItem wpetListModesItem--map\">\n                            <a data-trigger=\"wpet-mode\" href=\"#wpetList\" data-wpet-switch-mode=\"map\">\n                                <span>Carte<\/span>\n                            <\/a>\n                        <\/li>\n                        <li class=\"wpetListModesItem wpetListModesItem--mixte\">\n                            <a data-trigger=\"wpet-mode\" href=\"#wpetList\" data-wpet-switch-mode=\"mixte\">\n                                <span>Mixte<\/span>\n                            <\/a>\n                        <\/li>\n                    <\/ul>\n                <\/div>\n            <\/div>\n\n                                        <div class=\"wpetOverlay\" data-trigger=\"wpet-list-filters-close\"><\/div>\n\n                <div class=\"wpetListAside\" id=\"wpetListAside\" data-id=\"wpet-list-filters\">\n                    <a href=\"#wpetList\" class=\"wpetListAsideClose\" data-trigger=\"wpet-list-filters-close\">\n                        <span class=\"sr-only\">Fermer les filtres<\/span>\n                    <\/a>\n\n                    <p class=\"wpetListFilterTitle\">Affiner ma recherche<\/p>\n\n                    <div class=\"wpetListFilter\">\n                        <div class=\"wrapper_wpet_engine\"><form name=\"wpet_engine_form\" method=\"POST\" action=\"\" ><div>\n    <form id=\"\" name=\"\" method=\"POST\" action=\"##\">\n        <div class=\"wpetFiltersEngine\">\n\t\t\t<div class=\"wpet-form-item wpet_select\" data-wpet-search=\"commune\" data-wpet-type=\"select\">\n\n    <label for=\"wpet-select-commune\">Commune<\/label>\n\n    <select class=\"wpet-select-item wpet-select-field\" id=\"wpet-select-commune\" name=\"wpet_search[commune]\">\n        <option><\/option>\n                    <option  value=\"Albiez-le-Jeune\" >Albiez-le-Jeune<\/option>\n                    <option  value=\"Albiez-Montrond\" >Albiez-Montrond<\/option>\n        \n    <\/select>\n\n    \n    \n<\/div><div class=\"wpet-form-item  nouislider\" data-wpet-search=\"duree-journaliere\" data-wpet-type=\"slider\">\n\n    <label>\n        Dur\u00e9e    <\/label>\n    \n        <div  data-wpet-convert=\"minutetohour\" class=\"slide\" min=\"55\" max=\"220\" id=\"duree-journaliere\"><\/div>\n    <div class=\"wpet-slide-text\"><span class=\"wpet-slide-text-min\">00h55<\/span><span class=\"wpet-slide-text-max\">03h40<\/span><\/div>\n    <input type=\"hidden\" class=\"minrange\" name=\"wpet_search[slider][duree-journaliere][min]\" value=\"\" \/>\n    <input type=\"hidden\" class=\"maxrange\" name=\"wpet_search[slider][duree-journaliere][max]\" value=\"\" \/>\n\n    \n        \n<\/div>\n<div class=\"wpet-form-item  nouislider\" data-wpet-search=\"denivele\" data-wpet-type=\"slider\">\n\n    <label>\n        D\u00e9nivel\u00e9    <\/label>\n    \n        <div   class=\"slide\" min=\"30\" max=\"400\" id=\"denivele\"><\/div>\n    <div class=\"wpet-slide-text\"><span class=\"wpet-slide-text-min\">30<\/span><span class=\"wpet-slide-text-max\">400<\/span><\/div>\n    <input type=\"hidden\" class=\"minrange\" name=\"wpet_search[slider][denivele][min]\" value=\"\" \/>\n    <input type=\"hidden\" class=\"maxrange\" name=\"wpet_search[slider][denivele][max]\" value=\"\" \/>\n\n    \n        \n<\/div>\n<div class=\"wpet-form-item wpet-checkboxes\" data-wpet-search=\"indications-periode-saisonnalite\" data-wpet-type=\"checkbox\">\n\n    <label>Saison<\/label>\n\n            <div class=\"wpet-checkbox-item\">\n            <input name=\"wpet_search[indications-periode-saisonnalite][]\"\n                   id=\"wpet-checkbox-item-indications-periode-saisonnalite-hiver\"\n                   type=\"checkbox\"  value=\"Hiver\"\/>\n            <label for=\"wpet-checkbox-item-indications-periode-saisonnalite-hiver\">Hiver<\/label>\n        <\/div>\n\n    \n    <input type=\"hidden\" name=\"wpet_checkboxes[]\" value=\"indications-periode-saisonnalite\"\/>\n<\/div>        <\/div>\n        <div class=\"wpetFiltersResetengine\">\n\t\t            <\/div>\n    <\/form>\n<\/div>\n\n<\/form><\/div><div class=\"wrapper_wpet_selected_facets\"><\/div><div class=\"wrapper_wpet_facets\"><div class=\"accordion\" id=\"wrapper_wpet_facets\">\n    <\/div><\/div>                        <p class=\"wpetListFilterButton\">\n                            <a href=\"#wpetList\" class=\"button\" data-trigger=\"wpet-list-filters-close\">\n                                Rechercher                            <\/a>\n                        <\/p>\n                    <\/div>\n                <\/div>\n            \n                        <div class=\"wpetListOffers\">\n                <div class=\"wpetListOffersList default\">\n                    <div id=\"loaderModeAjax\">\n                        <div class=\"content-loader\"><\/div>\n                    <\/div>\n\n                    \n<div class=\"wpetOffer wrapper_wpet_offer resultsListItem\" data-id=\"wpet-offer\">\n    \n    <div class=\"wpetOfferThumbnail\">\n\n                \n            <a href=\"https:\/\/www.montagnicimes.com\/albiez\/itineraire\/montee-au-trapanel\/\" nofancybox>\n                <img data-src=\"https:\/\/www.montagnicimes.com\/albiez\/wp-content\/uploads\/sites\/2\/wpetourisme\/35219052-diaporama-550x385.jpg\" alt=\"Mont\u00e9e au Trapanel\">\n            <\/a>\n                \n\t                <p class=\"wpetOfferThumbnailCount\"> 3 <\/p>\n\t    \n                    <a class=\"button wpetOfferButtonTrace\" data-trigger=\"wpet-show-trace\" href=\"#wpet-offer\" data-gpx=\"https:\/\/static.apidae-tourisme.com\/filestore\/objets-touristiques\/plans\/194\/197\/35243458\/montee-au-trapanel.gpx\">\n                Voir le trac\u00e9            <\/a>\n        \n\n                \n\t    \n        \t    \n\t    \n    <\/div>\n    \n    <div class=\"wpetOfferContainer\" data-mh>\n        \n        <div class=\"wpetOfferContainerContent\" data-trigger=\"wpet-click\">\n\n            <h2 class=\"wpetOfferContainerContentTitle\">\n                <a href=\"https:\/\/www.montagnicimes.com\/albiez\/itineraire\/montee-au-trapanel\/\" data-id=\"wpet-offer-link\">Mont\u00e9e au Trapanel<\/a>\n            <\/h2>\n\n            <div class=\"wpetOfferContainerContentMeta\">\n                                                    <span class=\"wpetOfferContainerContentMetaLocation\">Albiez-Montrond<\/span>\n                            <\/div>\n\n            \n                            <div class=\"wpetOfferContainerContentItinerary\">\n                    \n                                <span class=\"wpetOfferContainerContentItineraryItem wpetOfferContainerContentItineraryItem--distance\">\n                                    3.6 km                                <\/span>\n\n                                                                        \n                                <span class=\"wpetOfferContainerContentItineraryItem wpetOfferContainerContentItineraryItem--duree\">\n                                    1h55                                <\/span>\n\n                                                                                                                    \n                                <span class=\"wpetOfferContainerContentItineraryItem wpetOfferContainerContentItineraryItem--denivele\">\n                                    180 D+                                <\/span>\n\n                                                                                        <\/div>\n            \n        <\/div>\n\n        \n            \n    <\/div>\n<\/div>\n\n<div class=\"wpetOffer wrapper_wpet_offer resultsListItem\" data-id=\"wpet-offer\">\n    \n    <div class=\"wpetOfferThumbnail\">\n\n                \n            <a href=\"https:\/\/www.montagnicimes.com\/albiez\/itineraire\/combe-frediere\/\" nofancybox>\n                <img data-src=\"https:\/\/www.montagnicimes.com\/albiez\/wp-content\/uploads\/sites\/2\/wpetourisme\/35325694-diaporama-550x385.jpg\" alt=\"Combe Fr\u00e9di\u00e8re\">\n            <\/a>\n                \n\t    \n                    <a class=\"button wpetOfferButtonTrace\" data-trigger=\"wpet-show-trace\" href=\"#wpet-offer\" data-gpx=\"https:\/\/static.apidae-tourisme.com\/filestore\/objets-touristiques\/plans\/229\/6\/35325669\/combe-frediere.gpx\">\n                Voir le trac\u00e9            <\/a>\n        \n\n                \n\t    \n        \t    \n\t    \n    <\/div>\n    \n    <div class=\"wpetOfferContainer\" data-mh>\n        \n        <div class=\"wpetOfferContainerContent\" data-trigger=\"wpet-click\">\n\n            <h2 class=\"wpetOfferContainerContentTitle\">\n                <a href=\"https:\/\/www.montagnicimes.com\/albiez\/itineraire\/combe-frediere\/\" data-id=\"wpet-offer-link\">Combe Fr\u00e9di\u00e8re<\/a>\n            <\/h2>\n\n            <div class=\"wpetOfferContainerContentMeta\">\n                                                    <span class=\"wpetOfferContainerContentMetaLocation\">Albiez-le-Jeune<\/span>\n                            <\/div>\n\n            \n                            <div class=\"wpetOfferContainerContentItinerary\">\n                    \n                                <span class=\"wpetOfferContainerContentItineraryItem wpetOfferContainerContentItineraryItem--distance\">\n                                    4.87 km                                <\/span>\n\n                                                                        \n                                <span class=\"wpetOfferContainerContentItineraryItem wpetOfferContainerContentItineraryItem--duree\">\n                                    2h45                                <\/span>\n\n                                                                                                                    \n                                <span class=\"wpetOfferContainerContentItineraryItem wpetOfferContainerContentItineraryItem--denivele\">\n                                    270 D+                                <\/span>\n\n                                                                                        <\/div>\n            \n        <\/div>\n\n        \n            \n    <\/div>\n<\/div>\n\n<div class=\"wpetOffer wrapper_wpet_offer resultsListItem\" data-id=\"wpet-offer\">\n    \n    <div class=\"wpetOfferThumbnail\">\n\n                \n            <a href=\"https:\/\/www.montagnicimes.com\/albiez\/itineraire\/tour-de-la-cochette\/\" nofancybox>\n                <img data-src=\"https:\/\/www.montagnicimes.com\/albiez\/wp-content\/uploads\/sites\/2\/wpetourisme\/37389525-diaporama-550x385.jpg\" alt=\"Tour de la Cochette\">\n            <\/a>\n                \n\t                <p class=\"wpetOfferThumbnailCount\"> 3 <\/p>\n\t    \n                    <a class=\"button wpetOfferButtonTrace\" data-trigger=\"wpet-show-trace\" href=\"#wpet-offer\" data-gpx=\"https:\/\/static.apidae-tourisme.com\/filestore\/objets-touristiques\/plans\/127\/204\/35245183\/tour-de-la-cochette.gpx\">\n                Voir le trac\u00e9            <\/a>\n        \n\n                \n\t    \n        \t    \n\t    \n    <\/div>\n    \n    <div class=\"wpetOfferContainer\" data-mh>\n        \n        <div class=\"wpetOfferContainerContent\" data-trigger=\"wpet-click\">\n\n            <h2 class=\"wpetOfferContainerContentTitle\">\n                <a href=\"https:\/\/www.montagnicimes.com\/albiez\/itineraire\/tour-de-la-cochette\/\" data-id=\"wpet-offer-link\">Tour de la Cochette<\/a>\n            <\/h2>\n\n            <div class=\"wpetOfferContainerContentMeta\">\n                                                    <span class=\"wpetOfferContainerContentMetaLocation\">Albiez-Montrond<\/span>\n                            <\/div>\n\n            \n                            <div class=\"wpetOfferContainerContentItinerary\">\n                    \n                                <span class=\"wpetOfferContainerContentItineraryItem wpetOfferContainerContentItineraryItem--distance\">\n                                    7 km                                <\/span>\n\n                                                                        \n                                <span class=\"wpetOfferContainerContentItineraryItem wpetOfferContainerContentItineraryItem--duree\">\n                                    3h15                                <\/span>\n\n                                                                                                                    \n                                <span class=\"wpetOfferContainerContentItineraryItem wpetOfferContainerContentItineraryItem--denivele\">\n                                    230 D+                                <\/span>\n\n                                                                                        <\/div>\n            \n        <\/div>\n\n        \n            \n    <\/div>\n<\/div>\n\n<div class=\"wpetOffer wrapper_wpet_offer resultsListItem\" data-id=\"wpet-offer\">\n    \n    <div class=\"wpetOfferThumbnail\">\n\n                \n            <a href=\"https:\/\/www.montagnicimes.com\/albiez\/itineraire\/circuit-des-legendes-2\/\" nofancybox>\n                <img data-src=\"https:\/\/www.montagnicimes.com\/albiez\/wp-content\/uploads\/sites\/2\/wpetourisme\/14624535-diaporama-550x385.jpg\" alt=\"Circuit des l\u00e9gendes\">\n            <\/a>\n                \n\t                <p class=\"wpetOfferThumbnailCount\"> 3 <\/p>\n\t    \n                    <a class=\"button wpetOfferButtonTrace\" data-trigger=\"wpet-show-trace\" href=\"#wpet-offer\" data-gpx=\"https:\/\/static.apidae-tourisme.com\/filestore\/objets-touristiques\/plans\/120\/33\/25829752\/Sentier+des+lgendes+VF.gpx\">\n                Voir le trac\u00e9            <\/a>\n        \n\n                \n\t    \n        \t    \n\t    \n    <\/div>\n    \n    <div class=\"wpetOfferContainer\" data-mh>\n        \n        <div class=\"wpetOfferContainerContent\" data-trigger=\"wpet-click\">\n\n            <h2 class=\"wpetOfferContainerContentTitle\">\n                <a href=\"https:\/\/www.montagnicimes.com\/albiez\/itineraire\/circuit-des-legendes-2\/\" data-id=\"wpet-offer-link\">Circuit des l\u00e9gendes<\/a>\n            <\/h2>\n\n            <div class=\"wpetOfferContainerContentMeta\">\n                                                    <span class=\"wpetOfferContainerContentMetaLocation\">Albiez-le-Jeune<\/span>\n                            <\/div>\n\n            \n                            <div class=\"wpetOfferContainerContentItinerary\">\n                    \n                                <span class=\"wpetOfferContainerContentItineraryItem wpetOfferContainerContentItineraryItem--distance\">\n                                    3.66 km                                <\/span>\n\n                                                                        \n                                <span class=\"wpetOfferContainerContentItineraryItem wpetOfferContainerContentItineraryItem--duree\">\n                                    1h45                                <\/span>\n\n                                                                                                                    \n                                <span class=\"wpetOfferContainerContentItineraryItem wpetOfferContainerContentItineraryItem--denivele\">\n                                    130 D+                                <\/span>\n\n                                                                                        <\/div>\n            \n        <\/div>\n\n        \n            \n    <\/div>\n<\/div>\n\n<div class=\"wpetOffer wrapper_wpet_offer resultsListItem\" data-id=\"wpet-offer\">\n    \n    <div class=\"wpetOfferThumbnail\">\n\n                \n            <a href=\"https:\/\/www.montagnicimes.com\/albiez\/itineraire\/notre-dame-du-pinet-2\/\" nofancybox>\n                <img data-src=\"https:\/\/www.montagnicimes.com\/albiez\/wp-content\/uploads\/sites\/2\/wpetourisme\/15746092-diaporama-550x385.jpg\" alt=\"Notre-Dame du Pinet\">\n            <\/a>\n                \n\t                <p class=\"wpetOfferThumbnailCount\"> 3 <\/p>\n\t    \n                    <a class=\"button wpetOfferButtonTrace\" data-trigger=\"wpet-show-trace\" href=\"#wpet-offer\" data-gpx=\"https:\/\/static.apidae-tourisme.com\/filestore\/objets-touristiques\/plans\/234\/197\/35243498\/pinet.gpx\">\n                Voir le trac\u00e9            <\/a>\n        \n\n                \n\t    \n        \t    \n\t    \n    <\/div>\n    \n    <div class=\"wpetOfferContainer\" data-mh>\n        \n        <div class=\"wpetOfferContainerContent\" data-trigger=\"wpet-click\">\n\n            <h2 class=\"wpetOfferContainerContentTitle\">\n                <a href=\"https:\/\/www.montagnicimes.com\/albiez\/itineraire\/notre-dame-du-pinet-2\/\" data-id=\"wpet-offer-link\">Notre-Dame du Pinet<\/a>\n            <\/h2>\n\n            <div class=\"wpetOfferContainerContentMeta\">\n                                                    <span class=\"wpetOfferContainerContentMetaLocation\">Albiez-le-Jeune<\/span>\n                            <\/div>\n\n            \n                            <div class=\"wpetOfferContainerContentItinerary\">\n                    \n                                <span class=\"wpetOfferContainerContentItineraryItem wpetOfferContainerContentItineraryItem--distance\">\n                                    1.97 km                                <\/span>\n\n                                                                        \n                                <span class=\"wpetOfferContainerContentItineraryItem wpetOfferContainerContentItineraryItem--duree\">\n                                    1h00                                <\/span>\n\n                                                                                                                    \n                                <span class=\"wpetOfferContainerContentItineraryItem wpetOfferContainerContentItineraryItem--denivele\">\n                                    90 D+                                <\/span>\n\n                                                                                        <\/div>\n            \n        <\/div>\n\n        \n            \n    <\/div>\n<\/div>\n\n<div class=\"wpetOffer wrapper_wpet_offer resultsListItem\" data-id=\"wpet-offer\">\n    \n    <div class=\"wpetOfferThumbnail\">\n\n                \n            <a href=\"https:\/\/www.montagnicimes.com\/albiez\/itineraire\/tour-du-pinet-2\/\" nofancybox>\n                <img data-src=\"https:\/\/www.montagnicimes.com\/albiez\/wp-content\/uploads\/sites\/2\/wpetourisme\/15745263-diaporama-550x385.jpg\" alt=\"Tour du Pinet\">\n            <\/a>\n                \n\t                <p class=\"wpetOfferThumbnailCount\"> 3 <\/p>\n\t    \n                    <a class=\"button wpetOfferButtonTrace\" data-trigger=\"wpet-show-trace\" href=\"#wpet-offer\" data-gpx=\"https:\/\/static.apidae-tourisme.com\/filestore\/objets-touristiques\/plans\/57\/205\/35245369\/pinet-2.gpx\">\n                Voir le trac\u00e9            <\/a>\n        \n\n                \n\t    \n        \t    \n\t    \n    <\/div>\n    \n    <div class=\"wpetOfferContainer\" data-mh>\n        \n        <div class=\"wpetOfferContainerContent\" data-trigger=\"wpet-click\">\n\n            <h2 class=\"wpetOfferContainerContentTitle\">\n                <a href=\"https:\/\/www.montagnicimes.com\/albiez\/itineraire\/tour-du-pinet-2\/\" data-id=\"wpet-offer-link\">Tour du Pinet<\/a>\n            <\/h2>\n\n            <div class=\"wpetOfferContainerContentMeta\">\n                                                    <span class=\"wpetOfferContainerContentMetaLocation\">Albiez-le-Jeune<\/span>\n                            <\/div>\n\n            \n                            <div class=\"wpetOfferContainerContentItinerary\">\n                    \n                                <span class=\"wpetOfferContainerContentItineraryItem wpetOfferContainerContentItineraryItem--distance\">\n                                    4.66 km                                <\/span>\n\n                                                                        \n                                <span class=\"wpetOfferContainerContentItineraryItem wpetOfferContainerContentItineraryItem--duree\">\n                                    2h00                                <\/span>\n\n                                                                                                                    \n                                <span class=\"wpetOfferContainerContentItineraryItem wpetOfferContainerContentItineraryItem--denivele\">\n                                    110 D+                                <\/span>\n\n                                                                                        <\/div>\n            \n        <\/div>\n\n        \n            \n    <\/div>\n<\/div>\n\n<div class=\"wpetOffer wrapper_wpet_offer resultsListItem\" data-id=\"wpet-offer\">\n    \n    <div class=\"wpetOfferThumbnail\">\n\n                \n            <a href=\"https:\/\/www.montagnicimes.com\/albiez\/itineraire\/sentier-de-la-plaigne\/\" nofancybox>\n                <img data-src=\"https:\/\/www.montagnicimes.com\/albiez\/wp-content\/uploads\/sites\/2\/wpetourisme\/37389426-diaporama-550x385.jpg\" alt=\"Sentier de la Plaigne\">\n            <\/a>\n                \n\t                <p class=\"wpetOfferThumbnailCount\"> 3 <\/p>\n\t    \n                    <a class=\"button wpetOfferButtonTrace\" data-trigger=\"wpet-show-trace\" href=\"#wpet-offer\" data-gpx=\"https:\/\/static.apidae-tourisme.com\/filestore\/objets-touristiques\/plans\/49\/204\/35245105\/sentier-de-la-plaigne.gpx\">\n                Voir le trac\u00e9            <\/a>\n        \n\n                \n\t    \n        \t    \n\t    \n    <\/div>\n    \n    <div class=\"wpetOfferContainer\" data-mh>\n        \n        <div class=\"wpetOfferContainerContent\" data-trigger=\"wpet-click\">\n\n            <h2 class=\"wpetOfferContainerContentTitle\">\n                <a href=\"https:\/\/www.montagnicimes.com\/albiez\/itineraire\/sentier-de-la-plaigne\/\" data-id=\"wpet-offer-link\">Sentier de la Plaigne<\/a>\n            <\/h2>\n\n            <div class=\"wpetOfferContainerContentMeta\">\n                                                    <span class=\"wpetOfferContainerContentMetaLocation\">Albiez-Montrond<\/span>\n                            <\/div>\n\n            \n                            <div class=\"wpetOfferContainerContentItinerary\">\n                    \n                                <span class=\"wpetOfferContainerContentItineraryItem wpetOfferContainerContentItineraryItem--distance\">\n                                    4.76 km                                <\/span>\n\n                                                                        \n                                <span class=\"wpetOfferContainerContentItineraryItem wpetOfferContainerContentItineraryItem--duree\">\n                                    2h10                                <\/span>\n\n                                                                                                                    \n                                <span class=\"wpetOfferContainerContentItineraryItem wpetOfferContainerContentItineraryItem--denivele\">\n                                    140 D+                                <\/span>\n\n                                                                                        <\/div>\n            \n        <\/div>\n\n        \n            \n    <\/div>\n<\/div>\n\n<div class=\"wpetOffer wrapper_wpet_offer resultsListItem\" data-id=\"wpet-offer\">\n    \n    <div class=\"wpetOfferThumbnail\">\n\n                \n            <a href=\"https:\/\/www.montagnicimes.com\/albiez\/itineraire\/plateau-de-montrond-2\/\" nofancybox>\n                <img data-src=\"https:\/\/www.montagnicimes.com\/albiez\/wp-content\/uploads\/sites\/2\/wpetourisme\/15734826-diaporama-550x385.jpg\" alt=\"Plateau de Montrond\">\n            <\/a>\n                \n\t                <p class=\"wpetOfferThumbnailCount\"> 3 <\/p>\n\t    \n                    <a class=\"button wpetOfferButtonTrace\" data-trigger=\"wpet-show-trace\" href=\"#wpet-offer\" data-gpx=\"https:\/\/static.apidae-tourisme.com\/filestore\/objets-touristiques\/plans\/147\/198\/35243667\/plateau-de-montrond.gpx\">\n                Voir le trac\u00e9            <\/a>\n        \n\n                \n\t    \n        \t    \n\t    \n    <\/div>\n    \n    <div class=\"wpetOfferContainer\" data-mh>\n        \n        <div class=\"wpetOfferContainerContent\" data-trigger=\"wpet-click\">\n\n            <h2 class=\"wpetOfferContainerContentTitle\">\n                <a href=\"https:\/\/www.montagnicimes.com\/albiez\/itineraire\/plateau-de-montrond-2\/\" data-id=\"wpet-offer-link\">Plateau de Montrond<\/a>\n            <\/h2>\n\n            <div class=\"wpetOfferContainerContentMeta\">\n                                                    <span class=\"wpetOfferContainerContentMetaLocation\">Albiez-Montrond<\/span>\n                            <\/div>\n\n            \n                            <div class=\"wpetOfferContainerContentItinerary\">\n                    \n                                <span class=\"wpetOfferContainerContentItineraryItem wpetOfferContainerContentItineraryItem--distance\">\n                                    6.12 km                                <\/span>\n\n                                                                        \n                                <span class=\"wpetOfferContainerContentItineraryItem wpetOfferContainerContentItineraryItem--duree\">\n                                    3h40                                <\/span>\n\n                                                                                                                    \n                                <span class=\"wpetOfferContainerContentItineraryItem wpetOfferContainerContentItineraryItem--denivele\">\n                                    400 D+                                <\/span>\n\n                                                                                        <\/div>\n            \n        <\/div>\n\n        \n            \n    <\/div>\n<\/div>\n\n<div class=\"wpetOffer wrapper_wpet_offer resultsListItem\" data-id=\"wpet-offer\">\n    \n    <div class=\"wpetOfferThumbnail\">\n\n                \n            <a href=\"https:\/\/www.montagnicimes.com\/albiez\/itineraire\/tour-des-contamines-2\/\" nofancybox>\n                <img data-src=\"https:\/\/www.montagnicimes.com\/albiez\/wp-content\/uploads\/sites\/2\/wpetourisme\/37389796-diaporama-550x385.jpg\" alt=\"Tour des Contamines\">\n            <\/a>\n                \n\t                <p class=\"wpetOfferThumbnailCount\"> 3 <\/p>\n\t    \n                    <a class=\"button wpetOfferButtonTrace\" data-trigger=\"wpet-show-trace\" href=\"#wpet-offer\" data-gpx=\"https:\/\/static.apidae-tourisme.com\/filestore\/objets-touristiques\/plans\/234\/204\/35245290\/le-tour-des-contamines.gpx\">\n                Voir le trac\u00e9            <\/a>\n        \n\n                \n\t    \n        \t    \n\t    \n    <\/div>\n    \n    <div class=\"wpetOfferContainer\" data-mh>\n        \n        <div class=\"wpetOfferContainerContent\" data-trigger=\"wpet-click\">\n\n            <h2 class=\"wpetOfferContainerContentTitle\">\n                <a href=\"https:\/\/www.montagnicimes.com\/albiez\/itineraire\/tour-des-contamines-2\/\" data-id=\"wpet-offer-link\">Tour des Contamines<\/a>\n            <\/h2>\n\n            <div class=\"wpetOfferContainerContentMeta\">\n                                                    <span class=\"wpetOfferContainerContentMetaLocation\">Albiez-Montrond<\/span>\n                            <\/div>\n\n            \n                            <div class=\"wpetOfferContainerContentItinerary\">\n                    \n                                <span class=\"wpetOfferContainerContentItineraryItem wpetOfferContainerContentItineraryItem--distance\">\n                                    2.16 km                                <\/span>\n\n                                                                        \n                                <span class=\"wpetOfferContainerContentItineraryItem wpetOfferContainerContentItineraryItem--duree\">\n                                    0h55                                <\/span>\n\n                                                                                                                    \n                                <span class=\"wpetOfferContainerContentItineraryItem wpetOfferContainerContentItineraryItem--denivele\">\n                                    30 D+                                <\/span>\n\n                                                                                        <\/div>\n            \n        <\/div>\n\n        \n            \n    <\/div>\n<\/div>\n\n                    <div class=\"wpet_wrapper_pagination\">\n<div class=\"pagination wpet_nav_pagination\">\n    <\/div>\n<\/div>\n                <\/div>\n\n                <div class=\"wpetListOffersMap\" id=\"listingMap\">\n                    <div class=\"wpet-map\">\n                                                    <div class=\"wpet-map-filter\" data-wpet-mapsearchonmove>\n                                <input type=\"checkbox\" id=\"wpet_map_search_on_move\" data-wpet-mapsearchonmovecheckbox>\n                                <label for=\"wpet_map_search_on_move\">Rechercher quand je d\u00e9place la carte<\/label>\n                            <\/div>\n                                                <div class=\"wpet-map-loader\">\n                            <i class=\"fi fi-sync spin\"><\/i>\n                        <\/div>\n                    <\/div>\n                <\/div>\n\n            <\/div>\n\n            \n        <\/div>\n    <\/div>\n\n","protected":false},"excerpt":{"rendered":"<p>Nos itin\u00e9raires raquette soigneusement s\u00e9lectionn\u00e9s vous conduiront \u00e0 des panoramas \u00e0 couper le souffle, o\u00f9 la qui\u00e9tude de la nature rencontre la beaut\u00e9 brute des sommets alpins. Que vous soyez d\u00e9butant ou expert, nos circuits s&rsquo;adaptent \u00e0 tous les niveaux, offrant une exp\u00e9rience authentique de la montagne enneig\u00e9e.<\/p>\n","protected":false},"author":2,"featured_media":27077,"parent":27049,"menu_order":0,"comment_status":"closed","ping_status":"closed","template":"","meta":{"_relevanssi_hide_post":"","_relevanssi_pin_for_all":"","_relevanssi_pin_keywords":"","_relevanssi_unpin_keywords":"","_relevanssi_related_keywords":"","_relevanssi_related_include_ids":"","_relevanssi_related_exclude_ids":"","_relevanssi_related_no_append":"","_relevanssi_related_not_related":"","_relevanssi_related_posts":"23272,21232,23269","_relevanssi_noindex_reason":""},"post_tag":[],"acf":[],"yoast_head":"<!-- This site is optimized with the Yoast SEO plugin v17.6 - https:\/\/yoast.com\/wordpress\/plugins\/seo\/ -->\n<meta name=\"description\" content=\"Nos itin\u00e9raires raquette vous conduiront \u00e0 des panoramas \u00e0 couper le souffle. D\u00e9butant ou expert, nos circuits s&#039;adaptent \u00e0 tous les niveaux\" \/>\n<meta name=\"robots\" content=\"index, follow, max-snippet:-1, max-image-preview:large, max-video-preview:-1\" \/>\n<link rel=\"canonical\" href=\"https:\/\/www.montagnicimes.com\/albiez\/se-divertir\/activites-hiver\/raquette\/itineraires-raquette\/\" \/>\n<meta property=\"og:locale\" content=\"fr_FR\" \/>\n<meta property=\"og:type\" content=\"article\" \/>\n<meta property=\"og:title\" content=\"Itin\u00e9raires raquette en libert\u00e9 - Albiez\" \/>\n<meta property=\"og:description\" content=\"Nos itin\u00e9raires raquette vous conduiront \u00e0 des panoramas \u00e0 couper le souffle. D\u00e9butant ou expert, nos circuits s&#039;adaptent \u00e0 tous les niveaux\" \/>\n<meta property=\"og:url\" content=\"https:\/\/www.montagnicimes.com\/albiez\/se-divertir\/activites-hiver\/raquette\/itineraires-raquette\/\" \/>\n<meta property=\"og:site_name\" content=\"Albiez\" \/>\n<meta property=\"article:modified_time\" content=\"2023-12-19T14:45:06+00:00\" \/>\n<meta property=\"og:image\" content=\"https:\/\/www.montagnicimes.com\/albiez\/wp-content\/uploads\/sites\/2\/2023\/11\/Raquette-a-neige.jpg\" \/>\n\t<meta property=\"og:image:width\" content=\"1920\" \/>\n\t<meta property=\"og:image:height\" content=\"1080\" \/>\n<meta name=\"twitter:card\" content=\"summary_large_image\" \/>\n<meta name=\"twitter:label1\" content=\"Dur\u00e9e de lecture estim\u00e9e\" \/>\n\t<meta name=\"twitter:data1\" content=\"1 minute\" \/>\n<script type=\"application\/ld+json\" class=\"yoast-schema-graph\">{\"@context\":\"https:\/\/schema.org\",\"@graph\":[{\"@type\":\"WebSite\",\"@id\":\"https:\/\/www.montagnicimes.com\/albiez\/#website\",\"url\":\"https:\/\/www.montagnicimes.com\/albiez\/\",\"name\":\"Albiez\",\"description\":\"Office de tourisme Montagnicimes - Albiez\",\"potentialAction\":[{\"@type\":\"SearchAction\",\"target\":{\"@type\":\"EntryPoint\",\"urlTemplate\":\"https:\/\/www.montagnicimes.com\/albiez\/?s={search_term_string}\"},\"query-input\":\"required name=search_term_string\"}],\"inLanguage\":\"fr-FR\"},{\"@type\":\"ImageObject\",\"@id\":\"https:\/\/www.montagnicimes.com\/albiez\/se-divertir\/activites-hiver\/raquette\/itineraires-raquette\/#primaryimage\",\"inLanguage\":\"fr-FR\",\"url\":\"https:\/\/www.montagnicimes.com\/albiez\/wp-content\/uploads\/sites\/2\/2023\/11\/Raquette-a-neige.jpg\",\"contentUrl\":\"https:\/\/www.montagnicimes.com\/albiez\/wp-content\/uploads\/sites\/2\/2023\/11\/Raquette-a-neige.jpg\",\"width\":1920,\"height\":1080,\"caption\":\"Raquette \\u00e0 neige\"},{\"@type\":\"WebPage\",\"@id\":\"https:\/\/www.montagnicimes.com\/albiez\/se-divertir\/activites-hiver\/raquette\/itineraires-raquette\/#webpage\",\"url\":\"https:\/\/www.montagnicimes.com\/albiez\/se-divertir\/activites-hiver\/raquette\/itineraires-raquette\/\",\"name\":\"Itin\\u00e9raires raquette en libert\\u00e9 - Albiez\",\"isPartOf\":{\"@id\":\"https:\/\/www.montagnicimes.com\/albiez\/#website\"},\"primaryImageOfPage\":{\"@id\":\"https:\/\/www.montagnicimes.com\/albiez\/se-divertir\/activites-hiver\/raquette\/itineraires-raquette\/#primaryimage\"},\"datePublished\":\"2023-11-27T08:35:21+00:00\",\"dateModified\":\"2023-12-19T14:45:06+00:00\",\"description\":\"Nos itin\\u00e9raires raquette vous conduiront \\u00e0 des panoramas \\u00e0 couper le souffle. D\\u00e9butant ou expert, nos circuits s'adaptent \\u00e0 tous les niveaux\",\"breadcrumb\":{\"@id\":\"https:\/\/www.montagnicimes.com\/albiez\/se-divertir\/activites-hiver\/raquette\/itineraires-raquette\/#breadcrumb\"},\"inLanguage\":\"fr-FR\",\"potentialAction\":[{\"@type\":\"ReadAction\",\"target\":[\"https:\/\/www.montagnicimes.com\/albiez\/se-divertir\/activites-hiver\/raquette\/itineraires-raquette\/\"]}]},{\"@type\":\"BreadcrumbList\",\"@id\":\"https:\/\/www.montagnicimes.com\/albiez\/se-divertir\/activites-hiver\/raquette\/itineraires-raquette\/#breadcrumb\",\"itemListElement\":[{\"@type\":\"ListItem\",\"position\":1,\"name\":\"Accueil\",\"item\":\"https:\/\/www.montagnicimes.com\/albiez\/\"},{\"@type\":\"ListItem\",\"position\":2,\"name\":\"Activit\\u00e9s\",\"item\":\"https:\/\/www.montagnicimes.com\/albiez\/se-divertir\/\"},{\"@type\":\"ListItem\",\"position\":3,\"name\":\"Activit\\u00e9s neige\",\"item\":\"https:\/\/www.montagnicimes.com\/albiez\/se-divertir\/activites-hiver\/\"},{\"@type\":\"ListItem\",\"position\":4,\"name\":\"Raquette\",\"item\":\"https:\/\/www.montagnicimes.com\/albiez\/se-divertir\/activites-hiver\/raquette\/\"},{\"@type\":\"ListItem\",\"position\":5,\"name\":\"Itin\\u00e9raires raquette en libert\\u00e9\"}]}]}<\/script>\n<!-- \/ Yoast SEO plugin. -->","yoast_head_json":{"description":"Nos itin\u00e9raires raquette vous conduiront \u00e0 des panoramas \u00e0 couper le souffle. D\u00e9butant ou expert, nos circuits s'adaptent \u00e0 tous les niveaux","robots":{"index":"index","follow":"follow","max-snippet":"max-snippet:-1","max-image-preview":"max-image-preview:large","max-video-preview":"max-video-preview:-1"},"canonical":"https:\/\/www.montagnicimes.com\/albiez\/se-divertir\/activites-hiver\/raquette\/itineraires-raquette\/","og_locale":"fr_FR","og_type":"article","og_title":"Itin\u00e9raires raquette en libert\u00e9 - Albiez","og_description":"Nos itin\u00e9raires raquette vous conduiront \u00e0 des panoramas \u00e0 couper le souffle. D\u00e9butant ou expert, nos circuits s'adaptent \u00e0 tous les niveaux","og_url":"https:\/\/www.montagnicimes.com\/albiez\/se-divertir\/activites-hiver\/raquette\/itineraires-raquette\/","og_site_name":"Albiez","article_modified_time":"2023-12-19T14:45:06+00:00","og_image":[{"width":1920,"height":1080,"url":"https:\/\/www.montagnicimes.com\/albiez\/wp-content\/uploads\/sites\/2\/2023\/11\/Raquette-a-neige.jpg","type":"image\/jpeg"}],"twitter_card":"summary_large_image","twitter_misc":{"Dur\u00e9e de lecture estim\u00e9e":"1 minute"},"schema":{"@context":"https:\/\/schema.org","@graph":[{"@type":"WebSite","@id":"https:\/\/www.montagnicimes.com\/albiez\/#website","url":"https:\/\/www.montagnicimes.com\/albiez\/","name":"Albiez","description":"Office de tourisme Montagnicimes - Albiez","potentialAction":[{"@type":"SearchAction","target":{"@type":"EntryPoint","urlTemplate":"https:\/\/www.montagnicimes.com\/albiez\/?s={search_term_string}"},"query-input":"required name=search_term_string"}],"inLanguage":"fr-FR"},{"@type":"ImageObject","@id":"https:\/\/www.montagnicimes.com\/albiez\/se-divertir\/activites-hiver\/raquette\/itineraires-raquette\/#primaryimage","inLanguage":"fr-FR","url":"https:\/\/www.montagnicimes.com\/albiez\/wp-content\/uploads\/sites\/2\/2023\/11\/Raquette-a-neige.jpg","contentUrl":"https:\/\/www.montagnicimes.com\/albiez\/wp-content\/uploads\/sites\/2\/2023\/11\/Raquette-a-neige.jpg","width":1920,"height":1080,"caption":"Raquette \u00e0 neige"},{"@type":"WebPage","@id":"https:\/\/www.montagnicimes.com\/albiez\/se-divertir\/activites-hiver\/raquette\/itineraires-raquette\/#webpage","url":"https:\/\/www.montagnicimes.com\/albiez\/se-divertir\/activites-hiver\/raquette\/itineraires-raquette\/","name":"Itin\u00e9raires raquette en libert\u00e9 - Albiez","isPartOf":{"@id":"https:\/\/www.montagnicimes.com\/albiez\/#website"},"primaryImageOfPage":{"@id":"https:\/\/www.montagnicimes.com\/albiez\/se-divertir\/activites-hiver\/raquette\/itineraires-raquette\/#primaryimage"},"datePublished":"2023-11-27T08:35:21+00:00","dateModified":"2023-12-19T14:45:06+00:00","description":"Nos itin\u00e9raires raquette vous conduiront \u00e0 des panoramas \u00e0 couper le souffle. D\u00e9butant ou expert, nos circuits s'adaptent \u00e0 tous les niveaux","breadcrumb":{"@id":"https:\/\/www.montagnicimes.com\/albiez\/se-divertir\/activites-hiver\/raquette\/itineraires-raquette\/#breadcrumb"},"inLanguage":"fr-FR","potentialAction":[{"@type":"ReadAction","target":["https:\/\/www.montagnicimes.com\/albiez\/se-divertir\/activites-hiver\/raquette\/itineraires-raquette\/"]}]},{"@type":"BreadcrumbList","@id":"https:\/\/www.montagnicimes.com\/albiez\/se-divertir\/activites-hiver\/raquette\/itineraires-raquette\/#breadcrumb","itemListElement":[{"@type":"ListItem","position":1,"name":"Accueil","item":"https:\/\/www.montagnicimes.com\/albiez\/"},{"@type":"ListItem","position":2,"name":"Activit\u00e9s","item":"https:\/\/www.montagnicimes.com\/albiez\/se-divertir\/"},{"@type":"ListItem","position":3,"name":"Activit\u00e9s neige","item":"https:\/\/www.montagnicimes.com\/albiez\/se-divertir\/activites-hiver\/"},{"@type":"ListItem","position":4,"name":"Raquette","item":"https:\/\/www.montagnicimes.com\/albiez\/se-divertir\/activites-hiver\/raquette\/"},{"@type":"ListItem","position":5,"name":"Itin\u00e9raires raquette en libert\u00e9"}]}]}},"_links":{"self":[{"href":"https:\/\/www.montagnicimes.com\/albiez\/wp-json\/wp\/v2\/pages\/27051"}],"collection":[{"href":"https:\/\/www.montagnicimes.com\/albiez\/wp-json\/wp\/v2\/pages"}],"about":[{"href":"https:\/\/www.montagnicimes.com\/albiez\/wp-json\/wp\/v2\/types\/page"}],"author":[{"embeddable":true,"href":"https:\/\/www.montagnicimes.com\/albiez\/wp-json\/wp\/v2\/users\/2"}],"replies":[{"embeddable":true,"href":"https:\/\/www.montagnicimes.com\/albiez\/wp-json\/wp\/v2\/comments?post=27051"}],"version-history":[{"count":6,"href":"https:\/\/www.montagnicimes.com\/albiez\/wp-json\/wp\/v2\/pages\/27051\/revisions"}],"predecessor-version":[{"id":27471,"href":"https:\/\/www.montagnicimes.com\/albiez\/wp-json\/wp\/v2\/pages\/27051\/revisions\/27471"}],"up":[{"embeddable":true,"href":"https:\/\/www.montagnicimes.com\/albiez\/wp-json\/wp\/v2\/pages\/27049"}],"wp:featuredmedia":[{"embeddable":true,"href":"https:\/\/www.montagnicimes.com\/albiez\/wp-json\/wp\/v2\/media\/27077"}],"wp:attachment":[{"href":"https:\/\/www.montagnicimes.com\/albiez\/wp-json\/wp\/v2\/media?parent=27051"}],"wp:term":[{"taxonomy":"post_tag","embeddable":true,"href":"https:\/\/www.montagnicimes.com\/albiez\/wp-json\/wp\/v2\/post_tag?post=27051"}],"curies":[{"name":"wp","href":"https:\/\/api.w.org\/{rel}","templated":true}]}}