{"id":25871,"date":"2023-09-06T10:38:32","date_gmt":"2023-09-06T08:38:32","guid":{"rendered":"https:\/\/www.montagnicimes.com\/albiez\/?page_id=25871"},"modified":"2024-07-22T14:43:04","modified_gmt":"2024-07-22T12:43:04","slug":"itineraires-vtt","status":"publish","type":"page","link":"https:\/\/www.montagnicimes.com\/albiez\/se-divertir\/activites-ete\/velo\/itineraires-vtt\/","title":{"rendered":"Itin\u00e9raires VTT"},"content":{"rendered":"\n<p>Bienvenue dans le royaume des passionn\u00e9s de VTT ! Albiez, nich\u00e9 au c\u0153ur des Alpes fran\u00e7aises, est un v\u00e9ritable paradis pour les amateurs de v\u00e9lo tout-terrain. Que vous soyez un rider chevronn\u00e9 \u00e0 la recherche de sentiers de montagne exigeants ou un cycliste d\u00e9butant d\u00e9sireux de d\u00e9couvrir la beaut\u00e9 naturelle de cette r\u00e9gion, nos itin\u00e9raires VTT vous offriront une exp\u00e9rience inoubliable.<\/p>\n\n\n\n<div class=\"wp-block-buttons is-content-justification-center\"><\/div>\n\n\n\n    <div class=\"wp-block-wpet-aside alignfull\">\n        <div class=\"wpetList  clear\" id=\"wpetList\" data-id=\"wpet-list\" data-wpet-current-mode=\"mixte\">\n\n                        <div class=\"wpetListInfobar\">\n\n                <div class=\"wpetListNumber\">\n                    <span class=\"wpetListNumberValue\" data-id=\"wpet-list-total-offer\">6<\/span>\n                    <span class=\"wpetListNumberLabel\">r\u00e9sultat(s)<\/span>\n                <\/div>\n\n                                <div class=\"wpetListModes resultsListMode\">\n                    <ul>\n                                                    <li class=\"wpetListModesItem wpetListModesItem--filter\">\n                                <a href=\"#wpetListAside\" data-trigger=\"wpet-list-filters-button\">\n                                    <span>Filtres<\/span>\n                                <\/a>\n                            <\/li>\n                                                <li class=\"wpetListModesItem wpetListModesItem--list\">\n                            <a data-trigger=\"wpet-mode\" href=\"#wpetList\" data-wpet-switch-mode=\"list\">\n                                <span>Liste<\/span>\n                            <\/a>\n                        <\/li>\n                        <li class=\"wpetListModesItem wpetListModesItem--map\">\n                            <a data-trigger=\"wpet-mode\" href=\"#wpetList\" data-wpet-switch-mode=\"map\">\n                                <span>Carte<\/span>\n                            <\/a>\n                        <\/li>\n                        <li class=\"wpetListModesItem wpetListModesItem--mixte\">\n                            <a data-trigger=\"wpet-mode\" href=\"#wpetList\" data-wpet-switch-mode=\"mixte\">\n                                <span>Mixte<\/span>\n                            <\/a>\n                        <\/li>\n                    <\/ul>\n                <\/div>\n            <\/div>\n\n                                        <div class=\"wpetOverlay\" data-trigger=\"wpet-list-filters-close\"><\/div>\n\n                <div class=\"wpetListAside\" id=\"wpetListAside\" data-id=\"wpet-list-filters\">\n                    <a href=\"#wpetList\" class=\"wpetListAsideClose\" data-trigger=\"wpet-list-filters-close\">\n                        <span class=\"sr-only\">Fermer les filtres<\/span>\n                    <\/a>\n\n                    <p class=\"wpetListFilterTitle\">Affiner ma recherche<\/p>\n\n                    <div class=\"wpetListFilter\">\n                        <div class=\"wrapper_wpet_engine\"><form name=\"wpet_engine_form\" method=\"POST\" action=\"\" ><div>\n    <form id=\"\" name=\"\" method=\"POST\" action=\"##\">\n        <div class=\"wpetFiltersEngine\">\n\t\t\t<div class=\"wpet-form-item wpet_select\" data-wpet-search=\"commune\" data-wpet-type=\"select\">\n\n    <label for=\"wpet-select-commune\">Commune<\/label>\n\n    <select class=\"wpet-select-item wpet-select-field\" id=\"wpet-select-commune\" name=\"wpet_search[commune]\">\n        <option><\/option>\n                    <option  value=\"Albiez-Montrond\" >Albiez-Montrond<\/option>\n        \n    <\/select>\n\n    \n    \n<\/div><div class=\"wpet-form-item  nouislider\" data-wpet-search=\"duree-journaliere\" data-wpet-type=\"slider\">\n\n    <label>\n        Dur\u00e9e    <\/label>\n    \n        <div  data-wpet-convert=\"minutetohour\" class=\"slide\" min=\"40\" max=\"300\" id=\"duree-journaliere\"><\/div>\n    <div class=\"wpet-slide-text\"><span class=\"wpet-slide-text-min\">00h40<\/span><span class=\"wpet-slide-text-max\">05h00<\/span><\/div>\n    <input type=\"hidden\" class=\"minrange\" name=\"wpet_search[slider][duree-journaliere][min]\" value=\"\" \/>\n    <input type=\"hidden\" class=\"maxrange\" name=\"wpet_search[slider][duree-journaliere][max]\" value=\"\" \/>\n\n    \n        \n<\/div>\n<div class=\"wpet-form-item  nouislider\" data-wpet-search=\"denivele\" data-wpet-type=\"slider\">\n\n    <label>\n        D\u00e9nivel\u00e9    <\/label>\n    \n        <div   class=\"slide\" min=\"30\" max=\"1410\" id=\"denivele\"><\/div>\n    <div class=\"wpet-slide-text\"><span class=\"wpet-slide-text-min\">30<\/span><span class=\"wpet-slide-text-max\">1410<\/span><\/div>\n    <input type=\"hidden\" class=\"minrange\" name=\"wpet_search[slider][denivele][min]\" value=\"\" \/>\n    <input type=\"hidden\" class=\"maxrange\" name=\"wpet_search[slider][denivele][max]\" value=\"\" \/>\n\n    \n        \n<\/div>\n<div class=\"wpet-form-item wpet-checkboxes\" data-wpet-search=\"indications-periode-saisonnalite\" data-wpet-type=\"checkbox\">\n\n    <label>Saison<\/label>\n\n            <div class=\"wpet-checkbox-item\">\n            <input name=\"wpet_search[indications-periode-saisonnalite][]\"\n                   id=\"wpet-checkbox-item-indications-periode-saisonnalite-automne\"\n                   type=\"checkbox\"  value=\"Automne\"\/>\n            <label for=\"wpet-checkbox-item-indications-periode-saisonnalite-automne\">Automne<\/label>\n        <\/div>\n\n            <div class=\"wpet-checkbox-item\">\n            <input name=\"wpet_search[indications-periode-saisonnalite][]\"\n                   id=\"wpet-checkbox-item-indications-periode-saisonnalite-ete\"\n                   type=\"checkbox\"  value=\"Et\u00e9\"\/>\n            <label for=\"wpet-checkbox-item-indications-periode-saisonnalite-ete\">Et\u00e9<\/label>\n        <\/div>\n\n            <div class=\"wpet-checkbox-item\">\n            <input name=\"wpet_search[indications-periode-saisonnalite][]\"\n                   id=\"wpet-checkbox-item-indications-periode-saisonnalite-printemps\"\n                   type=\"checkbox\"  value=\"Printemps\"\/>\n            <label for=\"wpet-checkbox-item-indications-periode-saisonnalite-printemps\">Printemps<\/label>\n        <\/div>\n\n    \n    <input type=\"hidden\" name=\"wpet_checkboxes[]\" value=\"indications-periode-saisonnalite\"\/>\n<\/div>        <\/div>\n        <div class=\"wpetFiltersResetengine\">\n\t\t            <\/div>\n    <\/form>\n<\/div>\n\n<\/form><\/div><div class=\"wrapper_wpet_selected_facets\"><\/div><div class=\"wrapper_wpet_facets\"><div class=\"accordion\" id=\"wrapper_wpet_facets\">\n    <\/div><\/div>                        <p class=\"wpetListFilterButton\">\n                            <a href=\"#wpetList\" class=\"button\" data-trigger=\"wpet-list-filters-close\">\n                                Rechercher                            <\/a>\n                        <\/p>\n                    <\/div>\n                <\/div>\n            \n                        <div class=\"wpetListOffers\">\n                <div class=\"wpetListOffersList default\">\n                    <div id=\"loaderModeAjax\">\n                        <div class=\"content-loader\"><\/div>\n                    <\/div>\n\n                    \n<div class=\"wpetOffer wrapper_wpet_offer resultsListItem\" data-id=\"wpet-offer\">\n    \n    <div class=\"wpetOfferThumbnail\">\n\n                \n            <a href=\"https:\/\/www.montagnicimes.com\/albiez\/itineraire\/plateau-de-montrond\/\" nofancybox>\n                <img data-src=\"https:\/\/www.montagnicimes.com\/albiez\/wp-content\/uploads\/sites\/2\/wpetourisme\/35099790-diaporama-550x385.jpg\" alt=\"Plateau de Montrond\">\n            <\/a>\n                \n\t                <p class=\"wpetOfferThumbnailCount\"> 3 <\/p>\n\t    \n                    <a class=\"button wpetOfferButtonTrace\" data-trigger=\"wpet-show-trace\" href=\"#wpet-offer\" data-gpx=\"https:\/\/static.apidae-tourisme.com\/filestore\/objets-touristiques\/plans\/164\/26\/19012260\/tracedetrail_231991.gpx\">\n                Voir le trac\u00e9            <\/a>\n        \n\n                \n\t    \n        \t    \n\t    \n    <\/div>\n    \n    <div class=\"wpetOfferContainer\" data-mh>\n        \n        <div class=\"wpetOfferContainerContent\" data-trigger=\"wpet-click\">\n\n            <h2 class=\"wpetOfferContainerContentTitle\">\n                <a href=\"https:\/\/www.montagnicimes.com\/albiez\/itineraire\/plateau-de-montrond\/\" data-id=\"wpet-offer-link\">Plateau de Montrond<\/a>\n            <\/h2>\n\n            <div class=\"wpetOfferContainerContentMeta\">\n                                                    <span class=\"wpetOfferContainerContentMetaLocation\">Albiez-Montrond<\/span>\n                            <\/div>\n\n            \n                            <div class=\"wpetOfferContainerContentItinerary\">\n                    \n                                <span class=\"wpetOfferContainerContentItineraryItem wpetOfferContainerContentItineraryItem--distance\">\n                                    31 km                                <\/span>\n\n                                                                        \n                                <span class=\"wpetOfferContainerContentItineraryItem wpetOfferContainerContentItineraryItem--duree\">\n                                    5h00                                <\/span>\n\n                                                                                                                    \n                                <span class=\"wpetOfferContainerContentItineraryItem wpetOfferContainerContentItineraryItem--denivele\">\n                                    1410 D+                                <\/span>\n\n                                                                                        <\/div>\n            \n        <\/div>\n\n        \n            \n    <\/div>\n<\/div>\n\n<div class=\"wpetOffer wrapper_wpet_offer resultsListItem\" data-id=\"wpet-offer\">\n    \n    <div class=\"wpetOfferThumbnail\">\n\n                \n            <a href=\"https:\/\/www.montagnicimes.com\/albiez\/itineraire\/ours\/\" nofancybox>\n                <img data-src=\"https:\/\/www.montagnicimes.com\/albiez\/wp-content\/uploads\/sites\/2\/wpetourisme\/35101345-diaporama-550x385.jpg\" alt=\"Ours\">\n            <\/a>\n                \n\t                <p class=\"wpetOfferThumbnailCount\"> 3 <\/p>\n\t    \n                    <a class=\"button wpetOfferButtonTrace\" data-trigger=\"wpet-show-trace\" href=\"#wpet-offer\" data-gpx=\"https:\/\/static.apidae-tourisme.com\/filestore\/objets-touristiques\/plans\/75\/42\/35072587\/Trac+Itinraire+VTT+-+Ours.gpx\">\n                Voir le trac\u00e9            <\/a>\n        \n\n                \n\t    \n        \t    \n\t    \n    <\/div>\n    \n    <div class=\"wpetOfferContainer\" data-mh>\n        \n        <div class=\"wpetOfferContainerContent\" data-trigger=\"wpet-click\">\n\n            <h2 class=\"wpetOfferContainerContentTitle\">\n                <a href=\"https:\/\/www.montagnicimes.com\/albiez\/itineraire\/ours\/\" data-id=\"wpet-offer-link\">Ours<\/a>\n            <\/h2>\n\n            <div class=\"wpetOfferContainerContentMeta\">\n                                                    <span class=\"wpetOfferContainerContentMetaLocation\">Albiez-Montrond<\/span>\n                            <\/div>\n\n            \n                            <div class=\"wpetOfferContainerContentItinerary\">\n                    \n                                <span class=\"wpetOfferContainerContentItineraryItem wpetOfferContainerContentItineraryItem--distance\">\n                                    4.5 km                                <\/span>\n\n                                                                        \n                                <span class=\"wpetOfferContainerContentItineraryItem wpetOfferContainerContentItineraryItem--duree\">\n                                    2h00                                <\/span>\n\n                                                                                                                    \n                                <span class=\"wpetOfferContainerContentItineraryItem wpetOfferContainerContentItineraryItem--denivele\">\n                                    190 D+                                <\/span>\n\n                                                                                        <\/div>\n            \n        <\/div>\n\n        \n            \n    <\/div>\n<\/div>\n\n<div class=\"wpetOffer wrapper_wpet_offer resultsListItem\" data-id=\"wpet-offer\">\n    \n    <div class=\"wpetOfferThumbnail\">\n\n                \n            <a href=\"https:\/\/www.montagnicimes.com\/albiez\/itineraire\/colonne\/\" nofancybox>\n                <img data-src=\"https:\/\/www.montagnicimes.com\/albiez\/wp-content\/uploads\/sites\/2\/wpetourisme\/35101287-diaporama-550x385.jpg\" alt=\"Colonne\">\n            <\/a>\n                \n\t                <p class=\"wpetOfferThumbnailCount\"> 3 <\/p>\n\t    \n                    <a class=\"button wpetOfferButtonTrace\" data-trigger=\"wpet-show-trace\" href=\"#wpet-offer\" data-gpx=\"https:\/\/static.apidae-tourisme.com\/filestore\/objets-touristiques\/plans\/143\/78\/34950799\/Trac+Itinraire+VTT+Colonne.gpx\">\n                Voir le trac\u00e9            <\/a>\n        \n\n                \n\t    \n        \t    \n\t    \n    <\/div>\n    \n    <div class=\"wpetOfferContainer\" data-mh>\n        \n        <div class=\"wpetOfferContainerContent\" data-trigger=\"wpet-click\">\n\n            <h2 class=\"wpetOfferContainerContentTitle\">\n                <a href=\"https:\/\/www.montagnicimes.com\/albiez\/itineraire\/colonne\/\" data-id=\"wpet-offer-link\">Colonne<\/a>\n            <\/h2>\n\n            <div class=\"wpetOfferContainerContentMeta\">\n                                                    <span class=\"wpetOfferContainerContentMetaLocation\">Albiez-Montrond<\/span>\n                            <\/div>\n\n            \n                            <div class=\"wpetOfferContainerContentItinerary\">\n                    \n                                <span class=\"wpetOfferContainerContentItineraryItem wpetOfferContainerContentItineraryItem--distance\">\n                                    14.2 km                                <\/span>\n\n                                                                        \n                                <span class=\"wpetOfferContainerContentItineraryItem wpetOfferContainerContentItineraryItem--duree\">\n                                    3h00                                <\/span>\n\n                                                                                                                    \n                                <span class=\"wpetOfferContainerContentItineraryItem wpetOfferContainerContentItineraryItem--denivele\">\n                                    350 D+                                <\/span>\n\n                                                                                        <\/div>\n            \n        <\/div>\n\n        \n            \n    <\/div>\n<\/div>\n\n<div class=\"wpetOffer wrapper_wpet_offer resultsListItem\" data-id=\"wpet-offer\">\n    \n    <div class=\"wpetOfferThumbnail\">\n\n                \n            <a href=\"https:\/\/www.montagnicimes.com\/albiez\/itineraire\/praz\/\" nofancybox>\n                <img data-src=\"https:\/\/www.montagnicimes.com\/albiez\/wp-content\/uploads\/sites\/2\/wpetourisme\/19070575-diaporama-550x385.jpg\" alt=\"Praz\">\n            <\/a>\n                \n\t                <p class=\"wpetOfferThumbnailCount\"> 3 <\/p>\n\t    \n                    <a class=\"button wpetOfferButtonTrace\" data-trigger=\"wpet-show-trace\" href=\"#wpet-offer\" data-gpx=\"https:\/\/static.apidae-tourisme.com\/filestore\/objets-touristiques\/plans\/238\/153\/35101166\/Itinraire+VTT+Praz.gpx\">\n                Voir le trac\u00e9            <\/a>\n        \n\n                \n\t    \n        \t    \n\t    \n    <\/div>\n    \n    <div class=\"wpetOfferContainer\" data-mh>\n        \n        <div class=\"wpetOfferContainerContent\" data-trigger=\"wpet-click\">\n\n            <h2 class=\"wpetOfferContainerContentTitle\">\n                <a href=\"https:\/\/www.montagnicimes.com\/albiez\/itineraire\/praz\/\" data-id=\"wpet-offer-link\">Praz<\/a>\n            <\/h2>\n\n            <div class=\"wpetOfferContainerContentMeta\">\n                                                    <span class=\"wpetOfferContainerContentMetaLocation\">Albiez-Montrond<\/span>\n                            <\/div>\n\n            \n                            <div class=\"wpetOfferContainerContentItinerary\">\n                    \n                                <span class=\"wpetOfferContainerContentItineraryItem wpetOfferContainerContentItineraryItem--distance\">\n                                    11.2 km                                <\/span>\n\n                                                                        \n                                <span class=\"wpetOfferContainerContentItineraryItem wpetOfferContainerContentItineraryItem--duree\">\n                                    3h00                                <\/span>\n\n                                                                                                                    \n                                <span class=\"wpetOfferContainerContentItineraryItem wpetOfferContainerContentItineraryItem--denivele\">\n                                    290 D+                                <\/span>\n\n                                                                                        <\/div>\n            \n        <\/div>\n\n        \n            \n    <\/div>\n<\/div>\n\n<div class=\"wpetOffer wrapper_wpet_offer resultsListItem\" data-id=\"wpet-offer\">\n    \n    <div class=\"wpetOfferThumbnail\">\n\n                \n            <a href=\"https:\/\/www.montagnicimes.com\/albiez\/itineraire\/moulins\/\" nofancybox>\n                <img data-src=\"https:\/\/www.montagnicimes.com\/albiez\/wp-content\/uploads\/sites\/2\/wpetourisme\/35101088-diaporama-550x385.jpg\" alt=\"Moulins\">\n            <\/a>\n                \n\t                <p class=\"wpetOfferThumbnailCount\"> 3 <\/p>\n\t    \n                    <a class=\"button wpetOfferButtonTrace\" data-trigger=\"wpet-show-trace\" href=\"#wpet-offer\" data-gpx=\"https:\/\/static.apidae-tourisme.com\/filestore\/objets-touristiques\/plans\/197\/153\/35101125\/new.gpx\">\n                Voir le trac\u00e9            <\/a>\n        \n\n                \n\t    \n        \t    \n\t    \n    <\/div>\n    \n    <div class=\"wpetOfferContainer\" data-mh>\n        \n        <div class=\"wpetOfferContainerContent\" data-trigger=\"wpet-click\">\n\n            <h2 class=\"wpetOfferContainerContentTitle\">\n                <a href=\"https:\/\/www.montagnicimes.com\/albiez\/itineraire\/moulins\/\" data-id=\"wpet-offer-link\">Moulins<\/a>\n            <\/h2>\n\n            <div class=\"wpetOfferContainerContentMeta\">\n                                                    <span class=\"wpetOfferContainerContentMetaLocation\">Albiez-Montrond<\/span>\n                            <\/div>\n\n            \n                            <div class=\"wpetOfferContainerContentItinerary\">\n                    \n                                <span class=\"wpetOfferContainerContentItineraryItem wpetOfferContainerContentItineraryItem--distance\">\n                                    5 km                                <\/span>\n\n                                                                        \n                                <span class=\"wpetOfferContainerContentItineraryItem wpetOfferContainerContentItineraryItem--duree\">\n                                    1h00                                <\/span>\n\n                                                                                                                    \n                                <span class=\"wpetOfferContainerContentItineraryItem wpetOfferContainerContentItineraryItem--denivele\">\n                                    180 D+                                <\/span>\n\n                                                                                        <\/div>\n            \n        <\/div>\n\n        \n            \n    <\/div>\n<\/div>\n\n<div class=\"wpetOffer wrapper_wpet_offer resultsListItem\" data-id=\"wpet-offer\">\n    \n    <div class=\"wpetOfferThumbnail\">\n\n                \n            <a href=\"https:\/\/www.montagnicimes.com\/albiez\/itineraire\/panorama\/\" nofancybox>\n                <img data-src=\"https:\/\/www.montagnicimes.com\/albiez\/wp-content\/uploads\/sites\/2\/wpetourisme\/35072652-diaporama-550x385.jpg\" alt=\"Panorama\">\n            <\/a>\n                \n\t                <p class=\"wpetOfferThumbnailCount\"> 3 <\/p>\n\t    \n                    <a class=\"button wpetOfferButtonTrace\" data-trigger=\"wpet-show-trace\" href=\"#wpet-offer\" data-gpx=\"https:\/\/static.apidae-tourisme.com\/filestore\/objets-touristiques\/plans\/146\/42\/35072658\/Itinraire+VTT+Albiez++-+Panorama+.gpx\">\n                Voir le trac\u00e9            <\/a>\n        \n\n                \n\t    \n        \t    \n\t    \n    <\/div>\n    \n    <div class=\"wpetOfferContainer\" data-mh>\n        \n        <div class=\"wpetOfferContainerContent\" data-trigger=\"wpet-click\">\n\n            <h2 class=\"wpetOfferContainerContentTitle\">\n                <a href=\"https:\/\/www.montagnicimes.com\/albiez\/itineraire\/panorama\/\" data-id=\"wpet-offer-link\">Panorama<\/a>\n            <\/h2>\n\n            <div class=\"wpetOfferContainerContentMeta\">\n                                                    <span class=\"wpetOfferContainerContentMetaLocation\">Albiez-Montrond<\/span>\n                            <\/div>\n\n            \n                            <div class=\"wpetOfferContainerContentItinerary\">\n                    \n                                <span class=\"wpetOfferContainerContentItineraryItem wpetOfferContainerContentItineraryItem--distance\">\n                                    2.5 km                                <\/span>\n\n                                                                        \n                                <span class=\"wpetOfferContainerContentItineraryItem wpetOfferContainerContentItineraryItem--duree\">\n                                    0h40                                <\/span>\n\n                                                                                                                    \n                                <span class=\"wpetOfferContainerContentItineraryItem wpetOfferContainerContentItineraryItem--denivele\">\n                                    30 D+                                <\/span>\n\n                                                                                        <\/div>\n            \n        <\/div>\n\n        \n            \n    <\/div>\n<\/div>\n\n                    <div class=\"wpet_wrapper_pagination\">\n<div class=\"pagination wpet_nav_pagination\">\n    <\/div>\n<\/div>\n                <\/div>\n\n                <div class=\"wpetListOffersMap\" id=\"listingMap\">\n                    <div class=\"wpet-map\">\n                                                    <div class=\"wpet-map-filter\" data-wpet-mapsearchonmove>\n                                <input type=\"checkbox\" id=\"wpet_map_search_on_move\" data-wpet-mapsearchonmovecheckbox>\n                                <label for=\"wpet_map_search_on_move\">Rechercher quand je d\u00e9place la carte<\/label>\n                            <\/div>\n                                                <div class=\"wpet-map-loader\">\n                            <i class=\"fi fi-sync spin\"><\/i>\n                        <\/div>\n                    <\/div>\n                <\/div>\n\n            <\/div>\n\n            \n        <\/div>\n    <\/div>\n\n","protected":false},"excerpt":{"rendered":"<p>Bienvenue dans le royaume des passionn\u00e9s de VTT ! Albiez, nich\u00e9 au c\u0153ur des Alpes fran\u00e7aises, est un v\u00e9ritable paradis pour les amateurs de v\u00e9lo tout-terrain. Que vous soyez un rider chevronn\u00e9 \u00e0 la recherche de sentiers de montagne exigeants ou un cycliste d\u00e9butant d\u00e9sireux de d\u00e9couvrir la beaut\u00e9 naturelle de cette r\u00e9gion, nos itin\u00e9raires [&hellip;]<\/p>\n","protected":false},"author":2,"featured_media":24640,"parent":7530,"menu_order":1,"comment_status":"closed","ping_status":"closed","template":"","meta":{"_relevanssi_hide_post":"","_relevanssi_pin_for_all":"","_relevanssi_pin_keywords":"","_relevanssi_unpin_keywords":"","_relevanssi_related_keywords":"","_relevanssi_related_include_ids":"","_relevanssi_related_exclude_ids":"","_relevanssi_related_no_append":"","_relevanssi_related_not_related":"","_relevanssi_related_posts":"23272,23269,21232","_relevanssi_noindex_reason":""},"post_tag":[],"acf":[],"yoast_head":"<!-- This site is optimized with the Yoast SEO plugin v17.6 - https:\/\/yoast.com\/wordpress\/plugins\/seo\/ -->\n<meta name=\"description\" content=\"Bienvenue dans le royaume des passionn\u00e9s de VTT ! Albiez, nich\u00e9 au c\u0153ur des Alpes fran\u00e7aises, est un v\u00e9ritable paradis pour les amateurs de v\u00e9lo\" \/>\n<meta name=\"robots\" content=\"index, follow, max-snippet:-1, max-image-preview:large, max-video-preview:-1\" \/>\n<link rel=\"canonical\" href=\"https:\/\/www.montagnicimes.com\/albiez\/se-divertir\/activites-ete\/velo\/itineraires-vtt\/\" \/>\n<meta property=\"og:locale\" content=\"fr_FR\" \/>\n<meta property=\"og:type\" content=\"article\" \/>\n<meta property=\"og:title\" content=\"Itin\u00e9raires VTT - Albiez\" \/>\n<meta property=\"og:description\" content=\"Bienvenue dans le royaume des passionn\u00e9s de VTT ! Albiez, nich\u00e9 au c\u0153ur des Alpes fran\u00e7aises, est un v\u00e9ritable paradis pour les amateurs de v\u00e9lo\" \/>\n<meta property=\"og:url\" content=\"https:\/\/www.montagnicimes.com\/albiez\/se-divertir\/activites-ete\/velo\/itineraires-vtt\/\" \/>\n<meta property=\"og:site_name\" content=\"Albiez\" \/>\n<meta property=\"article:modified_time\" content=\"2024-07-22T12:43:04+00:00\" \/>\n<meta property=\"og:image\" content=\"https:\/\/www.montagnicimes.com\/albiez\/wp-content\/uploads\/sites\/2\/2023\/07\/IMG_9655.jpg\" \/>\n\t<meta property=\"og:image:width\" content=\"1920\" \/>\n\t<meta property=\"og:image:height\" content=\"1280\" \/>\n<meta name=\"twitter:card\" content=\"summary_large_image\" \/>\n<meta name=\"twitter:label1\" content=\"Dur\u00e9e de lecture estim\u00e9e\" \/>\n\t<meta name=\"twitter:data1\" content=\"1 minute\" \/>\n<script type=\"application\/ld+json\" class=\"yoast-schema-graph\">{\"@context\":\"https:\/\/schema.org\",\"@graph\":[{\"@type\":\"WebSite\",\"@id\":\"https:\/\/www.montagnicimes.com\/albiez\/#website\",\"url\":\"https:\/\/www.montagnicimes.com\/albiez\/\",\"name\":\"Albiez\",\"description\":\"Office de tourisme Montagnicimes - Albiez\",\"potentialAction\":[{\"@type\":\"SearchAction\",\"target\":{\"@type\":\"EntryPoint\",\"urlTemplate\":\"https:\/\/www.montagnicimes.com\/albiez\/?s={search_term_string}\"},\"query-input\":\"required name=search_term_string\"}],\"inLanguage\":\"fr-FR\"},{\"@type\":\"ImageObject\",\"@id\":\"https:\/\/www.montagnicimes.com\/albiez\/se-divertir\/activites-ete\/velo\/itineraires-vtt\/#primaryimage\",\"inLanguage\":\"fr-FR\",\"url\":\"https:\/\/www.montagnicimes.com\/albiez\/wp-content\/uploads\/sites\/2\/2023\/07\/IMG_9655.jpg\",\"contentUrl\":\"https:\/\/www.montagnicimes.com\/albiez\/wp-content\/uploads\/sites\/2\/2023\/07\/IMG_9655.jpg\",\"width\":1920,\"height\":1280,\"caption\":\"VTT\"},{\"@type\":\"WebPage\",\"@id\":\"https:\/\/www.montagnicimes.com\/albiez\/se-divertir\/activites-ete\/velo\/itineraires-vtt\/#webpage\",\"url\":\"https:\/\/www.montagnicimes.com\/albiez\/se-divertir\/activites-ete\/velo\/itineraires-vtt\/\",\"name\":\"Itin\\u00e9raires VTT - Albiez\",\"isPartOf\":{\"@id\":\"https:\/\/www.montagnicimes.com\/albiez\/#website\"},\"primaryImageOfPage\":{\"@id\":\"https:\/\/www.montagnicimes.com\/albiez\/se-divertir\/activites-ete\/velo\/itineraires-vtt\/#primaryimage\"},\"datePublished\":\"2023-09-06T08:38:32+00:00\",\"dateModified\":\"2024-07-22T12:43:04+00:00\",\"description\":\"Bienvenue dans le royaume des passionn\\u00e9s de VTT ! Albiez, nich\\u00e9 au c\\u0153ur des Alpes fran\\u00e7aises, est un v\\u00e9ritable paradis pour les amateurs de v\\u00e9lo\",\"breadcrumb\":{\"@id\":\"https:\/\/www.montagnicimes.com\/albiez\/se-divertir\/activites-ete\/velo\/itineraires-vtt\/#breadcrumb\"},\"inLanguage\":\"fr-FR\",\"potentialAction\":[{\"@type\":\"ReadAction\",\"target\":[\"https:\/\/www.montagnicimes.com\/albiez\/se-divertir\/activites-ete\/velo\/itineraires-vtt\/\"]}]},{\"@type\":\"BreadcrumbList\",\"@id\":\"https:\/\/www.montagnicimes.com\/albiez\/se-divertir\/activites-ete\/velo\/itineraires-vtt\/#breadcrumb\",\"itemListElement\":[{\"@type\":\"ListItem\",\"position\":1,\"name\":\"Accueil\",\"item\":\"https:\/\/www.montagnicimes.com\/albiez\/\"},{\"@type\":\"ListItem\",\"position\":2,\"name\":\"Activit\\u00e9s\",\"item\":\"https:\/\/www.montagnicimes.com\/albiez\/se-divertir\/\"},{\"@type\":\"ListItem\",\"position\":3,\"name\":\"Activit\\u00e9s \\u00e9t\\u00e9\",\"item\":\"https:\/\/www.montagnicimes.com\/albiez\/se-divertir\/activites-ete\/\"},{\"@type\":\"ListItem\",\"position\":4,\"name\":\"V\\u00e9lo\",\"item\":\"https:\/\/www.montagnicimes.com\/albiez\/se-divertir\/activites-ete\/velo\/\"},{\"@type\":\"ListItem\",\"position\":5,\"name\":\"Itin\\u00e9raires VTT\"}]}]}<\/script>\n<!-- \/ Yoast SEO plugin. -->","yoast_head_json":{"description":"Bienvenue dans le royaume des passionn\u00e9s de VTT ! Albiez, nich\u00e9 au c\u0153ur des Alpes fran\u00e7aises, est un v\u00e9ritable paradis pour les amateurs de v\u00e9lo","robots":{"index":"index","follow":"follow","max-snippet":"max-snippet:-1","max-image-preview":"max-image-preview:large","max-video-preview":"max-video-preview:-1"},"canonical":"https:\/\/www.montagnicimes.com\/albiez\/se-divertir\/activites-ete\/velo\/itineraires-vtt\/","og_locale":"fr_FR","og_type":"article","og_title":"Itin\u00e9raires VTT - Albiez","og_description":"Bienvenue dans le royaume des passionn\u00e9s de VTT ! Albiez, nich\u00e9 au c\u0153ur des Alpes fran\u00e7aises, est un v\u00e9ritable paradis pour les amateurs de v\u00e9lo","og_url":"https:\/\/www.montagnicimes.com\/albiez\/se-divertir\/activites-ete\/velo\/itineraires-vtt\/","og_site_name":"Albiez","article_modified_time":"2024-07-22T12:43:04+00:00","og_image":[{"width":1920,"height":1280,"url":"https:\/\/www.montagnicimes.com\/albiez\/wp-content\/uploads\/sites\/2\/2023\/07\/IMG_9655.jpg","type":"image\/jpeg"}],"twitter_card":"summary_large_image","twitter_misc":{"Dur\u00e9e de lecture estim\u00e9e":"1 minute"},"schema":{"@context":"https:\/\/schema.org","@graph":[{"@type":"WebSite","@id":"https:\/\/www.montagnicimes.com\/albiez\/#website","url":"https:\/\/www.montagnicimes.com\/albiez\/","name":"Albiez","description":"Office de tourisme Montagnicimes - Albiez","potentialAction":[{"@type":"SearchAction","target":{"@type":"EntryPoint","urlTemplate":"https:\/\/www.montagnicimes.com\/albiez\/?s={search_term_string}"},"query-input":"required name=search_term_string"}],"inLanguage":"fr-FR"},{"@type":"ImageObject","@id":"https:\/\/www.montagnicimes.com\/albiez\/se-divertir\/activites-ete\/velo\/itineraires-vtt\/#primaryimage","inLanguage":"fr-FR","url":"https:\/\/www.montagnicimes.com\/albiez\/wp-content\/uploads\/sites\/2\/2023\/07\/IMG_9655.jpg","contentUrl":"https:\/\/www.montagnicimes.com\/albiez\/wp-content\/uploads\/sites\/2\/2023\/07\/IMG_9655.jpg","width":1920,"height":1280,"caption":"VTT"},{"@type":"WebPage","@id":"https:\/\/www.montagnicimes.com\/albiez\/se-divertir\/activites-ete\/velo\/itineraires-vtt\/#webpage","url":"https:\/\/www.montagnicimes.com\/albiez\/se-divertir\/activites-ete\/velo\/itineraires-vtt\/","name":"Itin\u00e9raires VTT - Albiez","isPartOf":{"@id":"https:\/\/www.montagnicimes.com\/albiez\/#website"},"primaryImageOfPage":{"@id":"https:\/\/www.montagnicimes.com\/albiez\/se-divertir\/activites-ete\/velo\/itineraires-vtt\/#primaryimage"},"datePublished":"2023-09-06T08:38:32+00:00","dateModified":"2024-07-22T12:43:04+00:00","description":"Bienvenue dans le royaume des passionn\u00e9s de VTT ! Albiez, nich\u00e9 au c\u0153ur des Alpes fran\u00e7aises, est un v\u00e9ritable paradis pour les amateurs de v\u00e9lo","breadcrumb":{"@id":"https:\/\/www.montagnicimes.com\/albiez\/se-divertir\/activites-ete\/velo\/itineraires-vtt\/#breadcrumb"},"inLanguage":"fr-FR","potentialAction":[{"@type":"ReadAction","target":["https:\/\/www.montagnicimes.com\/albiez\/se-divertir\/activites-ete\/velo\/itineraires-vtt\/"]}]},{"@type":"BreadcrumbList","@id":"https:\/\/www.montagnicimes.com\/albiez\/se-divertir\/activites-ete\/velo\/itineraires-vtt\/#breadcrumb","itemListElement":[{"@type":"ListItem","position":1,"name":"Accueil","item":"https:\/\/www.montagnicimes.com\/albiez\/"},{"@type":"ListItem","position":2,"name":"Activit\u00e9s","item":"https:\/\/www.montagnicimes.com\/albiez\/se-divertir\/"},{"@type":"ListItem","position":3,"name":"Activit\u00e9s \u00e9t\u00e9","item":"https:\/\/www.montagnicimes.com\/albiez\/se-divertir\/activites-ete\/"},{"@type":"ListItem","position":4,"name":"V\u00e9lo","item":"https:\/\/www.montagnicimes.com\/albiez\/se-divertir\/activites-ete\/velo\/"},{"@type":"ListItem","position":5,"name":"Itin\u00e9raires VTT"}]}]}},"_links":{"self":[{"href":"https:\/\/www.montagnicimes.com\/albiez\/wp-json\/wp\/v2\/pages\/25871"}],"collection":[{"href":"https:\/\/www.montagnicimes.com\/albiez\/wp-json\/wp\/v2\/pages"}],"about":[{"href":"https:\/\/www.montagnicimes.com\/albiez\/wp-json\/wp\/v2\/types\/page"}],"author":[{"embeddable":true,"href":"https:\/\/www.montagnicimes.com\/albiez\/wp-json\/wp\/v2\/users\/2"}],"replies":[{"embeddable":true,"href":"https:\/\/www.montagnicimes.com\/albiez\/wp-json\/wp\/v2\/comments?post=25871"}],"version-history":[{"count":3,"href":"https:\/\/www.montagnicimes.com\/albiez\/wp-json\/wp\/v2\/pages\/25871\/revisions"}],"predecessor-version":[{"id":31631,"href":"https:\/\/www.montagnicimes.com\/albiez\/wp-json\/wp\/v2\/pages\/25871\/revisions\/31631"}],"up":[{"embeddable":true,"href":"https:\/\/www.montagnicimes.com\/albiez\/wp-json\/wp\/v2\/pages\/7530"}],"wp:featuredmedia":[{"embeddable":true,"href":"https:\/\/www.montagnicimes.com\/albiez\/wp-json\/wp\/v2\/media\/24640"}],"wp:attachment":[{"href":"https:\/\/www.montagnicimes.com\/albiez\/wp-json\/wp\/v2\/media?parent=25871"}],"wp:term":[{"taxonomy":"post_tag","embeddable":true,"href":"https:\/\/www.montagnicimes.com\/albiez\/wp-json\/wp\/v2\/post_tag?post=25871"}],"curies":[{"name":"wp","href":"https:\/\/api.w.org\/{rel}","templated":true}]}}