{"id":13656,"date":"2022-04-12T09:22:17","date_gmt":"2022-04-12T07:22:17","guid":{"rendered":"https:\/\/www.montagnicimes.com\/albiez\/?page_id=13656"},"modified":"2023-11-27T10:42:05","modified_gmt":"2023-11-27T09:42:05","slug":"gravel","status":"publish","type":"page","link":"https:\/\/www.montagnicimes.com\/albiez\/se-divertir\/activites-ete\/velo\/gravel\/","title":{"rendered":"Itin\u00e9raires Gravel"},"content":{"rendered":"\n<p class=\"is-style-excerpt\">Explorez nos itin\u00e9raires gravel soigneusement s\u00e9lectionn\u00e9s, con\u00e7us pour vous emmener au c\u0153ur de paysages spectaculaires.<br>Que vous soyez un d\u00e9butant enthousiaste ou un v\u00e9t\u00e9tiste chevronn\u00e9, nos itin\u00e9raires gravel proposent des d\u00e9fis adapt\u00e9s \u00e0 tous les niveaux de comp\u00e9tence. Choisissez parmi des circuits vari\u00e9s, offrant une combinaison parfaite entre d\u00e9fi physique et plaisir de rouler.<\/p>\n\n\n\n<div class=\"wp-block-buttons is-content-justification-center\">\n<div class=\"wp-block-button\"><a class=\"wp-block-button__link\" href=\"https:\/\/www.montagnicimes.com\/albiez\/wp-content\/uploads\/sites\/2\/2022\/08\/Topo-Gravel-Montagnicimes-BASS-DEF.pdf\" target=\"_blank\" rel=\"noreferrer noopener\">t\u00e9l\u00e9chargez le topo gravel<\/a><\/div>\n<\/div>\n\n\n\n    <div class=\"wp-block-wpet-aside alignfull\">\n        <div class=\"wpetList wpetList--nofilter clear\" id=\"wpetList\" data-id=\"wpet-list\" data-wpet-current-mode=\"mixte\">\n\n                        <div class=\"wpetListInfobar\">\n\n                <div class=\"wpetListNumber\">\n                    <span class=\"wpetListNumberValue\" data-id=\"wpet-list-total-offer\">2<\/span>\n                    <span class=\"wpetListNumberLabel\">r\u00e9sultat(s)<\/span>\n                <\/div>\n\n                                <div class=\"wpetListModes resultsListMode\">\n                    <ul>\n                                                <li class=\"wpetListModesItem wpetListModesItem--list\">\n                            <a data-trigger=\"wpet-mode\" href=\"#wpetList\" data-wpet-switch-mode=\"list\">\n                                <span>Liste<\/span>\n                            <\/a>\n                        <\/li>\n                        <li class=\"wpetListModesItem wpetListModesItem--map\">\n                            <a data-trigger=\"wpet-mode\" href=\"#wpetList\" data-wpet-switch-mode=\"map\">\n                                <span>Carte<\/span>\n                            <\/a>\n                        <\/li>\n                        <li class=\"wpetListModesItem wpetListModesItem--mixte\">\n                            <a data-trigger=\"wpet-mode\" href=\"#wpetList\" data-wpet-switch-mode=\"mixte\">\n                                <span>Mixte<\/span>\n                            <\/a>\n                        <\/li>\n                    <\/ul>\n                <\/div>\n            <\/div>\n\n                                        <form name=\"wpet_engine_form\"><\/form>\n            \n                        <div class=\"wpetListOffers\">\n                <div class=\"wpetListOffersList default\">\n                    <div id=\"loaderModeAjax\">\n                        <div class=\"content-loader\"><\/div>\n                    <\/div>\n\n                    \n<div class=\"wpetOffer wrapper_wpet_offer resultsListItem\" data-id=\"wpet-offer\">\n    \n    <div class=\"wpetOfferThumbnail\">\n\n                \n            <a href=\"https:\/\/www.montagnicimes.com\/albiez\/itineraire\/montee-au-pied-des-aiguilles-darves\/\" nofancybox>\n                <img data-src=\"https:\/\/www.montagnicimes.com\/albiez\/wp-content\/uploads\/sites\/2\/wpetourisme\/35097751-diaporama-550x385.jpg\" alt=\"Mont\u00e9e au Pied des Aiguilles d&rsquo;Arves\">\n            <\/a>\n                \n\t                <p class=\"wpetOfferThumbnailCount\"> 3 <\/p>\n\t    \n                    <a class=\"button wpetOfferButtonTrace\" data-trigger=\"wpet-show-trace\" href=\"#wpet-offer\" data-gpx=\"https:\/\/static.apidae-tourisme.com\/filestore\/objets-touristiques\/plans\/166\/140\/35097766\/Au+pied+des+Arves+Gravel+.gpx\">\n                Voir le trac\u00e9            <\/a>\n        \n\n                \n\t    \n        \t    \n\t    \n    <\/div>\n    \n    <div class=\"wpetOfferContainer\" data-mh>\n        \n        <div class=\"wpetOfferContainerContent\" data-trigger=\"wpet-click\">\n\n            <h2 class=\"wpetOfferContainerContentTitle\">\n                <a href=\"https:\/\/www.montagnicimes.com\/albiez\/itineraire\/montee-au-pied-des-aiguilles-darves\/\" data-id=\"wpet-offer-link\">Mont\u00e9e au Pied des Aiguilles d&rsquo;Arves<\/a>\n            <\/h2>\n\n            <div class=\"wpetOfferContainerContentMeta\">\n                                                    <span class=\"wpetOfferContainerContentMetaLocation\">Albiez-Montrond<\/span>\n                            <\/div>\n\n            \n                            <div class=\"wpetOfferContainerContentItinerary\">\n                    \n                                <span class=\"wpetOfferContainerContentItineraryItem wpetOfferContainerContentItineraryItem--distance\">\n                                    22 km                                <\/span>\n\n                                                                        \n                                <span class=\"wpetOfferContainerContentItineraryItem wpetOfferContainerContentItineraryItem--duree\">\n                                    5h00                                <\/span>\n\n                                                                                                                    \n                                <span class=\"wpetOfferContainerContentItineraryItem wpetOfferContainerContentItineraryItem--denivele\">\n                                    898 D+                                <\/span>\n\n                                                                                        <\/div>\n            \n        <\/div>\n\n        \n            \n    <\/div>\n<\/div>\n\n<div class=\"wpetOffer wrapper_wpet_offer resultsListItem\" data-id=\"wpet-offer\">\n    \n    <div class=\"wpetOfferThumbnail\">\n\n                \n            <a href=\"https:\/\/www.montagnicimes.com\/albiez\/itineraire\/parcours-dinitiation-gravel\/\" nofancybox>\n                <img data-src=\"https:\/\/www.montagnicimes.com\/albiez\/wp-content\/uploads\/sites\/2\/wpetourisme\/35097948-diaporama-550x385.jpg\" alt=\"Parcours d&rsquo;initiation Gravel\">\n            <\/a>\n                \n\t                <p class=\"wpetOfferThumbnailCount\"> 3 <\/p>\n\t    \n                    <a class=\"button wpetOfferButtonTrace\" data-trigger=\"wpet-show-trace\" href=\"#wpet-offer\" data-gpx=\"https:\/\/static.apidae-tourisme.com\/filestore\/objets-touristiques\/plans\/69\/141\/35097925\/Initiation+Gravel+Albiez-Montrond.gpx\">\n                Voir le trac\u00e9            <\/a>\n        \n\n                \n\t    \n        \t    \n\t    \n    <\/div>\n    \n    <div class=\"wpetOfferContainer\" data-mh>\n        \n        <div class=\"wpetOfferContainerContent\" data-trigger=\"wpet-click\">\n\n            <h2 class=\"wpetOfferContainerContentTitle\">\n                <a href=\"https:\/\/www.montagnicimes.com\/albiez\/itineraire\/parcours-dinitiation-gravel\/\" data-id=\"wpet-offer-link\">Parcours d&rsquo;initiation Gravel<\/a>\n            <\/h2>\n\n            <div class=\"wpetOfferContainerContentMeta\">\n                                                    <span class=\"wpetOfferContainerContentMetaLocation\">Albiez-Montrond<\/span>\n                            <\/div>\n\n            \n                            <div class=\"wpetOfferContainerContentItinerary\">\n                    \n                                <span class=\"wpetOfferContainerContentItineraryItem wpetOfferContainerContentItineraryItem--distance\">\n                                    17 km                                <\/span>\n\n                                                                        \n                                <span class=\"wpetOfferContainerContentItineraryItem wpetOfferContainerContentItineraryItem--duree\">\n                                    3h00                                <\/span>\n\n                                                                                                                    \n                                <span class=\"wpetOfferContainerContentItineraryItem wpetOfferContainerContentItineraryItem--denivele\">\n                                    400 D+                                <\/span>\n\n                                                                                        <\/div>\n            \n        <\/div>\n\n        \n            \n    <\/div>\n<\/div>\n\n                    <div class=\"wpet_wrapper_pagination\">\n<div class=\"pagination wpet_nav_pagination\">\n    <\/div>\n<\/div>\n                <\/div>\n\n                <div class=\"wpetListOffersMap\" id=\"listingMap\">\n                    <div class=\"wpet-map\">\n                                                    <div class=\"wpet-map-filter\" data-wpet-mapsearchonmove>\n                                <input type=\"checkbox\" id=\"wpet_map_search_on_move\" data-wpet-mapsearchonmovecheckbox>\n                                <label for=\"wpet_map_search_on_move\">Rechercher quand je d\u00e9place la carte<\/label>\n                            <\/div>\n                                                <div class=\"wpet-map-loader\">\n                            <i class=\"fi fi-sync spin\"><\/i>\n                        <\/div>\n                    <\/div>\n                <\/div>\n\n            <\/div>\n\n            \n        <\/div>\n    <\/div>\n\n","protected":false},"excerpt":{"rendered":"<p>Explorez nos itin\u00e9raires gravel soigneusement s\u00e9lectionn\u00e9s, con\u00e7us pour vous emmener au c\u0153ur de paysages spectaculaires.Que vous soyez un d\u00e9butant enthousiaste ou un v\u00e9t\u00e9tiste chevronn\u00e9, nos itin\u00e9raires gravel proposent des d\u00e9fis adapt\u00e9s \u00e0 tous les niveaux de comp\u00e9tence. Choisissez parmi des circuits vari\u00e9s, offrant une combinaison parfaite entre d\u00e9fi physique et plaisir de rouler.<\/p>\n","protected":false},"author":2,"featured_media":25874,"parent":7530,"menu_order":3,"comment_status":"closed","ping_status":"closed","template":"","meta":{"_relevanssi_hide_post":"","_relevanssi_pin_for_all":"","_relevanssi_pin_keywords":"","_relevanssi_unpin_keywords":"","_relevanssi_related_keywords":"","_relevanssi_related_include_ids":"","_relevanssi_related_exclude_ids":"","_relevanssi_related_no_append":"","_relevanssi_related_not_related":"","_relevanssi_related_posts":"23269,23272,21232","_relevanssi_noindex_reason":""},"post_tag":[],"acf":[],"yoast_head":"<!-- This site is optimized with the Yoast SEO plugin v17.6 - https:\/\/yoast.com\/wordpress\/plugins\/seo\/ -->\n<meta name=\"description\" content=\"Explorez nos itin\u00e9raires gravel soigneusement s\u00e9lectionn\u00e9s, con\u00e7us pour vous emmener au c\u0153ur de paysages spectaculaires.Que vous soyez un d\u00e9butant\" \/>\n<meta name=\"robots\" content=\"index, follow, max-snippet:-1, max-image-preview:large, max-video-preview:-1\" \/>\n<link rel=\"canonical\" href=\"https:\/\/www.montagnicimes.com\/albiez\/se-divertir\/activites-ete\/velo\/gravel\/\" \/>\n<meta property=\"og:locale\" content=\"fr_FR\" \/>\n<meta property=\"og:type\" content=\"article\" \/>\n<meta property=\"og:title\" content=\"Itin\u00e9raires Gravel - Albiez\" \/>\n<meta property=\"og:description\" content=\"Explorez nos itin\u00e9raires gravel soigneusement s\u00e9lectionn\u00e9s, con\u00e7us pour vous emmener au c\u0153ur de paysages spectaculaires.Que vous soyez un d\u00e9butant\" \/>\n<meta property=\"og:url\" content=\"https:\/\/www.montagnicimes.com\/albiez\/se-divertir\/activites-ete\/velo\/gravel\/\" \/>\n<meta property=\"og:site_name\" content=\"Albiez\" \/>\n<meta property=\"article:modified_time\" content=\"2023-11-27T09:42:05+00:00\" \/>\n<meta property=\"og:image\" content=\"https:\/\/www.montagnicimes.com\/albiez\/wp-content\/uploads\/sites\/2\/2023\/09\/GRAVEL-ACTIVITES-PLATEAU-MONTROND-ALBIEZ-49-\u00a9LAURE.jpg\" \/>\n\t<meta property=\"og:image:width\" content=\"1280\" \/>\n\t<meta property=\"og:image:height\" content=\"1920\" \/>\n<meta name=\"twitter:card\" content=\"summary_large_image\" \/>\n<meta name=\"twitter:label1\" content=\"Dur\u00e9e de lecture estim\u00e9e\" \/>\n\t<meta name=\"twitter:data1\" content=\"1 minute\" \/>\n<script type=\"application\/ld+json\" class=\"yoast-schema-graph\">{\"@context\":\"https:\/\/schema.org\",\"@graph\":[{\"@type\":\"WebSite\",\"@id\":\"https:\/\/www.montagnicimes.com\/albiez\/#website\",\"url\":\"https:\/\/www.montagnicimes.com\/albiez\/\",\"name\":\"Albiez\",\"description\":\"Office de tourisme Montagnicimes - Albiez\",\"potentialAction\":[{\"@type\":\"SearchAction\",\"target\":{\"@type\":\"EntryPoint\",\"urlTemplate\":\"https:\/\/www.montagnicimes.com\/albiez\/?s={search_term_string}\"},\"query-input\":\"required name=search_term_string\"}],\"inLanguage\":\"fr-FR\"},{\"@type\":\"ImageObject\",\"@id\":\"https:\/\/www.montagnicimes.com\/albiez\/se-divertir\/activites-ete\/velo\/gravel\/#primaryimage\",\"inLanguage\":\"fr-FR\",\"url\":\"https:\/\/www.montagnicimes.com\/albiez\/wp-content\/uploads\/sites\/2\/2023\/09\/GRAVEL-ACTIVITES-PLATEAU-MONTROND-ALBIEZ-49-\\u00a9LAURE.jpg\",\"contentUrl\":\"https:\/\/www.montagnicimes.com\/albiez\/wp-content\/uploads\/sites\/2\/2023\/09\/GRAVEL-ACTIVITES-PLATEAU-MONTROND-ALBIEZ-49-\\u00a9LAURE.jpg\",\"width\":1280,\"height\":1920},{\"@type\":\"WebPage\",\"@id\":\"https:\/\/www.montagnicimes.com\/albiez\/se-divertir\/activites-ete\/velo\/gravel\/#webpage\",\"url\":\"https:\/\/www.montagnicimes.com\/albiez\/se-divertir\/activites-ete\/velo\/gravel\/\",\"name\":\"Itin\\u00e9raires Gravel - Albiez\",\"isPartOf\":{\"@id\":\"https:\/\/www.montagnicimes.com\/albiez\/#website\"},\"primaryImageOfPage\":{\"@id\":\"https:\/\/www.montagnicimes.com\/albiez\/se-divertir\/activites-ete\/velo\/gravel\/#primaryimage\"},\"datePublished\":\"2022-04-12T07:22:17+00:00\",\"dateModified\":\"2023-11-27T09:42:05+00:00\",\"description\":\"Explorez nos itin\\u00e9raires gravel soigneusement s\\u00e9lectionn\\u00e9s, con\\u00e7us pour vous emmener au c\\u0153ur de paysages spectaculaires.Que vous soyez un d\\u00e9butant\",\"breadcrumb\":{\"@id\":\"https:\/\/www.montagnicimes.com\/albiez\/se-divertir\/activites-ete\/velo\/gravel\/#breadcrumb\"},\"inLanguage\":\"fr-FR\",\"potentialAction\":[{\"@type\":\"ReadAction\",\"target\":[\"https:\/\/www.montagnicimes.com\/albiez\/se-divertir\/activites-ete\/velo\/gravel\/\"]}]},{\"@type\":\"BreadcrumbList\",\"@id\":\"https:\/\/www.montagnicimes.com\/albiez\/se-divertir\/activites-ete\/velo\/gravel\/#breadcrumb\",\"itemListElement\":[{\"@type\":\"ListItem\",\"position\":1,\"name\":\"Accueil\",\"item\":\"https:\/\/www.montagnicimes.com\/albiez\/\"},{\"@type\":\"ListItem\",\"position\":2,\"name\":\"Activit\\u00e9s\",\"item\":\"https:\/\/www.montagnicimes.com\/albiez\/se-divertir\/\"},{\"@type\":\"ListItem\",\"position\":3,\"name\":\"Activit\\u00e9s \\u00e9t\\u00e9\",\"item\":\"https:\/\/www.montagnicimes.com\/albiez\/se-divertir\/activites-ete\/\"},{\"@type\":\"ListItem\",\"position\":4,\"name\":\"V\\u00e9lo\",\"item\":\"https:\/\/www.montagnicimes.com\/albiez\/se-divertir\/activites-ete\/velo\/\"},{\"@type\":\"ListItem\",\"position\":5,\"name\":\"Itin\\u00e9raires Gravel\"}]}]}<\/script>\n<!-- \/ Yoast SEO plugin. -->","yoast_head_json":{"description":"Explorez nos itin\u00e9raires gravel soigneusement s\u00e9lectionn\u00e9s, con\u00e7us pour vous emmener au c\u0153ur de paysages spectaculaires.Que vous soyez un d\u00e9butant","robots":{"index":"index","follow":"follow","max-snippet":"max-snippet:-1","max-image-preview":"max-image-preview:large","max-video-preview":"max-video-preview:-1"},"canonical":"https:\/\/www.montagnicimes.com\/albiez\/se-divertir\/activites-ete\/velo\/gravel\/","og_locale":"fr_FR","og_type":"article","og_title":"Itin\u00e9raires Gravel - Albiez","og_description":"Explorez nos itin\u00e9raires gravel soigneusement s\u00e9lectionn\u00e9s, con\u00e7us pour vous emmener au c\u0153ur de paysages spectaculaires.Que vous soyez un d\u00e9butant","og_url":"https:\/\/www.montagnicimes.com\/albiez\/se-divertir\/activites-ete\/velo\/gravel\/","og_site_name":"Albiez","article_modified_time":"2023-11-27T09:42:05+00:00","og_image":[{"width":1280,"height":1920,"url":"https:\/\/www.montagnicimes.com\/albiez\/wp-content\/uploads\/sites\/2\/2023\/09\/GRAVEL-ACTIVITES-PLATEAU-MONTROND-ALBIEZ-49-\u00a9LAURE.jpg","type":"image\/jpeg"}],"twitter_card":"summary_large_image","twitter_misc":{"Dur\u00e9e de lecture estim\u00e9e":"1 minute"},"schema":{"@context":"https:\/\/schema.org","@graph":[{"@type":"WebSite","@id":"https:\/\/www.montagnicimes.com\/albiez\/#website","url":"https:\/\/www.montagnicimes.com\/albiez\/","name":"Albiez","description":"Office de tourisme Montagnicimes - Albiez","potentialAction":[{"@type":"SearchAction","target":{"@type":"EntryPoint","urlTemplate":"https:\/\/www.montagnicimes.com\/albiez\/?s={search_term_string}"},"query-input":"required name=search_term_string"}],"inLanguage":"fr-FR"},{"@type":"ImageObject","@id":"https:\/\/www.montagnicimes.com\/albiez\/se-divertir\/activites-ete\/velo\/gravel\/#primaryimage","inLanguage":"fr-FR","url":"https:\/\/www.montagnicimes.com\/albiez\/wp-content\/uploads\/sites\/2\/2023\/09\/GRAVEL-ACTIVITES-PLATEAU-MONTROND-ALBIEZ-49-\u00a9LAURE.jpg","contentUrl":"https:\/\/www.montagnicimes.com\/albiez\/wp-content\/uploads\/sites\/2\/2023\/09\/GRAVEL-ACTIVITES-PLATEAU-MONTROND-ALBIEZ-49-\u00a9LAURE.jpg","width":1280,"height":1920},{"@type":"WebPage","@id":"https:\/\/www.montagnicimes.com\/albiez\/se-divertir\/activites-ete\/velo\/gravel\/#webpage","url":"https:\/\/www.montagnicimes.com\/albiez\/se-divertir\/activites-ete\/velo\/gravel\/","name":"Itin\u00e9raires Gravel - Albiez","isPartOf":{"@id":"https:\/\/www.montagnicimes.com\/albiez\/#website"},"primaryImageOfPage":{"@id":"https:\/\/www.montagnicimes.com\/albiez\/se-divertir\/activites-ete\/velo\/gravel\/#primaryimage"},"datePublished":"2022-04-12T07:22:17+00:00","dateModified":"2023-11-27T09:42:05+00:00","description":"Explorez nos itin\u00e9raires gravel soigneusement s\u00e9lectionn\u00e9s, con\u00e7us pour vous emmener au c\u0153ur de paysages spectaculaires.Que vous soyez un d\u00e9butant","breadcrumb":{"@id":"https:\/\/www.montagnicimes.com\/albiez\/se-divertir\/activites-ete\/velo\/gravel\/#breadcrumb"},"inLanguage":"fr-FR","potentialAction":[{"@type":"ReadAction","target":["https:\/\/www.montagnicimes.com\/albiez\/se-divertir\/activites-ete\/velo\/gravel\/"]}]},{"@type":"BreadcrumbList","@id":"https:\/\/www.montagnicimes.com\/albiez\/se-divertir\/activites-ete\/velo\/gravel\/#breadcrumb","itemListElement":[{"@type":"ListItem","position":1,"name":"Accueil","item":"https:\/\/www.montagnicimes.com\/albiez\/"},{"@type":"ListItem","position":2,"name":"Activit\u00e9s","item":"https:\/\/www.montagnicimes.com\/albiez\/se-divertir\/"},{"@type":"ListItem","position":3,"name":"Activit\u00e9s \u00e9t\u00e9","item":"https:\/\/www.montagnicimes.com\/albiez\/se-divertir\/activites-ete\/"},{"@type":"ListItem","position":4,"name":"V\u00e9lo","item":"https:\/\/www.montagnicimes.com\/albiez\/se-divertir\/activites-ete\/velo\/"},{"@type":"ListItem","position":5,"name":"Itin\u00e9raires Gravel"}]}]}},"_links":{"self":[{"href":"https:\/\/www.montagnicimes.com\/albiez\/wp-json\/wp\/v2\/pages\/13656"}],"collection":[{"href":"https:\/\/www.montagnicimes.com\/albiez\/wp-json\/wp\/v2\/pages"}],"about":[{"href":"https:\/\/www.montagnicimes.com\/albiez\/wp-json\/wp\/v2\/types\/page"}],"author":[{"embeddable":true,"href":"https:\/\/www.montagnicimes.com\/albiez\/wp-json\/wp\/v2\/users\/2"}],"replies":[{"embeddable":true,"href":"https:\/\/www.montagnicimes.com\/albiez\/wp-json\/wp\/v2\/comments?post=13656"}],"version-history":[{"count":5,"href":"https:\/\/www.montagnicimes.com\/albiez\/wp-json\/wp\/v2\/pages\/13656\/revisions"}],"predecessor-version":[{"id":27098,"href":"https:\/\/www.montagnicimes.com\/albiez\/wp-json\/wp\/v2\/pages\/13656\/revisions\/27098"}],"up":[{"embeddable":true,"href":"https:\/\/www.montagnicimes.com\/albiez\/wp-json\/wp\/v2\/pages\/7530"}],"wp:featuredmedia":[{"embeddable":true,"href":"https:\/\/www.montagnicimes.com\/albiez\/wp-json\/wp\/v2\/media\/25874"}],"wp:attachment":[{"href":"https:\/\/www.montagnicimes.com\/albiez\/wp-json\/wp\/v2\/media?parent=13656"}],"wp:term":[{"taxonomy":"post_tag","embeddable":true,"href":"https:\/\/www.montagnicimes.com\/albiez\/wp-json\/wp\/v2\/post_tag?post=13656"}],"curies":[{"name":"wp","href":"https:\/\/api.w.org\/{rel}","templated":true}]}}